{"id":1152915,"date":"2023-07-12T10:33:42","date_gmt":"2023-07-12T08:33:42","guid":{"rendered":"https:\/\/www.carlton-international.com\/luxury-rental-near-saint-paul-de-vence\/"},"modified":"2025-07-01T11:26:19","modified_gmt":"2025-07-01T09:26:19","slug":"saint-paul-de-vence-arredores","status":"publish","type":"page","link":"https:\/\/www.carlton-international.com\/pt-pt\/arrendamento\/cote-dazur\/aluguel-de-temporada\/saint-paul-de-vence-arredores\/","title":{"rendered":"Saint Paul de Vence &#038; Arredores"},"content":{"rendered":"\t\t<div data-elementor-type=\"wp-page\" data-elementor-id=\"1152915\" class=\"elementor elementor-1152915 elementor-934325\" data-elementor-post-type=\"page\">\n\t\t\t\t<div class=\"elementor-element elementor-element-7a9634d contentpd30 e-flex e-con-boxed e-con e-parent\" data-id=\"7a9634d\" data-element_type=\"container\" data-settings=\"{&quot;background_background&quot;:&quot;classic&quot;,&quot;jet_parallax_layout_list&quot;:[]}\">\n\t\t\t\t\t<div class=\"e-con-inner\">\n\t\t\t\t<div data-dce-title-color=\"#BCA579\" class=\"elementor-element elementor-element-eb0326c elementor-widget elementor-widget-heading\" data-id=\"eb0326c\" data-element_type=\"widget\" data-widget_type=\"heading.default\">\n\t\t\t\t\t<h1 class=\"elementor-heading-title elementor-size-default\">Saint Paul de Vence &#038; Arredores<\/h1>\t\t\t\t<\/div>\n\t\t\t\t\t<\/div>\n\t\t\t\t<\/div>\n\t\t<div class=\"elementor-element elementor-element-5552e365 contentpd30 hidden_live e-flex e-con-boxed e-con e-parent\" data-id=\"5552e365\" data-element_type=\"container\" data-settings=\"{&quot;jet_parallax_layout_list&quot;:[]}\">\n\t\t\t\t\t<div class=\"e-con-inner\">\n\t\t\t\t<div class=\"elementor-element elementor-element-68d584a0 elementor-widget elementor-widget-text-editor\" data-id=\"68d584a0\" data-element_type=\"widget\" data-widget_type=\"text-editor.default\">\n\t\t\t\t\t\t\t\t\t<ul>\n \t<li><a href=\"\/pt-pt\/arrendamento\/cote-dazur\/aluguel-de-temporada\/saint-paul-de-vence-arredores\/cagnes-sur-mer\/\">Cagnes-sur-Mer<\/a><\/li>\n \t<li><a href=\"\/pt-pt\/arrendamento\/cote-dazur\/aluguel-de-temporada\/saint-paul-de-vence-arredores\/la-colle-sur-loup\/\">La Colle-sur-Loup<\/a><\/li>\n \t<li><a href=\"\/pt-pt\/arrendamento\/cote-dazur\/aluguel-de-temporada\/saint-paul-de-vence-arredores\/le-bar-sur-loup\/\">Le Bar-sur-Loup<\/a><\/li>\n \t<li><a href=\"\/pt-pt\/arrendamento\/cote-dazur\/aluguel-de-temporada\/saint-paul-de-vence-arredores\/le-rouret\/\">Le Rouret<\/a><\/li>\n \t<li><a href=\"\/pt-pt\/arrendamento\/cote-dazur\/aluguel-de-temporada\/saint-paul-de-vence-arredores\/roquefort-les-pins\/\">Roquefort-les-Pins<\/a><\/li>\n \t<li><a href=\"\/pt-pt\/arrendamento\/cote-dazur\/aluguel-de-temporada\/saint-paul-de-vence-arredores\/saint-jeannet\/\">Saint-Jeannet<\/a><\/li>\n \t<li><a href=\"\/pt-pt\/arrendamento\/cote-dazur\/aluguel-de-temporada\/saint-paul-de-vence-arredores\/saint-laurent-du-var\/\">Saint-Laurent-du-Var<\/a><\/li>\n \t<li><a href=\"\/pt-pt\/arrendamento\/cote-dazur\/aluguel-de-temporada\/saint-paul-de-vence-arredores\/saint-paul-de-vence\/\">Saint-Paul de Vence<\/a><\/li>\n \t<li><a href=\"\/pt-pt\/arrendamento\/cote-dazur\/aluguel-de-temporada\/saint-paul-de-vence-arredores\/tourrettes-sur-loup\/\">Tourrettes-sur-Loup<\/a><\/li>\n \t<li><a href=\"\/pt-pt\/arrendamento\/cote-dazur\/aluguel-de-temporada\/saint-paul-de-vence-arredores\/vence\/\">Vence<\/a><\/li>\n \t<li><a href=\"\/pt-pt\/arrendamento\/cote-dazur\/aluguel-de-temporada\/saint-paul-de-vence-arredores\/villeneuve-loubet\/\">Villeneuve-Loubet<\/a><\/li>\n<\/ul>\t\t\t\t\t\t\t\t<\/div>\n\t\t\t\t\t<\/div>\n\t\t\t\t<\/div>\n\t\t\t\t<section class=\"elementor-section elementor-top-section elementor-element elementor-element-792e6aa7 contentpd20 elementor-section-boxed elementor-section-height-default elementor-section-height-default\" data-id=\"792e6aa7\" data-element_type=\"section\" data-settings=\"{&quot;jet_parallax_layout_list&quot;:[]}\">\n\t\t\t\t\t\t<div class=\"elementor-container elementor-column-gap-default\">\n\t\t\t\t\t<div class=\"elementor-column elementor-col-100 elementor-top-column elementor-element elementor-element-4ab2cffd\" data-id=\"4ab2cffd\" data-element_type=\"column\">\n\t\t\t<div class=\"elementor-widget-wrap elementor-element-populated\">\n\t\t\t\t\t\t<div class=\"elementor-element elementor-element-3f80d67 elementor-widget elementor-widget-shortcode\" data-id=\"3f80d67\" data-element_type=\"widget\" data-widget_type=\"shortcode.default\">\n\t\t\t\t\t\t\t<div class=\"elementor-shortcode\">    <div class=\"ci-dis-ads_wrapper\" data-id-page=\"1152915\" id=\"ci-ads-results\">\n                <!-- TOTAL RESULTS -->\n        <div class=\"ci-dis-ads_total_results aa\">\n            <div class=\"ci-dis-description_contact_results a2345 1152915\">\n            \n                <p>\n                <a href=\"https:\/\/www.carlton-international.com\/pt-pt\/arrendamento\/\">arrendamento<\/a> &gt; <a href=\"https:\/\/www.carlton-international.com\/pt-pt\/arrendamento\/cote-dazur\/\">c\u00f4te d&#8217;azur<\/a> &gt; <a href=\"https:\/\/www.carlton-international.com\/pt-pt\/arrendamento\/cote-dazur\/aluguel-de-temporada\/\">aluguel de temporada<\/a> &gt; <a href=\"https:\/\/www.carlton-international.com\/pt-pt\/arrendamento\/cote-dazur\/aluguel-de-temporada\/saint-paul-de-vence-arredores\/\">saint paul de vence &#038; arredores<\/a> &gt; <span data-id=\"1152915\">12 r\u00e9sultats<\/span>                <\/p>\n                            <\/div>\n        <\/div>\n                    <!-- HEADER -->\n            <div class=\"ci-dis-ads_header\">\n                <!-- PAGINATION -->\n                <div class=\"ci-dis-ads_pagination\">\n                                    <\/div>\n                <!-- SORT -->\n\n                                    <div class=\"ci-dis-ads_sort\">\n                                                    <select class=\"ci-dis-ads_price-filter\" name=\"ci-dis-ads_price-filter\" id=\"ci-dis-ads_price-filter\">\n                                <option value=\"\">Ordenar por pre\u00e7o<\/option>\n                                <option value=\"low_to_hight\"> &#8593 Pre\u00e7o crescente<\/option>\n                                <option value=\"hight_to_low\"> &#8595 Pre\u00e7o decrescente<\/option>\n                            <\/select>\n                                            <\/div>\n                    <!-- DISPLAY -->\n                    <div class=\"ci-dis-ads_disp\">\n                                                    <button class=\"ci-dis-ads_btn-filter \" data-display=\"list\">Lista<\/button>\n                            <button class=\"ci-dis-ads_btn-filter ci-dis-ads_btn-active\" data-display=\"grid\">Mosaico<\/button>\n                                            <\/div>\n                            <\/div>\n                <!-- CONTENT -->\n        <div class=\"ci-dis-ads_content ci-disp-grid\">\n            <div class=\"ci-sdia_ad-item \" data-title=\"VENCE &#8211; Bela propriedade de 6 quartos com vista panor\u00e2mica\" data-ref=\"1061\">\n    <div class=\"cifi-item cifi-item_compact cifi-empty\"\n    id=\"cifi-item-85603928\"\n    data-id=\"85603928\"\n    data-title=\"VENCE - Belle propri\u00e9t\u00e9 de 6 chambres avec vue panoramique\"\n    data-titleen=\"VENCE - Beautiful 6-Bedroom Property with Panoramic View\"\n    data-titlept=\"VENCE - Bela propriedade de 6 quartos com vista panor\u00e2mica\"\n    data-titlede=\"VENCE - Sch\u00f6nes Anwesen mit 6 Schlafzimmern und Panoramablick\"\n    data-titlees=\"VENCE - Hermosa propiedad de 6 dormitorios con vistas panor\u00e1micas\"\n    data-url=\"https:\/\/www.carlton-international.com\/annonce\/vence-belle-propriete-de-6-chambres-avec-vue-panoramique\/\"\n    data-urlen=\"https:\/\/www.carlton-international.com\/en\/annonce\/vence-beautiful-6-bedroom-property-with-panoramic-view\/\"\n    data-urlpt=\"https:\/\/www.carlton-international.com\/pt-pt\/annonce\/vence-bela-propriedade-de-6-quartos-com-vista-panoramica\/\"\n    data-urlde=\"https:\/\/www.carlton-international.com\/de\/annonce\/vence-schoenes-anwesen-mit-6-schlafzimmern-und-panoramablick\/\"\n    data-urles=\"https:\/\/www.carlton-international.com\/es\/annonce\/vence-hermosa-propiedad-de-6-dormitorios-con-vistas-panoramicas\/\"\n    data-thumb=\"https:\/\/media.apimo.pro\/cache\/3bf27210c0f289cc71bca22eeb91585f_f26d12d127_1920-original.jpg\"\n    data-city=\"Vence\"\n    data-surface=\"400 m\u00b2\"\n    data-stats=\"Terrain: 2405 m\u00b2 | 7 pi\u00e8ces | 6 chambres\"\n    data-statsen=\"Land: 2405 m\u00b2 | 7 rooms | 6 bedrooms\"\n    data-statspt=\"Terreno: 2405 m\u00b2 | 7 divis\u00f5es | 6 quartos\"\n    data-statsde=\"Grundst\u00fcck: 2405 m\u00b2 | 7 Zimmer | 6 Schlafzimmer\"\n    data-statses=\"Terreno: 2405 m\u00b2 | 7 habitaciones | 6 dormitorios\"\n    data-price=\"de 12.000 \u00e0 22.000 \u20ac \/ Semaine\"\n    data-priceen=\"from \u20ac12.000 to \u20ac22.000 \/ Week\"\n    data-pricept=\"de \u20ac12.000 a \u20ac22.000 \/ Semana\"\n    data-pricede=\"von \u20ac12.000 bis \u20ac22.000 \/ Woche\"\n    data-pricees=\"de \u20ac12.000 a \u20ac22.000 \/ Semana\">\n    <a href=\"javascript:void(0);\" class=\"cifi_btn\">\n        <span class=\"cifi_btn-icon\"><\/span>\n        <span class=\"cifi_btn-text\">Adicionar \u00e0 minha sele\u00e7\u00e3o<\/span>\n    <\/a>\n<\/div>\n    <div class=\"ci-sdia_ad-item_img ab\">\n        \n        \n                                    <div class=\"slick-inner-sdia_ad-item\">\n                                                <div class=\"slide-sdia_ad-item\">\n                                <a href=\"https:\/\/www.carlton-international.com\/pt-pt\/annonce\/vence-bela-propriedade-de-6-quartos-com-vista-panoramica\/\">\n                                    <img decoding=\"async\" \n                                        loading=\"lazy\"\n                                        src=\"https:\/\/media.apimo.pro\/cache\/3bf27210c0f289cc71bca22eeb91585f_f26d12d127_1920-original.jpg\" \n                                        alt=\"\"\n                                    \/>\n                                    <p class=\"title-slide-sdia_ad-item \">Descobrir o im\u00f3vel<\/p>\n                                <\/a>\n                            <\/div>\n                                                    <div class=\"slide-sdia_ad-item\">\n                                <a href=\"https:\/\/www.carlton-international.com\/pt-pt\/annonce\/vence-bela-propriedade-de-6-quartos-com-vista-panoramica\/\">\n                                    <img decoding=\"async\" \n                                        loading=\"lazy\"\n                                        src=\"https:\/\/media.apimo.pro\/cache\/2cc9e924d9d4b4e705144b781e5c7cde_ed6ba2a33b_1920-original.jpg\" \n                                        alt=\"\"\n                                    \/>\n                                    <p class=\"title-slide-sdia_ad-item \">Descobrir o im\u00f3vel<\/p>\n                                <\/a>\n                            <\/div>\n                                                    <div class=\"slide-sdia_ad-item\">\n                                <a href=\"https:\/\/www.carlton-international.com\/pt-pt\/annonce\/vence-bela-propriedade-de-6-quartos-com-vista-panoramica\/\">\n                                    <img decoding=\"async\" \n                                        loading=\"lazy\"\n                                        src=\"https:\/\/media.apimo.pro\/cache\/04ed3c569bfa21d1255445f9bfbc75e6_6fded43ec5_1920-original.jpg\" \n                                        alt=\"\"\n                                    \/>\n                                    <p class=\"title-slide-sdia_ad-item \">Descobrir o im\u00f3vel<\/p>\n                                <\/a>\n                            <\/div>\n                                        <\/div>\n                        <\/div>\n    <div class=\"ci-sdia_ad-item_datas\">\n        <div class=\"ci-sdia_ad-item_metas\">\n                            <a class=\"ci-sdia_ad-item_title\" href=\"https:\/\/www.carlton-international.com\/pt-pt\/annonce\/vence-bela-propriedade-de-6-quartos-com-vista-panoramica\/\">Vence <\/a>\n                        <div class=\"ci-sdia_ad-item_metas-wrap\">\n                <div class=\"ci-sdia_ad-item_metas-loc\"><div>Fran\u00e7a<\/div><\/div>                                    <div class=\"ci-sdia_ad-item_metas-map\">\n                        <a target=\"_blank\" class=\"ci-sdia_ad-item_btn-icon ci-sdia_ad-item_btn-icon_map\"><span class=\"ci-sdia_hide\">Map<\/span><\/a>\n                    <\/div>\n                            <\/div>\n        <\/div>\n        <div class=\"ci-sdia_ad-item_stats \">6 quartos | <span class=\"ci-surface\">400 m\u00b2<\/span> | 7 divis\u00f5es<\/div>\n        <div class=\"ci-sdia_ad-item_comp\">\n            <div class=\"ci-sdia_ad-item_footer-ref\">\n                <span><strong>Ref.<\/strong> 1061<\/span>\n            <\/div>\n            <div class=\"wrap-item-price\">\n                                                                                        <div class=\"ci-sdia_ad-item_price ci-price\" data-4 data-pricemin=\"12000\" data-pricemax=\"22000\">de \u20ac12.000 a \u20ac22.000<\/div>\n                                                                            <span class=\"prix-period\" data=\"DiaSemanaM\u00easAno\"> \/ Semana<\/span>            <\/div>\n\n        <\/div>\n\n                                                        <div class=\"popup_contact_bien_div\"><\/div>\n                                    \n        <div class=\"ci-sdia_ad-item_footer-wrap\">\n            <p class=\"ci-sdia_ad-item_footer\"><a href=\"https:\/\/www.carlton-international.com\/pt-pt\/annonce\/vence-bela-propriedade-de-6-quartos-com-vista-panoramica\/\">Ver o detalhe<\/a><\/p>\n            <div class=\"ci-sdia_ad-item_footer-btns\">\n                <a href=\"tel:+33(0)493951111\" class=\"ci-sdia_ad-item_footer-btn ci-sdia_ad-item_btn-icon ci-sdia_ad-item_btn-icon_phone\"><span class=\"ci-sdia_hide\">Phone<\/span><\/a>\n                <a href=\"javascript:;\" data-unique-id=\"85603928\" data-properties-id=\"4175105\" data-email=\"rental-team@carlton-group.com\" class=\"ci-sdia_ad-item_footer-btn ci-sdia_ad-item_btn-icon ci-sdia_ad-item_btn-icon_mail popup_contact_bien\"><span class=\"ci-sdia_hide\">Email<\/span><\/a>\n            <\/div>\n        <\/div>\n    <\/div>\n<\/div>\n<div class=\"ci-sdia_ad-item \" data-title=\"Saint-Paul de Vence &#8211; Elegant 5-bedroom neo-Provencal villa in absolute calm\" data-ref=\"1079\">\n    <div class=\"cifi-item cifi-item_compact cifi-empty\"\n    id=\"cifi-item-85531239\"\n    data-id=\"85531239\"\n    data-title=\"Saint-Paul de Vence \u2013 \u00c9l\u00e9gante villa n\u00e9o-proven\u00e7ale avec 5 chambres au calme absolu\"\n    data-titleen=\"Saint-Paul de Vence - Elegant 5-bedroom neo-Provencal villa in absolute calm\"\n    data-titlept=\"Saint-Paul de Vence - Elegant 5-bedroom neo-Provencal villa in absolute calm\"\n    data-titlede=\"Saint-Paul de Vence - Elegant 5-bedroom neo-Provencal villa in absolute calm\"\n    data-titlees=\"Saint-Paul de Vence - Elegante villa neoprovenzal de 5 habitaciones en absoluta tranquilidad\"\n    data-url=\"https:\/\/www.carlton-international.com\/annonce\/saint-paul-de-vence-elegante-villa-neo-provencale-avec-5-chambres-au-calme-absolu\/\"\n    data-urlen=\"https:\/\/www.carlton-international.com\/en\/annonce\/saint-paul-de-vence-elegant-5-bedroom-neo-provencal-villa-in-absolute-calm\/\"\n    data-urlpt=\"https:\/\/www.carlton-international.com\/pt-pt\/annonce\/saint-paul-de-vence-elegant-5-bedroom-neo-provencal-villa-in-absolute-calm\/\"\n    data-urlde=\"https:\/\/www.carlton-international.com\/de\/annonce\/saint-paul-de-vence-elegant-5-bedroom-neo-provencal-villa-in-absolute-calm\/\"\n    data-urles=\"https:\/\/www.carlton-international.com\/es\/annonce\/saint-paul-de-vence-elegante-villa-neoprovenzal-de-5-habitaciones-en-absoluta-tranquilidad\/\"\n    data-thumb=\"https:\/\/media.apimo.pro\/cache\/af93c63dc24b89c8b3f1f3b2b29e33d2_669bd3cc5d_1920-original.jpg\"\n    data-city=\"La Colle-sur-Loup\"\n    data-surface=\"350 m\u00b2\"\n    data-stats=\"Terrain: 5000 m\u00b2 | 6 pi\u00e8ces | 5 chambres\"\n    data-statsen=\"Land: 5000 m\u00b2 | 6 rooms | 5 bedrooms\"\n    data-statspt=\"Terreno: 5000 m\u00b2 | 6 divis\u00f5es | 5 quartos\"\n    data-statsde=\"Grundst\u00fcck: 5000 m\u00b2 | 6 Zimmer | 5 Schlafzimmer\"\n    data-statses=\"Terreno: 5000 m\u00b2 | 6 habitaciones | 5 dormitorios\"\n    data-price=\"de 16.875 \u00e0 18.000 \u20ac \/ Semaine\"\n    data-priceen=\"from \u20ac16.875 to \u20ac18.000 \/ Week\"\n    data-pricept=\"de \u20ac16.875 a \u20ac18.000 \/ Semana\"\n    data-pricede=\"von \u20ac16.875 bis \u20ac18.000 \/ Woche\"\n    data-pricees=\"de \u20ac16.875 a \u20ac18.000 \/ Semana\">\n    <a href=\"javascript:void(0);\" class=\"cifi_btn\">\n        <span class=\"cifi_btn-icon\"><\/span>\n        <span class=\"cifi_btn-text\">Adicionar \u00e0 minha sele\u00e7\u00e3o<\/span>\n    <\/a>\n<\/div>\n    <div class=\"ci-sdia_ad-item_img ab\">\n        \n        \n                                    <div class=\"slick-inner-sdia_ad-item\">\n                                                <div class=\"slide-sdia_ad-item\">\n                                <a href=\"https:\/\/www.carlton-international.com\/pt-pt\/annonce\/saint-paul-de-vence-elegant-5-bedroom-neo-provencal-villa-in-absolute-calm\/\">\n                                    <img decoding=\"async\" \n                                        loading=\"lazy\"\n                                        src=\"https:\/\/media.apimo.pro\/cache\/af93c63dc24b89c8b3f1f3b2b29e33d2_669bd3cc5d_1920-original.jpg\" \n                                        alt=\"\"\n                                    \/>\n                                    <p class=\"title-slide-sdia_ad-item \">Descobrir o im\u00f3vel<\/p>\n                                <\/a>\n                            <\/div>\n                                                    <div class=\"slide-sdia_ad-item\">\n                                <a href=\"https:\/\/www.carlton-international.com\/pt-pt\/annonce\/saint-paul-de-vence-elegant-5-bedroom-neo-provencal-villa-in-absolute-calm\/\">\n                                    <img decoding=\"async\" \n                                        loading=\"lazy\"\n                                        src=\"https:\/\/media.apimo.pro\/cache\/02f7448f54569e2076aadf283bc4361a_0a38a71d08_1920-original.jpg\" \n                                        alt=\"\"\n                                    \/>\n                                    <p class=\"title-slide-sdia_ad-item \">Descobrir o im\u00f3vel<\/p>\n                                <\/a>\n                            <\/div>\n                                                    <div class=\"slide-sdia_ad-item\">\n                                <a href=\"https:\/\/www.carlton-international.com\/pt-pt\/annonce\/saint-paul-de-vence-elegant-5-bedroom-neo-provencal-villa-in-absolute-calm\/\">\n                                    <img decoding=\"async\" \n                                        loading=\"lazy\"\n                                        src=\"https:\/\/media.apimo.pro\/cache\/8e7ca2ff28f0cd98c2d07a0b9344803a_26116a55f0_1920-original.jpg\" \n                                        alt=\"\"\n                                    \/>\n                                    <p class=\"title-slide-sdia_ad-item \">Descobrir o im\u00f3vel<\/p>\n                                <\/a>\n                            <\/div>\n                                        <\/div>\n                        <\/div>\n    <div class=\"ci-sdia_ad-item_datas\">\n        <div class=\"ci-sdia_ad-item_metas\">\n                            <a class=\"ci-sdia_ad-item_title\" href=\"https:\/\/www.carlton-international.com\/pt-pt\/annonce\/saint-paul-de-vence-elegant-5-bedroom-neo-provencal-villa-in-absolute-calm\/\">La Colle-sur-Loup <\/a>\n                        <div class=\"ci-sdia_ad-item_metas-wrap\">\n                <div class=\"ci-sdia_ad-item_metas-loc\"><div>Fran\u00e7a<\/div><\/div>                                    <div class=\"ci-sdia_ad-item_metas-map\">\n                        <a target=\"_blank\" class=\"ci-sdia_ad-item_btn-icon ci-sdia_ad-item_btn-icon_map\"><span class=\"ci-sdia_hide\">Map<\/span><\/a>\n                    <\/div>\n                            <\/div>\n        <\/div>\n        <div class=\"ci-sdia_ad-item_stats \">5 quartos | <span class=\"ci-surface\">350 m\u00b2<\/span> | 6 divis\u00f5es<\/div>\n        <div class=\"ci-sdia_ad-item_comp\">\n            <div class=\"ci-sdia_ad-item_footer-ref\">\n                <span><strong>Ref.<\/strong> 1079<\/span>\n            <\/div>\n            <div class=\"wrap-item-price\">\n                                                                                        <div class=\"ci-sdia_ad-item_price ci-price\" data-4 data-pricemin=\"16875\" data-pricemax=\"18000\">de \u20ac16.875 a \u20ac18.000<\/div>\n                                                                            <span class=\"prix-period\" data=\"DiaSemanaM\u00easAno\"> \/ Semana<\/span>            <\/div>\n\n        <\/div>\n\n                                                        <div class=\"popup_contact_bien_div\"><\/div>\n                                    \n        <div class=\"ci-sdia_ad-item_footer-wrap\">\n            <p class=\"ci-sdia_ad-item_footer\"><a href=\"https:\/\/www.carlton-international.com\/pt-pt\/annonce\/saint-paul-de-vence-elegant-5-bedroom-neo-provencal-villa-in-absolute-calm\/\">Ver o detalhe<\/a><\/p>\n            <div class=\"ci-sdia_ad-item_footer-btns\">\n                <a href=\"tel:+33(0)493951111\" class=\"ci-sdia_ad-item_footer-btn ci-sdia_ad-item_btn-icon ci-sdia_ad-item_btn-icon_phone\"><span class=\"ci-sdia_hide\">Phone<\/span><\/a>\n                <a href=\"javascript:;\" data-unique-id=\"85531239\" data-properties-id=\"4208768\" data-email=\"rental-team@carlton-group.com\" class=\"ci-sdia_ad-item_footer-btn ci-sdia_ad-item_btn-icon ci-sdia_ad-item_btn-icon_mail popup_contact_bien\"><span class=\"ci-sdia_hide\">Email<\/span><\/a>\n            <\/div>\n        <\/div>\n    <\/div>\n<\/div>\n<div class=\"ci-sdia_ad-item \" data-title=\"VENCE &#8211; VISTAS SUBLIMES SOBRE O MAR PARA ESTA PROPRIEDADE CONTEMPOR\u00c2NEA COM 5 QUARTOS\" data-ref=\"918\">\n    <div class=\"cifi-item cifi-item_compact cifi-empty\"\n    id=\"cifi-item-83276128\"\n    data-id=\"83276128\"\n    data-title=\"VENCE - SUBLIME VUE MER POUR CETTE PROPRIETE CONTEMPORAINE DE 5 CHAMBRES\"\n    data-titleen=\"VENCE - SUBLIME SEA VIEWS FOR THIS CONTEMPORARY 5-BEDROOM PROPERTY\"\n    data-titlept=\"VENCE - VISTAS SUBLIMES SOBRE O MAR PARA ESTA PROPRIEDADE CONTEMPOR\u00c2NEA COM 5 QUARTOS\"\n    data-titlede=\"VENCE - SUBLIME VUE MER POUR CETTE PROPRIET\u00c9 CONTEMPORAINE DE 5 CHAMBRES\"\n    data-titlees=\"VENCE - SUBLIMES VISTAS AL MAR PARA ESTA PROPIEDAD CONTEMPOR\u00c1NEA DE 5 DORMITORIOS\"\n    data-url=\"https:\/\/www.carlton-international.com\/annonce\/vence-sublime-vue-mer-pour-cette-propriete-contemporaine-de-5-chambres\/\"\n    data-urlen=\"https:\/\/www.carlton-international.com\/en\/annonce\/vence-sublime-sea-views-for-this-contemporary-5-bedroom-property\/\"\n    data-urlpt=\"https:\/\/www.carlton-international.com\/pt-pt\/annonce\/vence-vistas-sublimes-sobre-o-mar-para-esta-propriedade-contemporanea-com-5-quartos\/\"\n    data-urlde=\"https:\/\/www.carlton-international.com\/de\/annonce\/vence-sublime-vue-mer-pour-cette-propriete-contemporaine-de-5-chambres\/\"\n    data-urles=\"https:\/\/www.carlton-international.com\/es\/annonce\/vence-sublimes-vistas-al-mar-para-esta-propiedad-contemporanea-de-5-dormitorios\/\"\n    data-thumb=\"https:\/\/media.apimo.pro\/cache\/f81da70a6021a1d7194a190c22bf88b5_9c4660dd7d_1920-original.jpg\"\n    data-city=\"Vence\"\n    data-surface=\"336 m\u00b2\"\n    data-stats=\"Terrain: 4036 m\u00b2 | 6 pi\u00e8ces | 4 chambres\"\n    data-statsen=\"Land: 4036 m\u00b2 | 6 rooms | 4 bedrooms\"\n    data-statspt=\"Terreno: 4036 m\u00b2 | 6 divis\u00f5es | 4 quartos\"\n    data-statsde=\"Grundst\u00fcck: 4036 m\u00b2 | 6 Zimmer | 4 Schlafzimmer\"\n    data-statses=\"Terreno: 4036 m\u00b2 | 6 habitaciones | 4 dormitorios\"\n    data-price=\"de 10.500 \u00e0 21.500 \u20ac \/ Semaine\"\n    data-priceen=\"from \u20ac10.500 to \u20ac21.500 \/ Week\"\n    data-pricept=\"de \u20ac10.500 a \u20ac21.500 \/ Semana\"\n    data-pricede=\"von \u20ac10.500 bis \u20ac21.500 \/ Woche\"\n    data-pricees=\"de \u20ac10.500 a \u20ac21.500 \/ Semana\">\n    <a href=\"javascript:void(0);\" class=\"cifi_btn\">\n        <span class=\"cifi_btn-icon\"><\/span>\n        <span class=\"cifi_btn-text\">Adicionar \u00e0 minha sele\u00e7\u00e3o<\/span>\n    <\/a>\n<\/div>\n    <div class=\"ci-sdia_ad-item_img ab\">\n        \n        \n                                    <div class=\"slick-inner-sdia_ad-item\">\n                                                <div class=\"slide-sdia_ad-item\">\n                                <a href=\"https:\/\/www.carlton-international.com\/pt-pt\/annonce\/vence-vistas-sublimes-sobre-o-mar-para-esta-propriedade-contemporanea-com-5-quartos\/\">\n                                    <img decoding=\"async\" \n                                        loading=\"lazy\"\n                                        src=\"https:\/\/media.apimo.pro\/cache\/f81da70a6021a1d7194a190c22bf88b5_9c4660dd7d_1920-original.jpg\" \n                                        alt=\"\"\n                                    \/>\n                                    <p class=\"title-slide-sdia_ad-item \">Descobrir o im\u00f3vel<\/p>\n                                <\/a>\n                            <\/div>\n                                                    <div class=\"slide-sdia_ad-item\">\n                                <a href=\"https:\/\/www.carlton-international.com\/pt-pt\/annonce\/vence-vistas-sublimes-sobre-o-mar-para-esta-propriedade-contemporanea-com-5-quartos\/\">\n                                    <img decoding=\"async\" \n                                        loading=\"lazy\"\n                                        src=\"https:\/\/media.apimo.pro\/cache\/e78b8082a93f3b8b38156d8e4e749827_c14444f94c_1920-original.jpg\" \n                                        alt=\"\"\n                                    \/>\n                                    <p class=\"title-slide-sdia_ad-item \">Descobrir o im\u00f3vel<\/p>\n                                <\/a>\n                            <\/div>\n                                                    <div class=\"slide-sdia_ad-item\">\n                                <a href=\"https:\/\/www.carlton-international.com\/pt-pt\/annonce\/vence-vistas-sublimes-sobre-o-mar-para-esta-propriedade-contemporanea-com-5-quartos\/\">\n                                    <img decoding=\"async\" \n                                        loading=\"lazy\"\n                                        src=\"https:\/\/media.apimo.pro\/cache\/66fb2fb8e7f1bc6e1fab54e414cb0a51_24eb60411c_1920-original.jpg\" \n                                        alt=\"\"\n                                    \/>\n                                    <p class=\"title-slide-sdia_ad-item \">Descobrir o im\u00f3vel<\/p>\n                                <\/a>\n                            <\/div>\n                                        <\/div>\n                        <\/div>\n    <div class=\"ci-sdia_ad-item_datas\">\n        <div class=\"ci-sdia_ad-item_metas\">\n                            <a class=\"ci-sdia_ad-item_title\" href=\"https:\/\/www.carlton-international.com\/pt-pt\/annonce\/vence-vistas-sublimes-sobre-o-mar-para-esta-propriedade-contemporanea-com-5-quartos\/\">Vence <\/a>\n                        <div class=\"ci-sdia_ad-item_metas-wrap\">\n                <div class=\"ci-sdia_ad-item_metas-loc\"><div>Fran\u00e7a<\/div><\/div>                                    <div class=\"ci-sdia_ad-item_metas-map\">\n                        <a target=\"_blank\" class=\"ci-sdia_ad-item_btn-icon ci-sdia_ad-item_btn-icon_map\"><span class=\"ci-sdia_hide\">Map<\/span><\/a>\n                    <\/div>\n                            <\/div>\n        <\/div>\n        <div class=\"ci-sdia_ad-item_stats \">4 quartos | <span class=\"ci-surface\">336 m\u00b2<\/span> | 6 divis\u00f5es<\/div>\n        <div class=\"ci-sdia_ad-item_comp\">\n            <div class=\"ci-sdia_ad-item_footer-ref\">\n                <span><strong>Ref.<\/strong> 918<\/span>\n            <\/div>\n            <div class=\"wrap-item-price\">\n                                                                                        <div class=\"ci-sdia_ad-item_price ci-price\" data-4 data-pricemin=\"10500\" data-pricemax=\"21500\">de \u20ac10.500 a \u20ac21.500<\/div>\n                                                                            <span class=\"prix-period\" data=\"DiaSemanaM\u00easAno\"> \/ Semana<\/span>            <\/div>\n\n        <\/div>\n\n                                                        <div class=\"popup_contact_bien_div\"><\/div>\n                                    \n        <div class=\"ci-sdia_ad-item_footer-wrap\">\n            <p class=\"ci-sdia_ad-item_footer\"><a href=\"https:\/\/www.carlton-international.com\/pt-pt\/annonce\/vence-vistas-sublimes-sobre-o-mar-para-esta-propriedade-contemporanea-com-5-quartos\/\">Ver o detalhe<\/a><\/p>\n            <div class=\"ci-sdia_ad-item_footer-btns\">\n                <a href=\"tel:+33(0)493951111\" class=\"ci-sdia_ad-item_footer-btn ci-sdia_ad-item_btn-icon ci-sdia_ad-item_btn-icon_phone\"><span class=\"ci-sdia_hide\">Phone<\/span><\/a>\n                <a href=\"javascript:;\" data-unique-id=\"83276128\" data-properties-id=\"4207946\" data-email=\"rental-team@carlton-group.com\" class=\"ci-sdia_ad-item_footer-btn ci-sdia_ad-item_btn-icon ci-sdia_ad-item_btn-icon_mail popup_contact_bien\"><span class=\"ci-sdia_hide\">Email<\/span><\/a>\n            <\/div>\n        <\/div>\n    <\/div>\n<\/div>\n<div class=\"ci-sdia_ad-item \" data-title=\"Saint-Paul-de-Vence &#8211; Le Domaine Enchant\u00e9, uma experi\u00eancia inesquec\u00edvel\" data-ref=\"912\">\n    <div class=\"cifi-item cifi-item_compact cifi-empty\"\n    id=\"cifi-item-83153083\"\n    data-id=\"83153083\"\n    data-title=\"Saint-Paul-de-Vence - Le Domaine Enchant\u00e9, Exp\u00e9rience Inoubliable\"\n    data-titleen=\"Saint-Paul-de-Vence - Le Domaine Enchant\u00e9, Unforgettable Experience\"\n    data-titlept=\"Saint-Paul-de-Vence - Le Domaine Enchant\u00e9, uma experi\u00eancia inesquec\u00edvel\"\n    data-titlede=\"Saint-Paul-de-Vence - Le Domaine Enchant\u00e9, Unvergessliche Erfahrung\"\n    data-titlees=\"Saint-Paul-de-Vence - Le Domaine Enchant\u00e9, una experiencia inolvidable\"\n    data-url=\"https:\/\/www.carlton-international.com\/annonce\/saint-paul-de-vence-le-domaine-enchante-experience-inoubliable\/\"\n    data-urlen=\"https:\/\/www.carlton-international.com\/en\/annonce\/saint-paul-de-vence-le-domaine-enchante-unforgettable-experience\/\"\n    data-urlpt=\"https:\/\/www.carlton-international.com\/pt-pt\/annonce\/saint-paul-de-vence-le-domaine-enchante-uma-experiencia-inesquecivel\/\"\n    data-urlde=\"https:\/\/www.carlton-international.com\/de\/annonce\/saint-paul-de-vence-le-domaine-enchante-unvergessliche-erfahrung\/\"\n    data-urles=\"https:\/\/www.carlton-international.com\/es\/annonce\/saint-paul-de-vence-le-domaine-enchante-una-experiencia-inolvidable\/\"\n    data-thumb=\"https:\/\/media.apimo.pro\/cache\/21df9d69a207a36b68775a4de3d113f1_c2ee5a5539_1920-original.jpg\"\n    data-city=\"Saint-Paul-de-Vence\"\n    data-surface=\"300 m\u00b2\"\n    data-stats=\"Terrain: 4822 m\u00b2 | 7 pi\u00e8ces | 5 chambres\"\n    data-statsen=\"Land: 4822 m\u00b2 | 7 rooms | 5 bedrooms\"\n    data-statspt=\"Terreno: 4822 m\u00b2 | 7 divis\u00f5es | 5 quartos\"\n    data-statsde=\"Grundst\u00fcck: 4822 m\u00b2 | 7 Zimmer | 5 Schlafzimmer\"\n    data-statses=\"Terreno: 4822 m\u00b2 | 7 habitaciones | 5 dormitorios\"\n    data-price=\"de 11.813 \u00e0 22.200 \u20ac \/ Semaine\"\n    data-priceen=\"from \u20ac11.813 to \u20ac22.200 \/ Week\"\n    data-pricept=\"de \u20ac11.813 a \u20ac22.200 \/ Semana\"\n    data-pricede=\"von \u20ac11.813 bis \u20ac22.200 \/ Woche\"\n    data-pricees=\"de \u20ac11.813 a \u20ac22.200 \/ Semana\">\n    <a href=\"javascript:void(0);\" class=\"cifi_btn\">\n        <span class=\"cifi_btn-icon\"><\/span>\n        <span class=\"cifi_btn-text\">Adicionar \u00e0 minha sele\u00e7\u00e3o<\/span>\n    <\/a>\n<\/div>\n    <div class=\"ci-sdia_ad-item_img ab\">\n        \n        \n                                    <div class=\"slick-inner-sdia_ad-item\">\n                                                <div class=\"slide-sdia_ad-item\">\n                                <a href=\"https:\/\/www.carlton-international.com\/pt-pt\/annonce\/saint-paul-de-vence-le-domaine-enchante-uma-experiencia-inesquecivel\/\">\n                                    <img decoding=\"async\" \n                                        loading=\"lazy\"\n                                        src=\"https:\/\/media.apimo.pro\/cache\/21df9d69a207a36b68775a4de3d113f1_c2ee5a5539_1920-original.jpg\" \n                                        alt=\"\"\n                                    \/>\n                                    <p class=\"title-slide-sdia_ad-item \">Descobrir o im\u00f3vel<\/p>\n                                <\/a>\n                            <\/div>\n                                                    <div class=\"slide-sdia_ad-item\">\n                                <a href=\"https:\/\/www.carlton-international.com\/pt-pt\/annonce\/saint-paul-de-vence-le-domaine-enchante-uma-experiencia-inesquecivel\/\">\n                                    <img decoding=\"async\" \n                                        loading=\"lazy\"\n                                        src=\"https:\/\/media.apimo.pro\/cache\/8c48c223b18fcdbba93f42053144acb3_b601c11757_1920-original.jpg\" \n                                        alt=\"\"\n                                    \/>\n                                    <p class=\"title-slide-sdia_ad-item \">Descobrir o im\u00f3vel<\/p>\n                                <\/a>\n                            <\/div>\n                                                    <div class=\"slide-sdia_ad-item\">\n                                <a href=\"https:\/\/www.carlton-international.com\/pt-pt\/annonce\/saint-paul-de-vence-le-domaine-enchante-uma-experiencia-inesquecivel\/\">\n                                    <img decoding=\"async\" \n                                        loading=\"lazy\"\n                                        src=\"https:\/\/media.apimo.pro\/cache\/b860d6aab91d7e9b2aa1b961e873465e_c4af7efd1f_1920-original.jpg\" \n                                        alt=\"\"\n                                    \/>\n                                    <p class=\"title-slide-sdia_ad-item \">Descobrir o im\u00f3vel<\/p>\n                                <\/a>\n                            <\/div>\n                                        <\/div>\n                        <\/div>\n    <div class=\"ci-sdia_ad-item_datas\">\n        <div class=\"ci-sdia_ad-item_metas\">\n                            <a class=\"ci-sdia_ad-item_title\" href=\"https:\/\/www.carlton-international.com\/pt-pt\/annonce\/saint-paul-de-vence-le-domaine-enchante-uma-experiencia-inesquecivel\/\">Saint-Paul-de-Vence <\/a>\n                        <div class=\"ci-sdia_ad-item_metas-wrap\">\n                <div class=\"ci-sdia_ad-item_metas-loc\"><div>Fran\u00e7a<\/div><\/div>                                    <div class=\"ci-sdia_ad-item_metas-map\">\n                        <a target=\"_blank\" class=\"ci-sdia_ad-item_btn-icon ci-sdia_ad-item_btn-icon_map\"><span class=\"ci-sdia_hide\">Map<\/span><\/a>\n                    <\/div>\n                            <\/div>\n        <\/div>\n        <div class=\"ci-sdia_ad-item_stats \">5 quartos | <span class=\"ci-surface\">300 m\u00b2<\/span> | 7 divis\u00f5es<\/div>\n        <div class=\"ci-sdia_ad-item_comp\">\n            <div class=\"ci-sdia_ad-item_footer-ref\">\n                <span><strong>Ref.<\/strong> 912<\/span>\n            <\/div>\n            <div class=\"wrap-item-price\">\n                                                                                        <div class=\"ci-sdia_ad-item_price ci-price\" data-4 data-pricemin=\"11813\" data-pricemax=\"22200\">de \u20ac11.813 a \u20ac22.200<\/div>\n                                                                            <span class=\"prix-period\" data=\"DiaSemanaM\u00easAno\"> \/ Semana<\/span>            <\/div>\n\n        <\/div>\n\n                                                        <div class=\"popup_contact_bien_div\"><\/div>\n                                    \n        <div class=\"ci-sdia_ad-item_footer-wrap\">\n            <p class=\"ci-sdia_ad-item_footer\"><a href=\"https:\/\/www.carlton-international.com\/pt-pt\/annonce\/saint-paul-de-vence-le-domaine-enchante-uma-experiencia-inesquecivel\/\">Ver o detalhe<\/a><\/p>\n            <div class=\"ci-sdia_ad-item_footer-btns\">\n                <a href=\"tel:+33(0)493951111\" class=\"ci-sdia_ad-item_footer-btn ci-sdia_ad-item_btn-icon ci-sdia_ad-item_btn-icon_phone\"><span class=\"ci-sdia_hide\">Phone<\/span><\/a>\n                <a href=\"javascript:;\" data-unique-id=\"83153083\" data-properties-id=\"4208652\" data-email=\"rental-team@carlton-group.com\" class=\"ci-sdia_ad-item_footer-btn ci-sdia_ad-item_btn-icon ci-sdia_ad-item_btn-icon_mail popup_contact_bien\"><span class=\"ci-sdia_hide\">Email<\/span><\/a>\n            <\/div>\n        <\/div>\n    <\/div>\n<\/div>\n<div class=\"ci-sdia_ad-item \" data-title=\"LA COLLE SUR LOUP &#8211; Modern 5-bedroom villa located in a very calm area\" data-ref=\"905\">\n    <div class=\"cifi-item cifi-item_compact cifi-empty\"\n    id=\"cifi-item-82976060\"\n    data-id=\"82976060\"\n    data-title=\"LA COLLE SUR LOUP - Charmante contemporaine de 5 chambres au calme\"\n    data-titleen=\"LA COLLE SUR LOUP - Modern 5-bedroom villa located in a very calm area\"\n    data-titlept=\"LA COLLE SUR LOUP - Modern 5-bedroom villa located in a very calm area\"\n    data-titlede=\"LA COLLE SUR LOUP - Modernes Haus mit klaren Linien und sch\u00f6ner Aussicht\"\n    data-titlees=\"LA COLLE SUR LOUP - Modern 5-bedroom villa located in a very calm area\"\n    data-url=\"https:\/\/www.carlton-international.com\/annonce\/la-colle-sur-loup-charmante-contemporaine-de-5-chambres-au-calme\/\"\n    data-urlen=\"https:\/\/www.carlton-international.com\/en\/annonce\/la-colle-sur-loup-modern-5-bedroom-villa-located-in-a-very-calm-area\/\"\n    data-urlpt=\"https:\/\/www.carlton-international.com\/pt-pt\/annonce\/la-colle-sur-loup-modern-5-bedroom-villa-located-in-a-very-calm-area\/\"\n    data-urlde=\"https:\/\/www.carlton-international.com\/de\/annonce\/la-colle-sur-loup-modernes-haus-mit-klaren-linien-und-schoener-aussicht\/\"\n    data-urles=\"https:\/\/www.carlton-international.com\/es\/annonce\/la-colle-sur-loup-modern-5-bedroom-villa-located-in-a-very-calm-area\/\"\n    data-thumb=\"https:\/\/media.apimo.pro\/cache\/13aa44c8b5bd2addbdde045941c5eade_8af899ed2e_1920-original.jpg\"\n    data-city=\"La Colle-sur-Loup\"\n    data-surface=\"242 m\u00b2\"\n    data-stats=\"Terrain: 1543 m\u00b2 | 5 chambres\"\n    data-statsen=\"Land: 1543 m\u00b2 | 5 bedrooms\"\n    data-statspt=\"Terreno: 1543 m\u00b2 | 5 quartos\"\n    data-statsde=\"Grundst\u00fcck: 1543 m\u00b2 | 5 Schlafzimmer\"\n    data-statses=\"Terreno: 1543 m\u00b2 | 5 dormitorios\"\n    data-price=\"de 10.000 \u00e0 12.500 \u20ac \/ Semaine\"\n    data-priceen=\"from \u20ac10.000 to \u20ac12.500 \/ Week\"\n    data-pricept=\"de \u20ac10.000 a \u20ac12.500 \/ Semana\"\n    data-pricede=\"von \u20ac10.000 bis \u20ac12.500 \/ Woche\"\n    data-pricees=\"de \u20ac10.000 a \u20ac12.500 \/ Semana\">\n    <a href=\"javascript:void(0);\" class=\"cifi_btn\">\n        <span class=\"cifi_btn-icon\"><\/span>\n        <span class=\"cifi_btn-text\">Adicionar \u00e0 minha sele\u00e7\u00e3o<\/span>\n    <\/a>\n<\/div>\n    <div class=\"ci-sdia_ad-item_img ab\">\n        \n        \n                                    <div class=\"slick-inner-sdia_ad-item\">\n                                                <div class=\"slide-sdia_ad-item\">\n                                <a href=\"https:\/\/www.carlton-international.com\/pt-pt\/annonce\/la-colle-sur-loup-modern-5-bedroom-villa-located-in-a-very-calm-area\/\">\n                                    <img decoding=\"async\" \n                                        loading=\"lazy\"\n                                        src=\"https:\/\/media.apimo.pro\/cache\/13aa44c8b5bd2addbdde045941c5eade_8af899ed2e_1920-original.jpg\" \n                                        alt=\"\"\n                                    \/>\n                                    <p class=\"title-slide-sdia_ad-item \">Descobrir o im\u00f3vel<\/p>\n                                <\/a>\n                            <\/div>\n                                                    <div class=\"slide-sdia_ad-item\">\n                                <a href=\"https:\/\/www.carlton-international.com\/pt-pt\/annonce\/la-colle-sur-loup-modern-5-bedroom-villa-located-in-a-very-calm-area\/\">\n                                    <img decoding=\"async\" \n                                        loading=\"lazy\"\n                                        src=\"https:\/\/media.apimo.pro\/cache\/a9fd385e010da3647addf17e89b61765_a229367dbb_1920-original.jpg\" \n                                        alt=\"\"\n                                    \/>\n                                    <p class=\"title-slide-sdia_ad-item \">Descobrir o im\u00f3vel<\/p>\n                                <\/a>\n                            <\/div>\n                                                    <div class=\"slide-sdia_ad-item\">\n                                <a href=\"https:\/\/www.carlton-international.com\/pt-pt\/annonce\/la-colle-sur-loup-modern-5-bedroom-villa-located-in-a-very-calm-area\/\">\n                                    <img decoding=\"async\" \n                                        loading=\"lazy\"\n                                        src=\"https:\/\/media.apimo.pro\/cache\/1ea5a25ffd654eb6f5377cbbdd126b00_32c5dcd392_1920-original.jpg\" \n                                        alt=\"\"\n                                    \/>\n                                    <p class=\"title-slide-sdia_ad-item \">Descobrir o im\u00f3vel<\/p>\n                                <\/a>\n                            <\/div>\n                                        <\/div>\n                        <\/div>\n    <div class=\"ci-sdia_ad-item_datas\">\n        <div class=\"ci-sdia_ad-item_metas\">\n                            <a class=\"ci-sdia_ad-item_title\" href=\"https:\/\/www.carlton-international.com\/pt-pt\/annonce\/la-colle-sur-loup-modern-5-bedroom-villa-located-in-a-very-calm-area\/\">La Colle-sur-Loup <\/a>\n                        <div class=\"ci-sdia_ad-item_metas-wrap\">\n                <div class=\"ci-sdia_ad-item_metas-loc\"><div>Fran\u00e7a<\/div><\/div>                                    <div class=\"ci-sdia_ad-item_metas-map\">\n                        <a target=\"_blank\" class=\"ci-sdia_ad-item_btn-icon ci-sdia_ad-item_btn-icon_map\"><span class=\"ci-sdia_hide\">Map<\/span><\/a>\n                    <\/div>\n                            <\/div>\n        <\/div>\n        <div class=\"ci-sdia_ad-item_stats \">5 quartos | <span class=\"ci-surface\">242 m\u00b2<\/span><\/div>\n        <div class=\"ci-sdia_ad-item_comp\">\n            <div class=\"ci-sdia_ad-item_footer-ref\">\n                <span><strong>Ref.<\/strong> 905<\/span>\n            <\/div>\n            <div class=\"wrap-item-price\">\n                                                                                        <div class=\"ci-sdia_ad-item_price ci-price\" data-4 data-pricemin=\"10000\" data-pricemax=\"12500\">de \u20ac10.000 a \u20ac12.500<\/div>\n                                                                            <span class=\"prix-period\" data=\"DiaSemanaM\u00easAno\"> \/ Semana<\/span>            <\/div>\n\n        <\/div>\n\n                                                        <div class=\"popup_contact_bien_div\"><\/div>\n                                    \n        <div class=\"ci-sdia_ad-item_footer-wrap\">\n            <p class=\"ci-sdia_ad-item_footer\"><a href=\"https:\/\/www.carlton-international.com\/pt-pt\/annonce\/la-colle-sur-loup-modern-5-bedroom-villa-located-in-a-very-calm-area\/\">Ver o detalhe<\/a><\/p>\n            <div class=\"ci-sdia_ad-item_footer-btns\">\n                <a href=\"tel:\" class=\"ci-sdia_ad-item_footer-btn ci-sdia_ad-item_btn-icon ci-sdia_ad-item_btn-icon_phone\"><span class=\"ci-sdia_hide\">Phone<\/span><\/a>\n                <a href=\"javascript:;\" data-unique-id=\"82976060\" data-properties-id=\"4219673\" data-email=\"\" class=\"ci-sdia_ad-item_footer-btn ci-sdia_ad-item_btn-icon ci-sdia_ad-item_btn-icon_mail popup_contact_bien\"><span class=\"ci-sdia_hide\">Email<\/span><\/a>\n            <\/div>\n        <\/div>\n    <\/div>\n<\/div>\n<div class=\"ci-sdia_ad-item \" data-title=\"Saint Paul de Vence &#8211; Moradia com vista para a aldeia\" data-ref=\"885\">\n    <div class=\"cifi-item cifi-item_compact cifi-empty\"\n    id=\"cifi-item-82847512\"\n    data-id=\"82847512\"\n    data-title=\"Saint Paul de Vence - Villa vue sur le village\"\n    data-titleen=\"Saint Paul de Vence - Villa village view\"\n    data-titlept=\"Saint Paul de Vence - Moradia com vista para a aldeia\"\n    data-titlede=\"Saint Paul de Vence - Villa mit Blick auf das Dorf\"\n    data-titlees=\"Saint Paul de Vence - Villa con vistas al pueblo\"\n    data-url=\"https:\/\/www.carlton-international.com\/annonce\/saint-paul-de-vence-villa-vue-sur-le-village\/\"\n    data-urlen=\"https:\/\/www.carlton-international.com\/en\/annonce\/saint-paul-de-vence-villa-village-view\/\"\n    data-urlpt=\"https:\/\/www.carlton-international.com\/pt-pt\/annonce\/saint-paul-de-vence-moradia-com-vista-para-a-aldeia\/\"\n    data-urlde=\"https:\/\/www.carlton-international.com\/de\/annonce\/saint-paul-de-vence-villa-mit-blick-auf-das-dorf\/\"\n    data-urles=\"https:\/\/www.carlton-international.com\/es\/annonce\/saint-paul-de-vence-villa-con-vistas-al-pueblo\/\"\n    data-thumb=\"https:\/\/media.apimo.pro\/cache\/f563d4f9c5780cf624f3b6656603a83c_3f73a66335_1920-original.jpg\"\n    data-city=\"Saint-Paul-de-Vence\"\n    data-surface=\"200 m\u00b2\"\n    data-stats=\"Terrain: 3000 m\u00b2 | 6 pi\u00e8ces | 4 chambres\"\n    data-statsen=\"Land: 3000 m\u00b2 | 6 rooms | 4 bedrooms\"\n    data-statspt=\"Terreno: 3000 m\u00b2 | 6 divis\u00f5es | 4 quartos\"\n    data-statsde=\"Grundst\u00fcck: 3000 m\u00b2 | 6 Zimmer | 4 Schlafzimmer\"\n    data-statses=\"Terreno: 3000 m\u00b2 | 6 habitaciones | 4 dormitorios\"\n    data-price=\"de 7.875 \u00e0 17.500 \u20ac \/ Semaine\"\n    data-priceen=\"from \u20ac7.875 to \u20ac17.500 \/ Week\"\n    data-pricept=\"de \u20ac7.875 a \u20ac17.500 \/ Semana\"\n    data-pricede=\"von \u20ac7.875 bis \u20ac17.500 \/ Woche\"\n    data-pricees=\"de \u20ac7.875 a \u20ac17.500 \/ Semana\">\n    <a href=\"javascript:void(0);\" class=\"cifi_btn\">\n        <span class=\"cifi_btn-icon\"><\/span>\n        <span class=\"cifi_btn-text\">Adicionar \u00e0 minha sele\u00e7\u00e3o<\/span>\n    <\/a>\n<\/div>\n    <div class=\"ci-sdia_ad-item_img ab\">\n        \n        \n                                    <div class=\"slick-inner-sdia_ad-item\">\n                                                <div class=\"slide-sdia_ad-item\">\n                                <a href=\"https:\/\/www.carlton-international.com\/pt-pt\/annonce\/saint-paul-de-vence-moradia-com-vista-para-a-aldeia\/\">\n                                    <img decoding=\"async\" \n                                        loading=\"lazy\"\n                                        src=\"https:\/\/media.apimo.pro\/cache\/f563d4f9c5780cf624f3b6656603a83c_3f73a66335_1920-original.jpg\" \n                                        alt=\"\"\n                                    \/>\n                                    <p class=\"title-slide-sdia_ad-item \">Descobrir o im\u00f3vel<\/p>\n                                <\/a>\n                            <\/div>\n                                                    <div class=\"slide-sdia_ad-item\">\n                                <a href=\"https:\/\/www.carlton-international.com\/pt-pt\/annonce\/saint-paul-de-vence-moradia-com-vista-para-a-aldeia\/\">\n                                    <img decoding=\"async\" \n                                        loading=\"lazy\"\n                                        src=\"https:\/\/media.apimo.pro\/cache\/e084f23adbde899e9f41cc09ccca7d22_ec840e0483_1920-original.jpg\" \n                                        alt=\"\"\n                                    \/>\n                                    <p class=\"title-slide-sdia_ad-item \">Descobrir o im\u00f3vel<\/p>\n                                <\/a>\n                            <\/div>\n                                                    <div class=\"slide-sdia_ad-item\">\n                                <a href=\"https:\/\/www.carlton-international.com\/pt-pt\/annonce\/saint-paul-de-vence-moradia-com-vista-para-a-aldeia\/\">\n                                    <img decoding=\"async\" \n                                        loading=\"lazy\"\n                                        src=\"https:\/\/media.apimo.pro\/cache\/feedd079d398a78c2c2220a81f4c9937_b37d914b91_1920-original.jpg\" \n                                        alt=\"\"\n                                    \/>\n                                    <p class=\"title-slide-sdia_ad-item \">Descobrir o im\u00f3vel<\/p>\n                                <\/a>\n                            <\/div>\n                                        <\/div>\n                        <\/div>\n    <div class=\"ci-sdia_ad-item_datas\">\n        <div class=\"ci-sdia_ad-item_metas\">\n                            <a class=\"ci-sdia_ad-item_title\" href=\"https:\/\/www.carlton-international.com\/pt-pt\/annonce\/saint-paul-de-vence-moradia-com-vista-para-a-aldeia\/\">Saint-Paul-de-Vence <\/a>\n                        <div class=\"ci-sdia_ad-item_metas-wrap\">\n                <div class=\"ci-sdia_ad-item_metas-loc\"><div>Fran\u00e7a<\/div><\/div>                                    <div class=\"ci-sdia_ad-item_metas-map\">\n                        <a target=\"_blank\" class=\"ci-sdia_ad-item_btn-icon ci-sdia_ad-item_btn-icon_map\"><span class=\"ci-sdia_hide\">Map<\/span><\/a>\n                    <\/div>\n                            <\/div>\n        <\/div>\n        <div class=\"ci-sdia_ad-item_stats \">4 quartos | <span class=\"ci-surface\">200 m\u00b2<\/span> | 6 divis\u00f5es<\/div>\n        <div class=\"ci-sdia_ad-item_comp\">\n            <div class=\"ci-sdia_ad-item_footer-ref\">\n                <span><strong>Ref.<\/strong> 885<\/span>\n            <\/div>\n            <div class=\"wrap-item-price\">\n                                                                                        <div class=\"ci-sdia_ad-item_price ci-price\" data-4 data-pricemin=\"7875\" data-pricemax=\"17500\">de \u20ac7.875 a \u20ac17.500<\/div>\n                                                                            <span class=\"prix-period\" data=\"DiaSemanaM\u00easAno\"> \/ Semana<\/span>            <\/div>\n\n        <\/div>\n\n                                                        <div class=\"popup_contact_bien_div\"><\/div>\n                                    \n        <div class=\"ci-sdia_ad-item_footer-wrap\">\n            <p class=\"ci-sdia_ad-item_footer\"><a href=\"https:\/\/www.carlton-international.com\/pt-pt\/annonce\/saint-paul-de-vence-moradia-com-vista-para-a-aldeia\/\">Ver o detalhe<\/a><\/p>\n            <div class=\"ci-sdia_ad-item_footer-btns\">\n                <a href=\"tel:+33(0)493951111\" class=\"ci-sdia_ad-item_footer-btn ci-sdia_ad-item_btn-icon ci-sdia_ad-item_btn-icon_phone\"><span class=\"ci-sdia_hide\">Phone<\/span><\/a>\n                <a href=\"javascript:;\" data-unique-id=\"82847512\" data-properties-id=\"4208658\" data-email=\"rental-team@carlton-group.com\" class=\"ci-sdia_ad-item_footer-btn ci-sdia_ad-item_btn-icon ci-sdia_ad-item_btn-icon_mail popup_contact_bien\"><span class=\"ci-sdia_hide\">Email<\/span><\/a>\n            <\/div>\n        <\/div>\n    <\/div>\n<\/div>\n<div class=\"ci-sdia_ad-item \" data-title=\"Modern 6 bedrooms villa, located on the hills of Vence with an amazing panoramic view\" data-ref=\"843\">\n    <div class=\"cifi-item cifi-item_compact cifi-empty\"\n    id=\"cifi-item-8080512\"\n    data-id=\"8080512\"\n    data-title=\"Magnifique contemporaine situ\u00e9e sur les hauteurs de Vence - Vue mer panoramique\"\n    data-titleen=\"Modern 6 bedrooms villa, located on the hills of Vence with an amazing panoramic view\"\n    data-titlept=\"Modern 6 bedrooms villa, located on the hills of Vence with an amazing panoramic view\"\n    data-titlede=\"Modern 6 bedrooms villa, located on the hills of Vence with an amazing panoramic view\"\n    data-titlees=\"Modern 6 bedrooms villa, located on the hills of Vence with an amazing panoramic view\"\n    data-url=\"https:\/\/www.carlton-international.com\/annonce\/magnifique-contemporaine-situee-sur-les-hauteurs-de-vence-vue-mer-panoramique\/\"\n    data-urlen=\"https:\/\/www.carlton-international.com\/en\/annonce\/modern-6-bedrooms-villa-located-on-the-hills-of-vence-with-an-amazing-panoramic-view\/\"\n    data-urlpt=\"https:\/\/www.carlton-international.com\/pt-pt\/annonce\/modern-6-bedrooms-villa-located-on-the-hills-of-vence-with-an-amazing-panoramic-view\/\"\n    data-urlde=\"https:\/\/www.carlton-international.com\/de\/annonce\/modern-6-bedrooms-villa-located-on-the-hills-of-vence-with-an-amazing-panoramic-view\/\"\n    data-urles=\"https:\/\/www.carlton-international.com\/es\/annonce\/modern-6-bedrooms-villa-located-on-the-hills-of-vence-with-an-amazing-panoramic-view\/\"\n    data-thumb=\"https:\/\/media.apimo.pro\/cache\/ab963f7c63f6dd5b7fe3cf3b9247032f_3e7c6ab195_1920-original.jpg\"\n    data-city=\"Vence\"\n    data-surface=\"420 m\u00b2\"\n    data-stats=\"Terrain: 4000 m\u00b2 | 6 pi\u00e8ces | 6 chambres\"\n    data-statsen=\"Land: 4000 m\u00b2 | 6 rooms | 6 bedrooms\"\n    data-statspt=\"Terreno: 4000 m\u00b2 | 6 divis\u00f5es | 6 quartos\"\n    data-statsde=\"Grundst\u00fcck: 4000 m\u00b2 | 6 Zimmer | 6 Schlafzimmer\"\n    data-statses=\"Terreno: 4000 m\u00b2 | 6 habitaciones | 6 dormitorios\"\n    data-price=\"de 10.000 \u00e0 14.000 \u20ac \/ Semaine\"\n    data-priceen=\"from \u20ac10.000 to \u20ac14.000 \/ Week\"\n    data-pricept=\"de \u20ac10.000 a \u20ac14.000 \/ Semana\"\n    data-pricede=\"von \u20ac10.000 bis \u20ac14.000 \/ Woche\"\n    data-pricees=\"de \u20ac10.000 a \u20ac14.000 \/ Semana\">\n    <a href=\"javascript:void(0);\" class=\"cifi_btn\">\n        <span class=\"cifi_btn-icon\"><\/span>\n        <span class=\"cifi_btn-text\">Adicionar \u00e0 minha sele\u00e7\u00e3o<\/span>\n    <\/a>\n<\/div>\n    <div class=\"ci-sdia_ad-item_img ab\">\n        \n        \n                                    <div class=\"slick-inner-sdia_ad-item\">\n                                                <div class=\"slide-sdia_ad-item\">\n                                <a href=\"https:\/\/www.carlton-international.com\/pt-pt\/annonce\/modern-6-bedrooms-villa-located-on-the-hills-of-vence-with-an-amazing-panoramic-view\/\">\n                                    <img decoding=\"async\" \n                                        loading=\"lazy\"\n                                        src=\"https:\/\/media.apimo.pro\/cache\/ab963f7c63f6dd5b7fe3cf3b9247032f_3e7c6ab195_1920-original.jpg\" \n                                        alt=\"\"\n                                    \/>\n                                    <p class=\"title-slide-sdia_ad-item \">Descobrir o im\u00f3vel<\/p>\n                                <\/a>\n                            <\/div>\n                                                    <div class=\"slide-sdia_ad-item\">\n                                <a href=\"https:\/\/www.carlton-international.com\/pt-pt\/annonce\/modern-6-bedrooms-villa-located-on-the-hills-of-vence-with-an-amazing-panoramic-view\/\">\n                                    <img decoding=\"async\" \n                                        loading=\"lazy\"\n                                        src=\"https:\/\/media.apimo.pro\/cache\/fbf7379601a6ab0642abd5143925417f_3c33cc21dc_1920-original.jpg\" \n                                        alt=\"\"\n                                    \/>\n                                    <p class=\"title-slide-sdia_ad-item \">Descobrir o im\u00f3vel<\/p>\n                                <\/a>\n                            <\/div>\n                                                    <div class=\"slide-sdia_ad-item\">\n                                <a href=\"https:\/\/www.carlton-international.com\/pt-pt\/annonce\/modern-6-bedrooms-villa-located-on-the-hills-of-vence-with-an-amazing-panoramic-view\/\">\n                                    <img decoding=\"async\" \n                                        loading=\"lazy\"\n                                        src=\"https:\/\/media.apimo.pro\/cache\/f2d537cd1f638795a80e86277df40237_52bd1532ce_1920-original.jpg\" \n                                        alt=\"\"\n                                    \/>\n                                    <p class=\"title-slide-sdia_ad-item \">Descobrir o im\u00f3vel<\/p>\n                                <\/a>\n                            <\/div>\n                                        <\/div>\n                        <\/div>\n    <div class=\"ci-sdia_ad-item_datas\">\n        <div class=\"ci-sdia_ad-item_metas\">\n                            <a class=\"ci-sdia_ad-item_title\" href=\"https:\/\/www.carlton-international.com\/pt-pt\/annonce\/modern-6-bedrooms-villa-located-on-the-hills-of-vence-with-an-amazing-panoramic-view\/\">Vence <\/a>\n                        <div class=\"ci-sdia_ad-item_metas-wrap\">\n                <div class=\"ci-sdia_ad-item_metas-loc\"><div>Fran\u00e7a<\/div><\/div>                                    <div class=\"ci-sdia_ad-item_metas-map\">\n                        <a target=\"_blank\" class=\"ci-sdia_ad-item_btn-icon ci-sdia_ad-item_btn-icon_map\"><span class=\"ci-sdia_hide\">Map<\/span><\/a>\n                    <\/div>\n                            <\/div>\n        <\/div>\n        <div class=\"ci-sdia_ad-item_stats \">6 quartos | <span class=\"ci-surface\">420 m\u00b2<\/span> | 6 divis\u00f5es<\/div>\n        <div class=\"ci-sdia_ad-item_comp\">\n            <div class=\"ci-sdia_ad-item_footer-ref\">\n                <span><strong>Ref.<\/strong> 843<\/span>\n            <\/div>\n            <div class=\"wrap-item-price\">\n                                                                                        <div class=\"ci-sdia_ad-item_price ci-price\" data-4 data-pricemin=\"10000\" data-pricemax=\"14000\">de \u20ac10.000 a \u20ac14.000<\/div>\n                                                                            <span class=\"prix-period\" data=\"DiaSemanaM\u00easAno\"> \/ Semana<\/span>            <\/div>\n\n        <\/div>\n\n                                                        <div class=\"popup_contact_bien_div\"><\/div>\n                                    \n        <div class=\"ci-sdia_ad-item_footer-wrap\">\n            <p class=\"ci-sdia_ad-item_footer\"><a href=\"https:\/\/www.carlton-international.com\/pt-pt\/annonce\/modern-6-bedrooms-villa-located-on-the-hills-of-vence-with-an-amazing-panoramic-view\/\">Ver o detalhe<\/a><\/p>\n            <div class=\"ci-sdia_ad-item_footer-btns\">\n                <a href=\"tel:\" class=\"ci-sdia_ad-item_footer-btn ci-sdia_ad-item_btn-icon ci-sdia_ad-item_btn-icon_phone\"><span class=\"ci-sdia_hide\">Phone<\/span><\/a>\n                <a href=\"javascript:;\" data-unique-id=\"8080512\" data-properties-id=\"4219608\" data-email=\"\" class=\"ci-sdia_ad-item_footer-btn ci-sdia_ad-item_btn-icon ci-sdia_ad-item_btn-icon_mail popup_contact_bien\"><span class=\"ci-sdia_hide\">Email<\/span><\/a>\n            <\/div>\n        <\/div>\n    <\/div>\n<\/div>\n<div class=\"ci-sdia_ad-item \" data-title=\"Saint Paul de Vence &#8211; Sublime moradia concebida por um arquiteto\" data-ref=\"828\">\n    <div class=\"cifi-item cifi-item_compact cifi-empty\"\n    id=\"cifi-item-7210843\"\n    data-id=\"7210843\"\n    data-title=\"Saint Paul de Vence - Sublime villa d&#039;architecte\"\n    data-titleen=\"Saint Paul de Vence - Sublime architect-designed villa\"\n    data-titlept=\"Saint Paul de Vence - Sublime moradia concebida por um arquiteto\"\n    data-titlede=\"Saint Paul de Vence - Sublime Architektenvilla\"\n    data-titlees=\"Saint Paul de Vence - Sublime villa dise\u00f1ada por un arquitecto\"\n    data-url=\"https:\/\/www.carlton-international.com\/annonce\/saint-paul-de-vence-sublime-villa-darchitecte\/\"\n    data-urlen=\"https:\/\/www.carlton-international.com\/en\/annonce\/saint-paul-de-vence-sublime-architect-designed-villa\/\"\n    data-urlpt=\"https:\/\/www.carlton-international.com\/pt-pt\/annonce\/saint-paul-de-vence-sublime-moradia-concebida-por-um-arquiteto\/\"\n    data-urlde=\"https:\/\/www.carlton-international.com\/de\/annonce\/saint-paul-de-vence-sublime-architektenvilla\/\"\n    data-urles=\"https:\/\/www.carlton-international.com\/es\/annonce\/saint-paul-de-vence-sublime-villa-disenada-por-un-arquitecto\/\"\n    data-thumb=\"https:\/\/media.apimo.pro\/cache\/606f3a78afeda2684825a41e6867b5c1_bf450b724a_1920-original.jpg\"\n    data-city=\"Saint-Paul-de-Vence\"\n    data-surface=\"350 m\u00b2\"\n    data-stats=\"Terrain: 2700 m\u00b2 | 9 pi\u00e8ces | 5 chambres\"\n    data-statsen=\"Land: 2700 m\u00b2 | 9 rooms | 5 bedrooms\"\n    data-statspt=\"Terreno: 2700 m\u00b2 | 9 divis\u00f5es | 5 quartos\"\n    data-statsde=\"Grundst\u00fcck: 2700 m\u00b2 | 9 Zimmer | 5 Schlafzimmer\"\n    data-statses=\"Terreno: 2700 m\u00b2 | 9 habitaciones | 5 dormitorios\"\n    data-price=\"de 16.800 \u00e0 16.800 \u20ac \/ Semaine\"\n    data-priceen=\"from \u20ac16.800 to \u20ac16.800 \/ Week\"\n    data-pricept=\"de \u20ac16.800 a \u20ac16.800 \/ Semana\"\n    data-pricede=\"von \u20ac16.800 bis \u20ac16.800 \/ Woche\"\n    data-pricees=\"de \u20ac16.800 a \u20ac16.800 \/ Semana\">\n    <a href=\"javascript:void(0);\" class=\"cifi_btn\">\n        <span class=\"cifi_btn-icon\"><\/span>\n        <span class=\"cifi_btn-text\">Adicionar \u00e0 minha sele\u00e7\u00e3o<\/span>\n    <\/a>\n<\/div>\n    <div class=\"ci-sdia_ad-item_img ab\">\n        \n        \n                                    <div class=\"slick-inner-sdia_ad-item\">\n                                                <div class=\"slide-sdia_ad-item\">\n                                <a href=\"https:\/\/www.carlton-international.com\/pt-pt\/annonce\/saint-paul-de-vence-sublime-moradia-concebida-por-um-arquiteto\/\">\n                                    <img decoding=\"async\" \n                                        loading=\"lazy\"\n                                        src=\"https:\/\/media.apimo.pro\/cache\/606f3a78afeda2684825a41e6867b5c1_bf450b724a_1920-original.jpg\" \n                                        alt=\"\"\n                                    \/>\n                                    <p class=\"title-slide-sdia_ad-item \">Descobrir o im\u00f3vel<\/p>\n                                <\/a>\n                            <\/div>\n                                                    <div class=\"slide-sdia_ad-item\">\n                                <a href=\"https:\/\/www.carlton-international.com\/pt-pt\/annonce\/saint-paul-de-vence-sublime-moradia-concebida-por-um-arquiteto\/\">\n                                    <img decoding=\"async\" \n                                        loading=\"lazy\"\n                                        src=\"https:\/\/media.apimo.pro\/cache\/eca606226916ba0b9f851873d8abcb12_7100ec9029_1920-original.jpg\" \n                                        alt=\"\"\n                                    \/>\n                                    <p class=\"title-slide-sdia_ad-item \">Descobrir o im\u00f3vel<\/p>\n                                <\/a>\n                            <\/div>\n                                                    <div class=\"slide-sdia_ad-item\">\n                                <a href=\"https:\/\/www.carlton-international.com\/pt-pt\/annonce\/saint-paul-de-vence-sublime-moradia-concebida-por-um-arquiteto\/\">\n                                    <img decoding=\"async\" \n                                        loading=\"lazy\"\n                                        src=\"https:\/\/media.apimo.pro\/cache\/632555c6ccda4e41ad98486b6b70fa70_7a49302443_1920-original.jpg\" \n                                        alt=\"\"\n                                    \/>\n                                    <p class=\"title-slide-sdia_ad-item \">Descobrir o im\u00f3vel<\/p>\n                                <\/a>\n                            <\/div>\n                                        <\/div>\n                        <\/div>\n    <div class=\"ci-sdia_ad-item_datas\">\n        <div class=\"ci-sdia_ad-item_metas\">\n                            <a class=\"ci-sdia_ad-item_title\" href=\"https:\/\/www.carlton-international.com\/pt-pt\/annonce\/saint-paul-de-vence-sublime-moradia-concebida-por-um-arquiteto\/\">Saint-Paul-de-Vence <\/a>\n                        <div class=\"ci-sdia_ad-item_metas-wrap\">\n                <div class=\"ci-sdia_ad-item_metas-loc\"><div>Fran\u00e7a<\/div><\/div>                                    <div class=\"ci-sdia_ad-item_metas-map\">\n                        <a target=\"_blank\" class=\"ci-sdia_ad-item_btn-icon ci-sdia_ad-item_btn-icon_map\"><span class=\"ci-sdia_hide\">Map<\/span><\/a>\n                    <\/div>\n                            <\/div>\n        <\/div>\n        <div class=\"ci-sdia_ad-item_stats \">5 quartos | <span class=\"ci-surface\">350 m\u00b2<\/span> | 9 divis\u00f5es<\/div>\n        <div class=\"ci-sdia_ad-item_comp\">\n            <div class=\"ci-sdia_ad-item_footer-ref\">\n                <span><strong>Ref.<\/strong> 828<\/span>\n            <\/div>\n            <div class=\"wrap-item-price\">\n                                                                                        <div class=\"ci-sdia_ad-item_price ci-price\" data-4 data-pricemin=\"16800\" data-pricemax=\"16800\">de \u20ac16.800 a \u20ac16.800<\/div>\n                                                                            <span class=\"prix-period\" data=\"DiaSemanaM\u00easAno\"> \/ Semana<\/span>            <\/div>\n\n        <\/div>\n\n                                                        <div class=\"popup_contact_bien_div\"><\/div>\n                                    \n        <div class=\"ci-sdia_ad-item_footer-wrap\">\n            <p class=\"ci-sdia_ad-item_footer\"><a href=\"https:\/\/www.carlton-international.com\/pt-pt\/annonce\/saint-paul-de-vence-sublime-moradia-concebida-por-um-arquiteto\/\">Ver o detalhe<\/a><\/p>\n            <div class=\"ci-sdia_ad-item_footer-btns\">\n                <a href=\"tel:+33(0)493951111\" class=\"ci-sdia_ad-item_footer-btn ci-sdia_ad-item_btn-icon ci-sdia_ad-item_btn-icon_phone\"><span class=\"ci-sdia_hide\">Phone<\/span><\/a>\n                <a href=\"javascript:;\" data-unique-id=\"7210843\" data-properties-id=\"4175181\" data-email=\"rental-team@carlton-group.com\" class=\"ci-sdia_ad-item_footer-btn ci-sdia_ad-item_btn-icon ci-sdia_ad-item_btn-icon_mail popup_contact_bien\"><span class=\"ci-sdia_hide\">Email<\/span><\/a>\n            <\/div>\n        <\/div>\n    <\/div>\n<\/div>\n<div class=\"ci-sdia_ad-item \" data-title=\"Vence &#8211; Moradia com 5 quartos num local tranquilo com piscina aquecida\" data-ref=\"823\">\n    <div class=\"cifi-item cifi-item_compact cifi-empty\"\n    id=\"cifi-item-6511740\"\n    data-id=\"6511740\"\n    data-title=\"Vence - Villa de 5 chambres au calme avec piscine chauff\u00e9e\"\n    data-titleen=\"Vence - Quiet 5-bedroom villa with heated pool\"\n    data-titlept=\"Vence - Moradia com 5 quartos num local tranquilo com piscina aquecida\"\n    data-titlede=\"Vence - Villa mit 5 Schlafzimmern in ruhiger Lage mit beheiztem Pool\"\n    data-titlees=\"Vence - Villa de 5 dormitorios en un lugar tranquilo con piscina climatizada\"\n    data-url=\"https:\/\/www.carlton-international.com\/annonce\/vence-villa-de-5-chambres-au-calme-avec-piscine-chauffee\/\"\n    data-urlen=\"https:\/\/www.carlton-international.com\/en\/annonce\/vence-quiet-5-bedroom-villa-with-heated-pool\/\"\n    data-urlpt=\"https:\/\/www.carlton-international.com\/pt-pt\/annonce\/vence-moradia-com-5-quartos-num-local-tranquilo-com-piscina-aquecida\/\"\n    data-urlde=\"https:\/\/www.carlton-international.com\/de\/annonce\/vence-villa-mit-5-schlafzimmern-in-ruhiger-lage-mit-beheiztem-pool\/\"\n    data-urles=\"https:\/\/www.carlton-international.com\/es\/annonce\/vence-villa-de-5-dormitorios-en-un-lugar-tranquilo-con-piscina-climatizada\/\"\n    data-thumb=\"https:\/\/media.apimo.pro\/cache\/99809a9b3b32eb6252919eecf8254c98_64ab22ee0e_1920-original.jpg\"\n    data-city=\"Vence\"\n    data-surface=\"250 m\u00b2\"\n    data-stats=\"Terrain: 2600 m\u00b2 | 5 chambres\"\n    data-statsen=\"Land: 2600 m\u00b2 | 5 bedrooms\"\n    data-statspt=\"Terreno: 2600 m\u00b2 | 5 quartos\"\n    data-statsde=\"Grundst\u00fcck: 2600 m\u00b2 | 5 Schlafzimmer\"\n    data-statses=\"Terreno: 2600 m\u00b2 | 5 dormitorios\"\n    data-price=\"de 6.500 \u00e0 8.750 \u20ac \/ Semaine\"\n    data-priceen=\"from \u20ac6.500 to \u20ac8.750 \/ Week\"\n    data-pricept=\"de \u20ac6.500 a \u20ac8.750 \/ Semana\"\n    data-pricede=\"von \u20ac6.500 bis \u20ac8.750 \/ Woche\"\n    data-pricees=\"de \u20ac6.500 a \u20ac8.750 \/ Semana\">\n    <a href=\"javascript:void(0);\" class=\"cifi_btn\">\n        <span class=\"cifi_btn-icon\"><\/span>\n        <span class=\"cifi_btn-text\">Adicionar \u00e0 minha sele\u00e7\u00e3o<\/span>\n    <\/a>\n<\/div>\n    <div class=\"ci-sdia_ad-item_img ab\">\n        \n        \n                                    <div class=\"slick-inner-sdia_ad-item\">\n                                                <div class=\"slide-sdia_ad-item\">\n                                <a href=\"https:\/\/www.carlton-international.com\/pt-pt\/annonce\/vence-moradia-com-5-quartos-num-local-tranquilo-com-piscina-aquecida\/\">\n                                    <img decoding=\"async\" \n                                        loading=\"lazy\"\n                                        src=\"https:\/\/media.apimo.pro\/cache\/99809a9b3b32eb6252919eecf8254c98_64ab22ee0e_1920-original.jpg\" \n                                        alt=\"\"\n                                    \/>\n                                    <p class=\"title-slide-sdia_ad-item \">Descobrir o im\u00f3vel<\/p>\n                                <\/a>\n                            <\/div>\n                                                    <div class=\"slide-sdia_ad-item\">\n                                <a href=\"https:\/\/www.carlton-international.com\/pt-pt\/annonce\/vence-moradia-com-5-quartos-num-local-tranquilo-com-piscina-aquecida\/\">\n                                    <img decoding=\"async\" \n                                        loading=\"lazy\"\n                                        src=\"https:\/\/media.apimo.pro\/cache\/5adc476eccba58626e6ffb5066b373b0_dab58d11ae_1920-original.jpg\" \n                                        alt=\"\"\n                                    \/>\n                                    <p class=\"title-slide-sdia_ad-item \">Descobrir o im\u00f3vel<\/p>\n                                <\/a>\n                            <\/div>\n                                                    <div class=\"slide-sdia_ad-item\">\n                                <a href=\"https:\/\/www.carlton-international.com\/pt-pt\/annonce\/vence-moradia-com-5-quartos-num-local-tranquilo-com-piscina-aquecida\/\">\n                                    <img decoding=\"async\" \n                                        loading=\"lazy\"\n                                        src=\"https:\/\/media.apimo.pro\/cache\/48b7478bfe2f845554e3c94e80e07bd3_653378cbcb_1920-original.jpg\" \n                                        alt=\"\"\n                                    \/>\n                                    <p class=\"title-slide-sdia_ad-item \">Descobrir o im\u00f3vel<\/p>\n                                <\/a>\n                            <\/div>\n                                        <\/div>\n                        <\/div>\n    <div class=\"ci-sdia_ad-item_datas\">\n        <div class=\"ci-sdia_ad-item_metas\">\n                            <a class=\"ci-sdia_ad-item_title\" href=\"https:\/\/www.carlton-international.com\/pt-pt\/annonce\/vence-moradia-com-5-quartos-num-local-tranquilo-com-piscina-aquecida\/\">Vence <\/a>\n                        <div class=\"ci-sdia_ad-item_metas-wrap\">\n                <div class=\"ci-sdia_ad-item_metas-loc\"><div>Fran\u00e7a<\/div><\/div>                                    <div class=\"ci-sdia_ad-item_metas-map\">\n                        <a target=\"_blank\" class=\"ci-sdia_ad-item_btn-icon ci-sdia_ad-item_btn-icon_map\"><span class=\"ci-sdia_hide\">Map<\/span><\/a>\n                    <\/div>\n                            <\/div>\n        <\/div>\n        <div class=\"ci-sdia_ad-item_stats \">5 quartos | <span class=\"ci-surface\">250 m\u00b2<\/span><\/div>\n        <div class=\"ci-sdia_ad-item_comp\">\n            <div class=\"ci-sdia_ad-item_footer-ref\">\n                <span><strong>Ref.<\/strong> 823<\/span>\n            <\/div>\n            <div class=\"wrap-item-price\">\n                                                                                        <div class=\"ci-sdia_ad-item_price ci-price\" data-4 data-pricemin=\"6500\" data-pricemax=\"8750\">de \u20ac6.500 a \u20ac8.750<\/div>\n                                                                            <span class=\"prix-period\" data=\"DiaSemanaM\u00easAno\"> \/ Semana<\/span>            <\/div>\n\n        <\/div>\n\n                                                        <div class=\"popup_contact_bien_div\"><\/div>\n                                    \n        <div class=\"ci-sdia_ad-item_footer-wrap\">\n            <p class=\"ci-sdia_ad-item_footer\"><a href=\"https:\/\/www.carlton-international.com\/pt-pt\/annonce\/vence-moradia-com-5-quartos-num-local-tranquilo-com-piscina-aquecida\/\">Ver o detalhe<\/a><\/p>\n            <div class=\"ci-sdia_ad-item_footer-btns\">\n                <a href=\"tel:\" class=\"ci-sdia_ad-item_footer-btn ci-sdia_ad-item_btn-icon ci-sdia_ad-item_btn-icon_phone\"><span class=\"ci-sdia_hide\">Phone<\/span><\/a>\n                <a href=\"javascript:;\" data-unique-id=\"6511740\" data-properties-id=\"4175179\" data-email=\"\" class=\"ci-sdia_ad-item_footer-btn ci-sdia_ad-item_btn-icon ci-sdia_ad-item_btn-icon_mail popup_contact_bien\"><span class=\"ci-sdia_hide\">Email<\/span><\/a>\n            <\/div>\n        <\/div>\n    <\/div>\n<\/div>\n<div class=\"ci-sdia_ad-item \" data-title=\"La Colle-sur-Loup &#8211; Propriedade excecional com 7 quartos situada em 4 hectares de parque com campo de t\u00e9nis.\" data-ref=\"794\">\n    <div class=\"cifi-item cifi-item_compact cifi-empty\"\n    id=\"cifi-item-3619780\"\n    data-id=\"3619780\"\n    data-title=\"La Colle-sur-Loup - Domaine d\u2019exception avec 7 chambres au c\u0153ur d\u2019un parc de 4 hectares avec tennis.\"\n    data-titleen=\"La Colle-sur-Loup - Exceptional 7-room estate set in 4 hectares of parkland with tennis court.\"\n    data-titlept=\"La Colle-sur-Loup - Propriedade excecional com 7 quartos situada em 4 hectares de parque com campo de t\u00e9nis.\"\n    data-titlede=\"La Colle-sur-Loup - Au\u00dfergew\u00f6hnliches Anwesen mit 7 Zimmern inmitten eines 4 Hektar gro\u00dfen Parks mit Tennisplatz.\"\n    data-titlees=\"La Colle-sur-Loup - Excepcional finca de 7 habitaciones situada en 4 hect\u00e1reas de parque con pista de tenis.\"\n    data-url=\"https:\/\/www.carlton-international.com\/annonce\/la-colle-sur-loup-domaine-dexception-avec-7-chambres-au-coeur-dun-parc-de-4-hectares-avec-tennis\/\"\n    data-urlen=\"https:\/\/www.carlton-international.com\/en\/annonce\/la-colle-sur-loup-exceptional-7-room-estate-set-in-4-hectares-of-parkland-with-tennis-court\/\"\n    data-urlpt=\"https:\/\/www.carlton-international.com\/pt-pt\/annonce\/la-colle-sur-loup-propriedade-excecional-com-7-quartos-situada-em-4-hectares-de-parque-com-campo-de-tenis\/\"\n    data-urlde=\"https:\/\/www.carlton-international.com\/de\/annonce\/la-colle-sur-loup-aussergewoehnliches-anwesen-mit-7-zimmern-inmitten-eines-4-hektar-grossen-parks-mit-tennisplatz\/\"\n    data-urles=\"https:\/\/www.carlton-international.com\/es\/annonce\/la-colle-sur-loup-excepcional-finca-de-7-habitaciones-situada-en-4-hectareas-de-parque-con-pista-de-tenis\/\"\n    data-thumb=\"https:\/\/media.apimo.pro\/cache\/4f3b74029fb8bacbc98b33c7ac839e20_a99b3fa990_1920-original.jpg\"\n    data-city=\"Saint-Paul-de-Vence\"\n    data-surface=\"\"\n    data-stats=\"Terrain: 38000 m\u00b2 | 7 chambres\"\n    data-statsen=\"Land: 38000 m\u00b2 | 7 bedrooms\"\n    data-statspt=\"Terreno: 38000 m\u00b2 | 7 quartos\"\n    data-statsde=\"Grundst\u00fcck: 38000 m\u00b2 | 7 Schlafzimmer\"\n    data-statses=\"Terreno: 38000 m\u00b2 | 7 dormitorios\"\n    data-price=\"de 37.500 \u00e0 70.000 \u20ac \/ Semaine\"\n    data-priceen=\"from \u20ac37.500 to \u20ac70.000 \/ Week\"\n    data-pricept=\"de \u20ac37.500 a \u20ac70.000 \/ Semana\"\n    data-pricede=\"von \u20ac37.500 bis \u20ac70.000 \/ Woche\"\n    data-pricees=\"de \u20ac37.500 a \u20ac70.000 \/ Semana\">\n    <a href=\"javascript:void(0);\" class=\"cifi_btn\">\n        <span class=\"cifi_btn-icon\"><\/span>\n        <span class=\"cifi_btn-text\">Adicionar \u00e0 minha sele\u00e7\u00e3o<\/span>\n    <\/a>\n<\/div>\n    <div class=\"ci-sdia_ad-item_img ab\">\n        \n        \n                                    <div class=\"slick-inner-sdia_ad-item\">\n                                                <div class=\"slide-sdia_ad-item\">\n                                <a href=\"https:\/\/www.carlton-international.com\/pt-pt\/annonce\/la-colle-sur-loup-propriedade-excecional-com-7-quartos-situada-em-4-hectares-de-parque-com-campo-de-tenis\/\">\n                                    <img decoding=\"async\" \n                                        loading=\"lazy\"\n                                        src=\"https:\/\/media.apimo.pro\/cache\/4f3b74029fb8bacbc98b33c7ac839e20_a99b3fa990_1920-original.jpg\" \n                                        alt=\"\"\n                                    \/>\n                                    <p class=\"title-slide-sdia_ad-item \">Descobrir o im\u00f3vel<\/p>\n                                <\/a>\n                            <\/div>\n                                                    <div class=\"slide-sdia_ad-item\">\n                                <a href=\"https:\/\/www.carlton-international.com\/pt-pt\/annonce\/la-colle-sur-loup-propriedade-excecional-com-7-quartos-situada-em-4-hectares-de-parque-com-campo-de-tenis\/\">\n                                    <img decoding=\"async\" \n                                        loading=\"lazy\"\n                                        src=\"https:\/\/media.apimo.pro\/cache\/f24de669b7185d931433db37b0cf1b34_cb509592e7_1920-original.jpg\" \n                                        alt=\"\"\n                                    \/>\n                                    <p class=\"title-slide-sdia_ad-item \">Descobrir o im\u00f3vel<\/p>\n                                <\/a>\n                            <\/div>\n                                                    <div class=\"slide-sdia_ad-item\">\n                                <a href=\"https:\/\/www.carlton-international.com\/pt-pt\/annonce\/la-colle-sur-loup-propriedade-excecional-com-7-quartos-situada-em-4-hectares-de-parque-com-campo-de-tenis\/\">\n                                    <img decoding=\"async\" \n                                        loading=\"lazy\"\n                                        src=\"https:\/\/media.apimo.pro\/cache\/77fae5a02ea8ac1c4102e0d1cdaa1058_0a917602f3_1920-original.jpg\" \n                                        alt=\"\"\n                                    \/>\n                                    <p class=\"title-slide-sdia_ad-item \">Descobrir o im\u00f3vel<\/p>\n                                <\/a>\n                            <\/div>\n                                        <\/div>\n                        <\/div>\n    <div class=\"ci-sdia_ad-item_datas\">\n        <div class=\"ci-sdia_ad-item_metas\">\n                            <a class=\"ci-sdia_ad-item_title\" href=\"https:\/\/www.carlton-international.com\/pt-pt\/annonce\/la-colle-sur-loup-propriedade-excecional-com-7-quartos-situada-em-4-hectares-de-parque-com-campo-de-tenis\/\">Saint-Paul-de-Vence <\/a>\n                        <div class=\"ci-sdia_ad-item_metas-wrap\">\n                <div class=\"ci-sdia_ad-item_metas-loc\"><div>Fran\u00e7a<\/div><\/div>                                    <div class=\"ci-sdia_ad-item_metas-map\">\n                        <a target=\"_blank\" class=\"ci-sdia_ad-item_btn-icon ci-sdia_ad-item_btn-icon_map\"><span class=\"ci-sdia_hide\">Map<\/span><\/a>\n                    <\/div>\n                            <\/div>\n        <\/div>\n        <div class=\"ci-sdia_ad-item_stats \">7 quartos<\/div>\n        <div class=\"ci-sdia_ad-item_comp\">\n            <div class=\"ci-sdia_ad-item_footer-ref\">\n                <span><strong>Ref.<\/strong> 794<\/span>\n            <\/div>\n            <div class=\"wrap-item-price\">\n                                                                                        <div class=\"ci-sdia_ad-item_price ci-price\" data-4 data-pricemin=\"37500\" data-pricemax=\"70000\">de \u20ac37.500 a \u20ac70.000<\/div>\n                                                                            <span class=\"prix-period\" data=\"DiaSemanaM\u00easAno\"> \/ Semana<\/span>            <\/div>\n\n        <\/div>\n\n                                                        <div class=\"popup_contact_bien_div\"><\/div>\n                                    \n        <div class=\"ci-sdia_ad-item_footer-wrap\">\n            <p class=\"ci-sdia_ad-item_footer\"><a href=\"https:\/\/www.carlton-international.com\/pt-pt\/annonce\/la-colle-sur-loup-propriedade-excecional-com-7-quartos-situada-em-4-hectares-de-parque-com-campo-de-tenis\/\">Ver o detalhe<\/a><\/p>\n            <div class=\"ci-sdia_ad-item_footer-btns\">\n                <a href=\"tel:\" class=\"ci-sdia_ad-item_footer-btn ci-sdia_ad-item_btn-icon ci-sdia_ad-item_btn-icon_phone\"><span class=\"ci-sdia_hide\">Phone<\/span><\/a>\n                <a href=\"javascript:;\" data-unique-id=\"3619780\" data-properties-id=\"4175173\" data-email=\"\" class=\"ci-sdia_ad-item_footer-btn ci-sdia_ad-item_btn-icon ci-sdia_ad-item_btn-icon_mail popup_contact_bien\"><span class=\"ci-sdia_hide\">Email<\/span><\/a>\n            <\/div>\n        <\/div>\n    <\/div>\n<\/div>\n<div class=\"ci-sdia_ad-item \" data-title=\"Vence\" data-ref=\"524\">\n    <div class=\"cifi-item cifi-item_compact cifi-empty\"\n    id=\"cifi-item-734512\"\n    data-id=\"734512\"\n    data-title=\"Vence\"\n    data-titleen=\"Vence\"\n    data-titlept=\"Vence\"\n    data-titlede=\"Vence\"\n    data-titlees=\"Vence\"\n    data-url=\"https:\/\/www.carlton-international.com\/annonce\/vence\/\"\n    data-urlen=\"https:\/\/www.carlton-international.com\/en\/annonce\/vence\/\"\n    data-urlpt=\"https:\/\/www.carlton-international.com\/pt-pt\/annonce\/vence\/\"\n    data-urlde=\"https:\/\/www.carlton-international.com\/de\/annonce\/vence\/\"\n    data-urles=\"https:\/\/www.carlton-international.com\/es\/annonce\/vence\/\"\n    data-thumb=\"https:\/\/media.apimo.pro\/cache\/59a22c9e66d7ed3604523ae263df9de1_0010f3791b_1620-original.jpg\"\n    data-city=\"Vence\"\n    data-surface=\"670 m\u00b2\"\n    data-stats=\"Terrain: 3900 m\u00b2 | 8 pi\u00e8ces | 5 chambres\"\n    data-statsen=\"Land: 3900 m\u00b2 | 8 rooms | 5 bedrooms\"\n    data-statspt=\"Terreno: 3900 m\u00b2 | 8 divis\u00f5es | 5 quartos\"\n    data-statsde=\"Grundst\u00fcck: 3900 m\u00b2 | 8 Zimmer | 5 Schlafzimmer\"\n    data-statses=\"Terreno: 3900 m\u00b2 | 8 habitaciones | 5 dormitorios\"\n    data-price=\"de 10.000 \u00e0 16.500 \u20ac \/ Semaine\"\n    data-priceen=\"from \u20ac10.000 to \u20ac16.500 \/ Week\"\n    data-pricept=\"de \u20ac10.000 a \u20ac16.500 \/ Semana\"\n    data-pricede=\"von \u20ac10.000 bis \u20ac16.500 \/ Woche\"\n    data-pricees=\"de \u20ac10.000 a \u20ac16.500 \/ Semana\">\n    <a href=\"javascript:void(0);\" class=\"cifi_btn\">\n        <span class=\"cifi_btn-icon\"><\/span>\n        <span class=\"cifi_btn-text\">Adicionar \u00e0 minha sele\u00e7\u00e3o<\/span>\n    <\/a>\n<\/div>\n    <div class=\"ci-sdia_ad-item_img ab\">\n        \n        \n                                    <div class=\"slick-inner-sdia_ad-item\">\n                                                <div class=\"slide-sdia_ad-item\">\n                                <a href=\"https:\/\/www.carlton-international.com\/pt-pt\/annonce\/vence\/\">\n                                    <img decoding=\"async\" \n                                        loading=\"lazy\"\n                                        src=\"https:\/\/media.apimo.pro\/cache\/59a22c9e66d7ed3604523ae263df9de1_0010f3791b_1620-original.jpg\" \n                                        alt=\"\"\n                                    \/>\n                                    <p class=\"title-slide-sdia_ad-item \">Descobrir o im\u00f3vel<\/p>\n                                <\/a>\n                            <\/div>\n                                                    <div class=\"slide-sdia_ad-item\">\n                                <a href=\"https:\/\/www.carlton-international.com\/pt-pt\/annonce\/vence\/\">\n                                    <img decoding=\"async\" \n                                        loading=\"lazy\"\n                                        src=\"https:\/\/media.apimo.pro\/cache\/12a0a0933f0f5464eb3afbbb275e2591_ce109a2dcf_1920-original.jpg\" \n                                        alt=\"\"\n                                    \/>\n                                    <p class=\"title-slide-sdia_ad-item \">Descobrir o im\u00f3vel<\/p>\n                                <\/a>\n                            <\/div>\n                                                    <div class=\"slide-sdia_ad-item\">\n                                <a href=\"https:\/\/www.carlton-international.com\/pt-pt\/annonce\/vence\/\">\n                                    <img decoding=\"async\" \n                                        loading=\"lazy\"\n                                        src=\"https:\/\/media.apimo.pro\/cache\/e23e7bfd6593c801c7017731f6cff406_80600be1ea_1620-original.jpg\" \n                                        alt=\"\"\n                                    \/>\n                                    <p class=\"title-slide-sdia_ad-item \">Descobrir o im\u00f3vel<\/p>\n                                <\/a>\n                            <\/div>\n                                        <\/div>\n                        <\/div>\n    <div class=\"ci-sdia_ad-item_datas\">\n        <div class=\"ci-sdia_ad-item_metas\">\n                            <a class=\"ci-sdia_ad-item_title\" href=\"https:\/\/www.carlton-international.com\/pt-pt\/annonce\/vence\/\">Vence <\/a>\n                        <div class=\"ci-sdia_ad-item_metas-wrap\">\n                <div class=\"ci-sdia_ad-item_metas-loc\"><div>Fran\u00e7a<\/div><\/div>                                    <div class=\"ci-sdia_ad-item_metas-map\">\n                        <a target=\"_blank\" class=\"ci-sdia_ad-item_btn-icon ci-sdia_ad-item_btn-icon_map\"><span class=\"ci-sdia_hide\">Map<\/span><\/a>\n                    <\/div>\n                            <\/div>\n        <\/div>\n        <div class=\"ci-sdia_ad-item_stats \">5 quartos | <span class=\"ci-surface\">670 m\u00b2<\/span> | 8 divis\u00f5es<\/div>\n        <div class=\"ci-sdia_ad-item_comp\">\n            <div class=\"ci-sdia_ad-item_footer-ref\">\n                <span><strong>Ref.<\/strong> 524<\/span>\n            <\/div>\n            <div class=\"wrap-item-price\">\n                                                                                        <div class=\"ci-sdia_ad-item_price ci-price\" data-4 data-pricemin=\"10000\" data-pricemax=\"16500\">de \u20ac10.000 a \u20ac16.500<\/div>\n                                                                            <span class=\"prix-period\" data=\"DiaSemanaM\u00easAno\"> \/ Semana<\/span>            <\/div>\n\n        <\/div>\n\n                                                        <div class=\"popup_contact_bien_div\"><\/div>\n                                    \n        <div class=\"ci-sdia_ad-item_footer-wrap\">\n            <p class=\"ci-sdia_ad-item_footer\"><a href=\"https:\/\/www.carlton-international.com\/pt-pt\/annonce\/vence\/\">Ver o detalhe<\/a><\/p>\n            <div class=\"ci-sdia_ad-item_footer-btns\">\n                <a href=\"tel:+33(0)493951111\" class=\"ci-sdia_ad-item_footer-btn ci-sdia_ad-item_btn-icon ci-sdia_ad-item_btn-icon_phone\"><span class=\"ci-sdia_hide\">Phone<\/span><\/a>\n                <a href=\"javascript:;\" data-unique-id=\"734512\" data-properties-id=\"4207441\" data-email=\"rental-team@carlton-group.com\" class=\"ci-sdia_ad-item_footer-btn ci-sdia_ad-item_btn-icon ci-sdia_ad-item_btn-icon_mail popup_contact_bien\"><span class=\"ci-sdia_hide\">Email<\/span><\/a>\n            <\/div>\n        <\/div>\n    <\/div>\n<\/div>\n<div class=\"ci-sdia_ad-item \" data-title=\"Saint-Jeannet &#8211; XI\u1d49 century castle\" data-ref=\"371\">\n    <div class=\"cifi-item cifi-item_compact cifi-empty\"\n    id=\"cifi-item-97523\"\n    data-id=\"97523\"\n    data-title=\"Saint-Jeannet \u2013 Ch\u00e2teau du XI\u1d49 si\u00e8cle\"\n    data-titleen=\"Saint-Jeannet - XI\u1d49 century castle\"\n    data-titlept=\"Saint-Jeannet - XI\u1d49 century castle\"\n    data-titlede=\"Saint-Jeannet - Schloss aus dem XI\u1d49 Jahrhundert\"\n    data-titlees=\"Saint-Jeannet - Castillo del siglo XI\"\n    data-url=\"https:\/\/www.carlton-international.com\/annonce\/saint-jeannet-chateau-du-xi%e1%b5%89-siecle\/\"\n    data-urlen=\"https:\/\/www.carlton-international.com\/en\/annonce\/saint-jeannet-xi%e1%b5%89-century-castle\/\"\n    data-urlpt=\"https:\/\/www.carlton-international.com\/pt-pt\/annonce\/saint-jeannet-xi%e1%b5%89-century-castle\/\"\n    data-urlde=\"https:\/\/www.carlton-international.com\/de\/annonce\/saint-jeannet-schloss-aus-dem-xi%e1%b5%89-jahrhundert\/\"\n    data-urles=\"https:\/\/www.carlton-international.com\/es\/annonce\/saint-jeannet-castillo-del-siglo-xi\/\"\n    data-thumb=\"https:\/\/media.apimo.pro\/cache\/038f13335ed5a33ee982af53722b6743_6260bbb084_1023-original.jpg\"\n    data-city=\"Saint-Jeannet\"\n    data-surface=\"650 m\u00b2\"\n    data-stats=\"Terrain: 30000 m\u00b2 | 13 chambres\"\n    data-statsen=\"Land: 30000 m\u00b2 | 13 bedrooms\"\n    data-statspt=\"Terreno: 30000 m\u00b2 | 13 quartos\"\n    data-statsde=\"Grundst\u00fcck: 30000 m\u00b2 | 13 Schlafzimmer\"\n    data-statses=\"Terreno: 30000 m\u00b2 | 13 dormitorios\"\n    data-price=\"de 110.000 \u00e0 110.000 \u20ac \/ Semaine\"\n    data-priceen=\"from \u20ac110.000 to \u20ac110.000 \/ Week\"\n    data-pricept=\"de \u20ac110.000 a \u20ac110.000 \/ Semana\"\n    data-pricede=\"von \u20ac110.000 bis \u20ac110.000 \/ Woche\"\n    data-pricees=\"de \u20ac110.000 a \u20ac110.000 \/ Semana\">\n    <a href=\"javascript:void(0);\" class=\"cifi_btn\">\n        <span class=\"cifi_btn-icon\"><\/span>\n        <span class=\"cifi_btn-text\">Adicionar \u00e0 minha sele\u00e7\u00e3o<\/span>\n    <\/a>\n<\/div>\n    <div class=\"ci-sdia_ad-item_img ab\">\n        \n        \n                                    <div class=\"slick-inner-sdia_ad-item\">\n                                                <div class=\"slide-sdia_ad-item\">\n                                <a href=\"https:\/\/www.carlton-international.com\/pt-pt\/annonce\/saint-jeannet-xi%e1%b5%89-century-castle\/\">\n                                    <img decoding=\"async\" \n                                        loading=\"lazy\"\n                                        src=\"https:\/\/media.apimo.pro\/cache\/038f13335ed5a33ee982af53722b6743_6260bbb084_1023-original.jpg\" \n                                        alt=\"\"\n                                    \/>\n                                    <p class=\"title-slide-sdia_ad-item \">Descobrir o im\u00f3vel<\/p>\n                                <\/a>\n                            <\/div>\n                                                    <div class=\"slide-sdia_ad-item\">\n                                <a href=\"https:\/\/www.carlton-international.com\/pt-pt\/annonce\/saint-jeannet-xi%e1%b5%89-century-castle\/\">\n                                    <img decoding=\"async\" \n                                        loading=\"lazy\"\n                                        src=\"https:\/\/media.apimo.pro\/cache\/39cdc6fc951bb282c67ac1e4c6db8e37_2b74750b11_1024-original.jpg\" \n                                        alt=\"\"\n                                    \/>\n                                    <p class=\"title-slide-sdia_ad-item \">Descobrir o im\u00f3vel<\/p>\n                                <\/a>\n                            <\/div>\n                                                    <div class=\"slide-sdia_ad-item\">\n                                <a href=\"https:\/\/www.carlton-international.com\/pt-pt\/annonce\/saint-jeannet-xi%e1%b5%89-century-castle\/\">\n                                    <img decoding=\"async\" \n                                        loading=\"lazy\"\n                                        src=\"https:\/\/media.apimo.pro\/cache\/279260ef023f034a94cffee7d09918c1_fb5fa8f620_1920-original.jpg\" \n                                        alt=\"\"\n                                    \/>\n                                    <p class=\"title-slide-sdia_ad-item \">Descobrir o im\u00f3vel<\/p>\n                                <\/a>\n                            <\/div>\n                                        <\/div>\n                        <\/div>\n    <div class=\"ci-sdia_ad-item_datas\">\n        <div class=\"ci-sdia_ad-item_metas\">\n                            <a class=\"ci-sdia_ad-item_title\" href=\"https:\/\/www.carlton-international.com\/pt-pt\/annonce\/saint-jeannet-xi%e1%b5%89-century-castle\/\">Saint-Jeannet <\/a>\n                        <div class=\"ci-sdia_ad-item_metas-wrap\">\n                <div class=\"ci-sdia_ad-item_metas-loc\"><div>Fran\u00e7a<\/div><\/div>                                    <div class=\"ci-sdia_ad-item_metas-map\">\n                        <a target=\"_blank\" class=\"ci-sdia_ad-item_btn-icon ci-sdia_ad-item_btn-icon_map\"><span class=\"ci-sdia_hide\">Map<\/span><\/a>\n                    <\/div>\n                            <\/div>\n        <\/div>\n        <div class=\"ci-sdia_ad-item_stats \">13 quartos | <span class=\"ci-surface\">650 m\u00b2<\/span><\/div>\n        <div class=\"ci-sdia_ad-item_comp\">\n            <div class=\"ci-sdia_ad-item_footer-ref\">\n                <span><strong>Ref.<\/strong> 371<\/span>\n            <\/div>\n            <div class=\"wrap-item-price\">\n                                                                                        <div class=\"ci-sdia_ad-item_price ci-price\" data-4 data-pricemin=\"110000\" data-pricemax=\"110000\">de \u20ac110.000 a \u20ac110.000<\/div>\n                                                                            <span class=\"prix-period\" data=\"DiaSemanaM\u00easAno\"> \/ Semana<\/span>            <\/div>\n\n        <\/div>\n\n                                                        <div class=\"popup_contact_bien_div\"><\/div>\n                                    \n        <div class=\"ci-sdia_ad-item_footer-wrap\">\n            <p class=\"ci-sdia_ad-item_footer\"><a href=\"https:\/\/www.carlton-international.com\/pt-pt\/annonce\/saint-jeannet-xi%e1%b5%89-century-castle\/\">Ver o detalhe<\/a><\/p>\n            <div class=\"ci-sdia_ad-item_footer-btns\">\n                <a href=\"tel:\" class=\"ci-sdia_ad-item_footer-btn ci-sdia_ad-item_btn-icon ci-sdia_ad-item_btn-icon_phone\"><span class=\"ci-sdia_hide\">Phone<\/span><\/a>\n                <a href=\"javascript:;\" data-unique-id=\"97523\" data-properties-id=\"4175116\" data-email=\"\" class=\"ci-sdia_ad-item_footer-btn ci-sdia_ad-item_btn-icon ci-sdia_ad-item_btn-icon_mail popup_contact_bien\"><span class=\"ci-sdia_hide\">Email<\/span><\/a>\n            <\/div>\n        <\/div>\n    <\/div>\n<\/div>\n        <\/div>\n        <!-- FOOTER -->\n        <div class=\"ci-dis-ads_footer\">\n            <!-- PAGINATION -->\n            <div class=\"ci-dis-ads_pagination\">\n                            <\/div>\n        <\/div>\n                 <\/div>\n<\/div>\n\t\t\t\t\t\t<\/div>\n\t\t\t\t\t<\/div>\n\t\t<\/div>\n\t\t\t\t\t<\/div>\n\t\t<\/section>\n\t\t\t\t<\/div>\n\t\t","protected":false},"excerpt":{"rendered":"<p>Cagnes-sur-Mer La Colle-sur-Loup Le Bar-sur-Loup Le Rouret Roquefort-les-Pins Saint-Jeannet Saint-Laurent-du-Var Saint-Paul de Vence Tourrettes-sur-Loup Vence Villeneuve-Loubet<\/p>\n","protected":false},"author":2,"featured_media":0,"parent":1152918,"menu_order":0,"comment_status":"closed","ping_status":"closed","template":"","meta":{"_acf_changed":false,"footnotes":"","_wp_rev_ctl_limit":""},"class_list":["post-1152915","page","type-page","status-publish","hentry"],"acf":[],"yoast_head":"<!-- This site is optimized with the Yoast SEO Premium plugin v20.11 (Yoast SEO v26.5) - https:\/\/yoast.com\/wordpress\/plugins\/seo\/ -->\n<title>Saint Paul de Vence &amp; Arredores - Carlton International<\/title>\n<meta name=\"robots\" content=\"index, follow, max-snippet:-1, max-image-preview:large, max-video-preview:-1\" \/>\n<link rel=\"canonical\" href=\"https:\/\/www.carlton-international.com\/pt-pt\/arrendamento\/cote-dazur\/aluguel-de-temporada\/saint-paul-de-vence-arredores\/\" \/>\n<meta property=\"og:locale\" content=\"pt_PT\" \/>\n<meta property=\"og:type\" content=\"article\" \/>\n<meta property=\"og:title\" content=\"Saint Paul de Vence &amp; Arredores\" \/>\n<meta property=\"og:url\" content=\"https:\/\/www.carlton-international.com\/pt-pt\/arrendamento\/cote-dazur\/aluguel-de-temporada\/saint-paul-de-vence-arredores\/\" \/>\n<meta property=\"og:site_name\" content=\"Carlton International\" \/>\n<meta property=\"article:publisher\" content=\"https:\/\/www.facebook.com\/CarltonInternationalRealEstate\/\" \/>\n<meta property=\"article:modified_time\" content=\"2025-07-01T09:26:19+00:00\" \/>\n<meta name=\"twitter:card\" content=\"summary_large_image\" \/>\n<meta name=\"twitter:site\" content=\"@CarltonInter\" \/>\n<meta name=\"twitter:label1\" content=\"Tempo estimado de leitura\" \/>\n\t<meta name=\"twitter:data1\" content=\"4 minutos\" \/>\n<script type=\"application\/ld+json\" class=\"yoast-schema-graph\">{\"@context\":\"https:\/\/schema.org\",\"@graph\":[{\"@type\":\"WebPage\",\"@id\":\"https:\/\/www.carlton-international.com\/pt-pt\/arrendamento\/cote-dazur\/aluguel-de-temporada\/saint-paul-de-vence-arredores\/\",\"url\":\"https:\/\/www.carlton-international.com\/pt-pt\/arrendamento\/cote-dazur\/aluguel-de-temporada\/saint-paul-de-vence-arredores\/\",\"name\":\"Saint Paul de Vence & Arredores - Carlton International\",\"isPartOf\":{\"@id\":\"https:\/\/www.carlton-international.com\/pt-pt\/#website\"},\"datePublished\":\"2023-07-12T08:33:42+00:00\",\"dateModified\":\"2025-07-01T09:26:19+00:00\",\"breadcrumb\":{\"@id\":\"https:\/\/www.carlton-international.com\/pt-pt\/arrendamento\/cote-dazur\/aluguel-de-temporada\/saint-paul-de-vence-arredores\/#breadcrumb\"},\"inLanguage\":\"pt-PT\",\"potentialAction\":[{\"@type\":\"ReadAction\",\"target\":[\"https:\/\/www.carlton-international.com\/pt-pt\/arrendamento\/cote-dazur\/aluguel-de-temporada\/saint-paul-de-vence-arredores\/\"]}]},{\"@type\":\"BreadcrumbList\",\"@id\":\"https:\/\/www.carlton-international.com\/pt-pt\/arrendamento\/cote-dazur\/aluguel-de-temporada\/saint-paul-de-vence-arredores\/#breadcrumb\",\"itemListElement\":[{\"@type\":\"ListItem\",\"position\":1,\"name\":\"Accueil\",\"item\":\"https:\/\/www.carlton-international.com\/pt-pt\/\"},{\"@type\":\"ListItem\",\"position\":2,\"name\":\"Arrendamento\",\"item\":\"https:\/\/www.carlton-international.com\/pt-pt\/arrendamento\/\"},{\"@type\":\"ListItem\",\"position\":3,\"name\":\"C\u00f4te d&#8217;Azur\",\"item\":\"https:\/\/www.carlton-international.com\/pt-pt\/arrendamento\/cote-dazur\/\"},{\"@type\":\"ListItem\",\"position\":4,\"name\":\"Aluguel de temporada\",\"item\":\"https:\/\/www.carlton-international.com\/pt-pt\/arrendamento\/cote-dazur\/aluguel-de-temporada\/\"},{\"@type\":\"ListItem\",\"position\":5,\"name\":\"Saint Paul de Vence &#038; Arredores\"}]},{\"@type\":\"WebSite\",\"@id\":\"https:\/\/www.carlton-international.com\/pt-pt\/#website\",\"url\":\"https:\/\/www.carlton-international.com\/pt-pt\/\",\"name\":\"Carlton International\",\"description\":\"Luxury Real Estate in France and Internationally\",\"publisher\":{\"@id\":\"https:\/\/www.carlton-international.com\/pt-pt\/#organization\"},\"alternateName\":\"Carlton\",\"potentialAction\":[{\"@type\":\"SearchAction\",\"target\":{\"@type\":\"EntryPoint\",\"urlTemplate\":\"https:\/\/www.carlton-international.com\/pt-pt\/?s={search_term_string}\"},\"query-input\":{\"@type\":\"PropertyValueSpecification\",\"valueRequired\":true,\"valueName\":\"search_term_string\"}}],\"inLanguage\":\"pt-PT\"},{\"@type\":\"Organization\",\"@id\":\"https:\/\/www.carlton-international.com\/pt-pt\/#organization\",\"name\":\"Carlton International\",\"alternateName\":\"Carlton\",\"url\":\"https:\/\/www.carlton-international.com\/pt-pt\/\",\"logo\":{\"@type\":\"ImageObject\",\"inLanguage\":\"pt-PT\",\"@id\":\"https:\/\/www.carlton-international.com\/pt-pt\/#\/schema\/logo\/image\/\",\"url\":\"https:\/\/www.carlton-international.com\/wp-content\/uploads\/2024\/10\/logo-square-1.jpg\",\"contentUrl\":\"https:\/\/www.carlton-international.com\/wp-content\/uploads\/2024\/10\/logo-square-1.jpg\",\"width\":240,\"height\":240,\"caption\":\"Carlton International\"},\"image\":{\"@id\":\"https:\/\/www.carlton-international.com\/pt-pt\/#\/schema\/logo\/image\/\"},\"sameAs\":[\"https:\/\/www.facebook.com\/CarltonInternationalRealEstate\/\",\"https:\/\/x.com\/CarltonInter\",\"https:\/\/www.instagram.com\/carlton.international\/\",\"https:\/\/www.linkedin.com\/company\/carlton-international\/mycompany\/\",\"https:\/\/www.youtube.com\/channel\/UC45DFaSawRRikZFLqr2C_XQ\"]}]}<\/script>\n<!-- \/ Yoast SEO Premium plugin. -->","yoast_head_json":{"title":"Saint Paul de Vence & Arredores - Carlton International","robots":{"index":"index","follow":"follow","max-snippet":"max-snippet:-1","max-image-preview":"max-image-preview:large","max-video-preview":"max-video-preview:-1"},"canonical":"https:\/\/www.carlton-international.com\/pt-pt\/arrendamento\/cote-dazur\/aluguel-de-temporada\/saint-paul-de-vence-arredores\/","og_locale":"pt_PT","og_type":"article","og_title":"Saint Paul de Vence & Arredores","og_url":"https:\/\/www.carlton-international.com\/pt-pt\/arrendamento\/cote-dazur\/aluguel-de-temporada\/saint-paul-de-vence-arredores\/","og_site_name":"Carlton International","article_publisher":"https:\/\/www.facebook.com\/CarltonInternationalRealEstate\/","article_modified_time":"2025-07-01T09:26:19+00:00","twitter_card":"summary_large_image","twitter_site":"@CarltonInter","twitter_misc":{"Tempo estimado de leitura":"4 minutos"},"schema":{"@context":"https:\/\/schema.org","@graph":[{"@type":"WebPage","@id":"https:\/\/www.carlton-international.com\/pt-pt\/arrendamento\/cote-dazur\/aluguel-de-temporada\/saint-paul-de-vence-arredores\/","url":"https:\/\/www.carlton-international.com\/pt-pt\/arrendamento\/cote-dazur\/aluguel-de-temporada\/saint-paul-de-vence-arredores\/","name":"Saint Paul de Vence & Arredores - Carlton International","isPartOf":{"@id":"https:\/\/www.carlton-international.com\/pt-pt\/#website"},"datePublished":"2023-07-12T08:33:42+00:00","dateModified":"2025-07-01T09:26:19+00:00","breadcrumb":{"@id":"https:\/\/www.carlton-international.com\/pt-pt\/arrendamento\/cote-dazur\/aluguel-de-temporada\/saint-paul-de-vence-arredores\/#breadcrumb"},"inLanguage":"pt-PT","potentialAction":[{"@type":"ReadAction","target":["https:\/\/www.carlton-international.com\/pt-pt\/arrendamento\/cote-dazur\/aluguel-de-temporada\/saint-paul-de-vence-arredores\/"]}]},{"@type":"BreadcrumbList","@id":"https:\/\/www.carlton-international.com\/pt-pt\/arrendamento\/cote-dazur\/aluguel-de-temporada\/saint-paul-de-vence-arredores\/#breadcrumb","itemListElement":[{"@type":"ListItem","position":1,"name":"Accueil","item":"https:\/\/www.carlton-international.com\/pt-pt\/"},{"@type":"ListItem","position":2,"name":"Arrendamento","item":"https:\/\/www.carlton-international.com\/pt-pt\/arrendamento\/"},{"@type":"ListItem","position":3,"name":"C\u00f4te d&#8217;Azur","item":"https:\/\/www.carlton-international.com\/pt-pt\/arrendamento\/cote-dazur\/"},{"@type":"ListItem","position":4,"name":"Aluguel de temporada","item":"https:\/\/www.carlton-international.com\/pt-pt\/arrendamento\/cote-dazur\/aluguel-de-temporada\/"},{"@type":"ListItem","position":5,"name":"Saint Paul de Vence &#038; Arredores"}]},{"@type":"WebSite","@id":"https:\/\/www.carlton-international.com\/pt-pt\/#website","url":"https:\/\/www.carlton-international.com\/pt-pt\/","name":"Carlton International","description":"Luxury Real Estate in France and Internationally","publisher":{"@id":"https:\/\/www.carlton-international.com\/pt-pt\/#organization"},"alternateName":"Carlton","potentialAction":[{"@type":"SearchAction","target":{"@type":"EntryPoint","urlTemplate":"https:\/\/www.carlton-international.com\/pt-pt\/?s={search_term_string}"},"query-input":{"@type":"PropertyValueSpecification","valueRequired":true,"valueName":"search_term_string"}}],"inLanguage":"pt-PT"},{"@type":"Organization","@id":"https:\/\/www.carlton-international.com\/pt-pt\/#organization","name":"Carlton International","alternateName":"Carlton","url":"https:\/\/www.carlton-international.com\/pt-pt\/","logo":{"@type":"ImageObject","inLanguage":"pt-PT","@id":"https:\/\/www.carlton-international.com\/pt-pt\/#\/schema\/logo\/image\/","url":"https:\/\/www.carlton-international.com\/wp-content\/uploads\/2024\/10\/logo-square-1.jpg","contentUrl":"https:\/\/www.carlton-international.com\/wp-content\/uploads\/2024\/10\/logo-square-1.jpg","width":240,"height":240,"caption":"Carlton International"},"image":{"@id":"https:\/\/www.carlton-international.com\/pt-pt\/#\/schema\/logo\/image\/"},"sameAs":["https:\/\/www.facebook.com\/CarltonInternationalRealEstate\/","https:\/\/x.com\/CarltonInter","https:\/\/www.instagram.com\/carlton.international\/","https:\/\/www.linkedin.com\/company\/carlton-international\/mycompany\/","https:\/\/www.youtube.com\/channel\/UC45DFaSawRRikZFLqr2C_XQ"]}]}},"jetpack_sharing_enabled":true,"_links":{"self":[{"href":"https:\/\/www.carlton-international.com\/pt-pt\/wp-json\/wp\/v2\/pages\/1152915","targetHints":{"allow":["GET"]}}],"collection":[{"href":"https:\/\/www.carlton-international.com\/pt-pt\/wp-json\/wp\/v2\/pages"}],"about":[{"href":"https:\/\/www.carlton-international.com\/pt-pt\/wp-json\/wp\/v2\/types\/page"}],"author":[{"embeddable":true,"href":"https:\/\/www.carlton-international.com\/pt-pt\/wp-json\/wp\/v2\/users\/2"}],"replies":[{"embeddable":true,"href":"https:\/\/www.carlton-international.com\/pt-pt\/wp-json\/wp\/v2\/comments?post=1152915"}],"version-history":[{"count":0,"href":"https:\/\/www.carlton-international.com\/pt-pt\/wp-json\/wp\/v2\/pages\/1152915\/revisions"}],"up":[{"embeddable":true,"href":"https:\/\/www.carlton-international.com\/pt-pt\/wp-json\/wp\/v2\/pages\/1152918"}],"wp:attachment":[{"href":"https:\/\/www.carlton-international.com\/pt-pt\/wp-json\/wp\/v2\/media?parent=1152915"}],"curies":[{"name":"wp","href":"https:\/\/api.w.org\/{rel}","templated":true}]}}