{"id":4303653,"date":"2025-06-25T14:31:11","date_gmt":"2025-06-25T12:31:11","guid":{"rendered":"https:\/\/www.carlton-international.com\/annonce\/moradia-excecional-a-uma-curta-distancia-a-pe-das-praias-com-vistas-panoramicas-sobre-o-mar-e-duas-casas-de-hospedes\/"},"modified":"2026-04-25T00:11:40","modified_gmt":"2026-04-24T22:11:40","slug":"moradia-excecional-a-uma-curta-distancia-a-pe-das-praias-com-vistas-panoramicas-sobre-o-mar-e-duas-casas-de-hospedes","status":"publish","type":"annonce","link":"https:\/\/www.carlton-international.com\/pt-pt\/annonce\/moradia-excecional-a-uma-curta-distancia-a-pe-das-praias-com-vistas-panoramicas-sobre-o-mar-e-duas-casas-de-hospedes\/","title":{"rendered":"Moradia excecional a uma curta dist\u00e2ncia a p\u00e9 das praias, com vistas panor\u00e2micas sobre o mar e duas casas de h\u00f3spedes"},"content":{"rendered":"<p>Esta propriedade do final do s\u00e9culo XIX \u00e9 um desses lugares raros, quase imposs\u00edvel de encontrar hoje na Riviera. Cuidadosamente restaurada, manteve a alma e a amplitude da \u00e9poca, oferecendo um n\u00edvel de conforto perfeitamente adequado \u00e0 vida contempor\u00e2nea.<\/p>\n<p>A moradia tem vista para o Mediterr\u00e2neo e para a pen\u00ednsula de Saint-Jean-Cap-Ferrat. A qualquer hora do dia, sentir-se-\u00e1 a proximidade do mar, a luz e a calma. As praias privadas de \u00c8ze Bord-de-Mer podem ser alcan\u00e7adas a p\u00e9 em menos de dois minutos, uma localiza\u00e7\u00e3o excecional para esta zona. O porto, os restaurantes e os caf\u00e9s de Beaulieu-sur-Mer est\u00e3o a poucos minutos de dist\u00e2ncia, assim como o Principado do M\u00f3naco.<\/p>\n<p>A propriedade oferece cerca de 550 m\u00b2 de \u00e1rea habitacional, divididos entre a moradia principal (aprox. 400 m\u00b2) e uma casa de h\u00f3spedes independente. Incluindo a capela hist\u00f3rica e duas garagens, a \u00e1rea total de constru\u00e7\u00e3o \u00e9 de cerca de 730 m\u00b2.<\/p>\n<p>A moradia principal est\u00e1 distribu\u00edda por quatro pisos e conta atualmente com dez quartos. A renova\u00e7\u00e3o foi efectuada de acordo com a arquitetura original, com especial aten\u00e7\u00e3o aos volumes, \u00e0 circula\u00e7\u00e3o e \u00e0 qualidade dos equipamentos.<\/p>\n<p>No n\u00edvel do jardim, um vasto hall de entrada conduz \u00e0s \u00e1reas de rece\u00e7\u00e3o, que se abrem para o exterior: a sala principal, a sala de televis\u00e3o e uma grande cozinha que flui naturalmente para uma verdadeira sala de jantar. Todo o complexo se abre diretamente para o jardim paisag\u00edstico, organizado em torno de uma fonte e de uma piscina discretamente colocada, oferecendo uma vista extraordin\u00e1ria sobre o Mediterr\u00e2neo e a pen\u00ednsula de Saint-Jean-Cap-Ferrat.<br \/>\nUma casa de piscina com cozinha de ver\u00e3o totalmente equipada completa harmoniosamente os espa\u00e7os exteriores.<\/p>\n<p>Uma ampla escadaria conduz ao primeiro andar, onde o propriet\u00e1rio criou um vasto espa\u00e7o privado, incluindo um escrit\u00f3rio com vista para o mar que se abre para um sal\u00e3o \u00edntimo. Este espa\u00e7o pode ser facilmente reconfigurado na sua disposi\u00e7\u00e3o original em dois quartos. Este piso inclui ainda um quarto adicional com quarto de vestir e casa de banho privativa, bem como uma agrad\u00e1vel varanda virada a sul.<\/p>\n<p>O segundo andar, com cerca de 115 m\u00b2, \u00e9 inteiramente dedicado a uma grande suite principal, composta por uma \u00e1rea de dormir, quarto de vestir, casa de banho completa e varanda privada com vista para o mar.<\/p>\n<p>No topo da moradia, um terra\u00e7o de 65 m\u00b2 oferece uma vista panor\u00e2mica excecional. Atualmente utilizado como lavandaria e \u00e1rea t\u00e9cnica, pode ser redesenhado de acordo com os desejos do futuro propriet\u00e1rio e adaptado a diferentes utiliza\u00e7\u00f5es.<\/p>\n<p>Os h\u00f3spedes s\u00e3o recebidos numa casa de h\u00f3spedes independente com cerca de 155 m\u00b2, composta por uma espa\u00e7osa sala de estar com cozinha em plano aberto, um escrit\u00f3rio, uma sala de cinema, uma casa de banho e uma varanda privada com vistas maravilhosas para o mar.<\/p>\n<p>Uma carater\u00edstica rara e rica em hist\u00f3ria, a propriedade inclui tamb\u00e9m uma capela consagrada, refor\u00e7ando o car\u00e1cter patrimonial \u00fanico desta propriedade.<br \/>\nV\u00e1rios lugares de estacionamento exteriores proporcionam espa\u00e7o para os ve\u00edculos dos h\u00f3spedes, enquanto duas garagens com cerca de 90 m\u00b2 s\u00e3o ideais para alojar uma cole\u00e7\u00e3o de carros. Uma estufa completa a propriedade, oferecendo a oportunidade de cultivar plantas raras ou criar uma horta, beneficiando do clima mediterr\u00e2nico ameno.<\/p>\n<p>Ficheiro completo dispon\u00edvel mediante pedido qualificado, ref. PE-00238A<\/p>\n","protected":false},"featured_media":0,"menu_order":0,"template":"","secteurs":[3373,3373,9293,9293,3418,1680,3368,3372],"service":[90,92,69,97,71,94],"tags":[7905,8794,7896,7897,7895,8970,8829,113,99,4083,1150,89,4545,1303,4550,4085],"type_de_bien":[3407,8479],"type_annonce":[3409,3409],"class_list":{"0":"post-4303653","1":"annonce","2":"type-annonce","3":"status-publish","4":"hentry","5":"secteurs-alpes-maritimes-pt-pt","7":"secteurs-alpes-maritimes-en-41","9":"secteurs-eze-pt-pt","10":"secteurs-eze-en","11":"secteurs-france-en","12":"secteurs-france-pt-pt","13":"service-air-conditionne","14":"service-alarme","15":"service-cheminee","16":"service-eclairage-exterieur","17":"service-piscine","18":"service-video-surveillance","19":"tags-appartement-ou-maison-dinvites","20":"tags-coups-de-coeur-ne-pas-toucher-audrey-uniquement","21":"tags-diagnostiques-techniques","22":"tags-passeport-id","23":"tags-site-carlton-international","24":"tags-tracfin_modelo-ne-pas-toucher-filippo-uniquement","25":"tags-vue-mer","26":"tags-a-pied-des-plages","27":"tags-cadre-silencieux","28":"tags-emplacement-exceptionnel","29":"tags-grand-garage","30":"tags-mer","31":"tags-plateformes","32":"tags-propriete-dexception","33":"tags-titre-de-propriete","34":"tags-vue-exceptionnelle","35":"type_de_bien-casa","36":"type_de_bien-maison-pt-pt","37":"type_annonce-venda"},"acf":[],"yoast_head":"<!-- This site is optimized with the Yoast SEO Premium plugin v20.11 (Yoast SEO v26.5) - https:\/\/yoast.com\/wordpress\/plugins\/seo\/ -->\n<title>Moradia excecional a uma curta dist\u00e2ncia a p\u00e9 das praias, com vistas panor\u00e2micas sobre o mar e duas casas de h\u00f3spedes - Carlton International<\/title>\n<meta name=\"robots\" content=\"index, follow, max-snippet:-1, max-image-preview:large, max-video-preview:-1\" \/>\n<link rel=\"canonical\" href=\"https:\/\/www.carlton-international.com\/pt-pt\/annonce\/moradia-excecional-a-uma-curta-distancia-a-pe-das-praias-com-vistas-panoramicas-sobre-o-mar-e-duas-casas-de-hospedes\/\" \/>\n<meta property=\"og:locale\" content=\"pt_PT\" \/>\n<meta property=\"og:type\" content=\"article\" \/>\n<meta property=\"og:title\" content=\"Moradia excecional a uma curta dist\u00e2ncia a p\u00e9 das praias, com vistas panor\u00e2micas sobre o mar e duas casas de h\u00f3spedes\" \/>\n<meta property=\"og:url\" content=\"https:\/\/www.carlton-international.com\/pt-pt\/annonce\/moradia-excecional-a-uma-curta-distancia-a-pe-das-praias-com-vistas-panoramicas-sobre-o-mar-e-duas-casas-de-hospedes\/\" \/>\n<meta property=\"og:site_name\" content=\"Carlton International\" \/>\n<meta property=\"article:publisher\" content=\"https:\/\/www.facebook.com\/CarltonInternationalRealEstate\/\" \/>\n<meta property=\"article:modified_time\" content=\"2026-04-24T22:11:40+00:00\" \/>\n<meta name=\"twitter:card\" content=\"summary_large_image\" \/>\n<meta name=\"twitter:site\" content=\"@CarltonInter\" \/>\n<meta name=\"twitter:label1\" content=\"Tempo estimado de leitura\" \/>\n\t<meta name=\"twitter:data1\" content=\"3 minutos\" \/>\n<script type=\"application\/ld+json\" class=\"yoast-schema-graph\">{\"@context\":\"https:\/\/schema.org\",\"@graph\":[{\"@type\":\"WebPage\",\"@id\":\"https:\/\/www.carlton-international.com\/pt-pt\/annonce\/moradia-excecional-a-uma-curta-distancia-a-pe-das-praias-com-vistas-panoramicas-sobre-o-mar-e-duas-casas-de-hospedes\/\",\"url\":\"https:\/\/www.carlton-international.com\/pt-pt\/annonce\/moradia-excecional-a-uma-curta-distancia-a-pe-das-praias-com-vistas-panoramicas-sobre-o-mar-e-duas-casas-de-hospedes\/\",\"name\":\"Moradia excecional a uma curta dist\u00e2ncia a p\u00e9 das praias, com vistas panor\u00e2micas sobre o mar e duas casas de h\u00f3spedes - Carlton International\",\"isPartOf\":{\"@id\":\"https:\/\/www.carlton-international.com\/pt-pt\/#website\"},\"datePublished\":\"2025-06-25T12:31:11+00:00\",\"dateModified\":\"2026-04-24T22:11:40+00:00\",\"breadcrumb\":{\"@id\":\"https:\/\/www.carlton-international.com\/pt-pt\/annonce\/moradia-excecional-a-uma-curta-distancia-a-pe-das-praias-com-vistas-panoramicas-sobre-o-mar-e-duas-casas-de-hospedes\/#breadcrumb\"},\"inLanguage\":\"pt-PT\",\"potentialAction\":[{\"@type\":\"ReadAction\",\"target\":[\"https:\/\/www.carlton-international.com\/pt-pt\/annonce\/moradia-excecional-a-uma-curta-distancia-a-pe-das-praias-com-vistas-panoramicas-sobre-o-mar-e-duas-casas-de-hospedes\/\"]}]},{\"@type\":\"BreadcrumbList\",\"@id\":\"https:\/\/www.carlton-international.com\/pt-pt\/annonce\/moradia-excecional-a-uma-curta-distancia-a-pe-das-praias-com-vistas-panoramicas-sobre-o-mar-e-duas-casas-de-hospedes\/#breadcrumb\",\"itemListElement\":[{\"@type\":\"ListItem\",\"position\":1,\"name\":\"Accueil\",\"item\":\"https:\/\/www.carlton-international.com\/pt-pt\/\"},{\"@type\":\"ListItem\",\"position\":2,\"name\":\"Moradia excecional a uma curta dist\u00e2ncia a p\u00e9 das praias, com vistas panor\u00e2micas sobre o mar e duas casas de h\u00f3spedes\"}]},{\"@type\":\"WebSite\",\"@id\":\"https:\/\/www.carlton-international.com\/pt-pt\/#website\",\"url\":\"https:\/\/www.carlton-international.com\/pt-pt\/\",\"name\":\"Carlton International\",\"description\":\"Luxury Real Estate in France and Internationally\",\"publisher\":{\"@id\":\"https:\/\/www.carlton-international.com\/pt-pt\/#organization\"},\"alternateName\":\"Carlton\",\"potentialAction\":[{\"@type\":\"SearchAction\",\"target\":{\"@type\":\"EntryPoint\",\"urlTemplate\":\"https:\/\/www.carlton-international.com\/pt-pt\/?s={search_term_string}\"},\"query-input\":{\"@type\":\"PropertyValueSpecification\",\"valueRequired\":true,\"valueName\":\"search_term_string\"}}],\"inLanguage\":\"pt-PT\"},{\"@type\":\"Organization\",\"@id\":\"https:\/\/www.carlton-international.com\/pt-pt\/#organization\",\"name\":\"Carlton International\",\"alternateName\":\"Carlton\",\"url\":\"https:\/\/www.carlton-international.com\/pt-pt\/\",\"logo\":{\"@type\":\"ImageObject\",\"inLanguage\":\"pt-PT\",\"@id\":\"https:\/\/www.carlton-international.com\/pt-pt\/#\/schema\/logo\/image\/\",\"url\":\"https:\/\/www.carlton-international.com\/wp-content\/uploads\/2024\/10\/logo-square-1.jpg\",\"contentUrl\":\"https:\/\/www.carlton-international.com\/wp-content\/uploads\/2024\/10\/logo-square-1.jpg\",\"width\":240,\"height\":240,\"caption\":\"Carlton International\"},\"image\":{\"@id\":\"https:\/\/www.carlton-international.com\/pt-pt\/#\/schema\/logo\/image\/\"},\"sameAs\":[\"https:\/\/www.facebook.com\/CarltonInternationalRealEstate\/\",\"https:\/\/x.com\/CarltonInter\",\"https:\/\/www.instagram.com\/carlton.international\/\",\"https:\/\/www.linkedin.com\/company\/carlton-international\/mycompany\/\",\"https:\/\/www.youtube.com\/channel\/UC45DFaSawRRikZFLqr2C_XQ\"]}]}<\/script>\n<!-- \/ Yoast SEO Premium plugin. -->","yoast_head_json":{"title":"Moradia excecional a uma curta dist\u00e2ncia a p\u00e9 das praias, com vistas panor\u00e2micas sobre o mar e duas casas de h\u00f3spedes - Carlton International","robots":{"index":"index","follow":"follow","max-snippet":"max-snippet:-1","max-image-preview":"max-image-preview:large","max-video-preview":"max-video-preview:-1"},"canonical":"https:\/\/www.carlton-international.com\/pt-pt\/annonce\/moradia-excecional-a-uma-curta-distancia-a-pe-das-praias-com-vistas-panoramicas-sobre-o-mar-e-duas-casas-de-hospedes\/","og_locale":"pt_PT","og_type":"article","og_title":"Moradia excecional a uma curta dist\u00e2ncia a p\u00e9 das praias, com vistas panor\u00e2micas sobre o mar e duas casas de h\u00f3spedes","og_url":"https:\/\/www.carlton-international.com\/pt-pt\/annonce\/moradia-excecional-a-uma-curta-distancia-a-pe-das-praias-com-vistas-panoramicas-sobre-o-mar-e-duas-casas-de-hospedes\/","og_site_name":"Carlton International","article_publisher":"https:\/\/www.facebook.com\/CarltonInternationalRealEstate\/","article_modified_time":"2026-04-24T22:11:40+00:00","twitter_card":"summary_large_image","twitter_site":"@CarltonInter","twitter_misc":{"Tempo estimado de leitura":"3 minutos"},"schema":{"@context":"https:\/\/schema.org","@graph":[{"@type":"WebPage","@id":"https:\/\/www.carlton-international.com\/pt-pt\/annonce\/moradia-excecional-a-uma-curta-distancia-a-pe-das-praias-com-vistas-panoramicas-sobre-o-mar-e-duas-casas-de-hospedes\/","url":"https:\/\/www.carlton-international.com\/pt-pt\/annonce\/moradia-excecional-a-uma-curta-distancia-a-pe-das-praias-com-vistas-panoramicas-sobre-o-mar-e-duas-casas-de-hospedes\/","name":"Moradia excecional a uma curta dist\u00e2ncia a p\u00e9 das praias, com vistas panor\u00e2micas sobre o mar e duas casas de h\u00f3spedes - Carlton International","isPartOf":{"@id":"https:\/\/www.carlton-international.com\/pt-pt\/#website"},"datePublished":"2025-06-25T12:31:11+00:00","dateModified":"2026-04-24T22:11:40+00:00","breadcrumb":{"@id":"https:\/\/www.carlton-international.com\/pt-pt\/annonce\/moradia-excecional-a-uma-curta-distancia-a-pe-das-praias-com-vistas-panoramicas-sobre-o-mar-e-duas-casas-de-hospedes\/#breadcrumb"},"inLanguage":"pt-PT","potentialAction":[{"@type":"ReadAction","target":["https:\/\/www.carlton-international.com\/pt-pt\/annonce\/moradia-excecional-a-uma-curta-distancia-a-pe-das-praias-com-vistas-panoramicas-sobre-o-mar-e-duas-casas-de-hospedes\/"]}]},{"@type":"BreadcrumbList","@id":"https:\/\/www.carlton-international.com\/pt-pt\/annonce\/moradia-excecional-a-uma-curta-distancia-a-pe-das-praias-com-vistas-panoramicas-sobre-o-mar-e-duas-casas-de-hospedes\/#breadcrumb","itemListElement":[{"@type":"ListItem","position":1,"name":"Accueil","item":"https:\/\/www.carlton-international.com\/pt-pt\/"},{"@type":"ListItem","position":2,"name":"Moradia excecional a uma curta dist\u00e2ncia a p\u00e9 das praias, com vistas panor\u00e2micas sobre o mar e duas casas de h\u00f3spedes"}]},{"@type":"WebSite","@id":"https:\/\/www.carlton-international.com\/pt-pt\/#website","url":"https:\/\/www.carlton-international.com\/pt-pt\/","name":"Carlton International","description":"Luxury Real Estate in France and Internationally","publisher":{"@id":"https:\/\/www.carlton-international.com\/pt-pt\/#organization"},"alternateName":"Carlton","potentialAction":[{"@type":"SearchAction","target":{"@type":"EntryPoint","urlTemplate":"https:\/\/www.carlton-international.com\/pt-pt\/?s={search_term_string}"},"query-input":{"@type":"PropertyValueSpecification","valueRequired":true,"valueName":"search_term_string"}}],"inLanguage":"pt-PT"},{"@type":"Organization","@id":"https:\/\/www.carlton-international.com\/pt-pt\/#organization","name":"Carlton International","alternateName":"Carlton","url":"https:\/\/www.carlton-international.com\/pt-pt\/","logo":{"@type":"ImageObject","inLanguage":"pt-PT","@id":"https:\/\/www.carlton-international.com\/pt-pt\/#\/schema\/logo\/image\/","url":"https:\/\/www.carlton-international.com\/wp-content\/uploads\/2024\/10\/logo-square-1.jpg","contentUrl":"https:\/\/www.carlton-international.com\/wp-content\/uploads\/2024\/10\/logo-square-1.jpg","width":240,"height":240,"caption":"Carlton International"},"image":{"@id":"https:\/\/www.carlton-international.com\/pt-pt\/#\/schema\/logo\/image\/"},"sameAs":["https:\/\/www.facebook.com\/CarltonInternationalRealEstate\/","https:\/\/x.com\/CarltonInter","https:\/\/www.instagram.com\/carlton.international\/","https:\/\/www.linkedin.com\/company\/carlton-international\/mycompany\/","https:\/\/www.youtube.com\/channel\/UC45DFaSawRRikZFLqr2C_XQ"]}]}},"jetpack_sharing_enabled":true,"_links":{"self":[{"href":"https:\/\/www.carlton-international.com\/pt-pt\/wp-json\/wp\/v2\/annonce\/4303653","targetHints":{"allow":["GET"]}}],"collection":[{"href":"https:\/\/www.carlton-international.com\/pt-pt\/wp-json\/wp\/v2\/annonce"}],"about":[{"href":"https:\/\/www.carlton-international.com\/pt-pt\/wp-json\/wp\/v2\/types\/annonce"}],"wp:attachment":[{"href":"https:\/\/www.carlton-international.com\/pt-pt\/wp-json\/wp\/v2\/media?parent=4303653"}],"wp:term":[{"taxonomy":"secteurs","embeddable":true,"href":"https:\/\/www.carlton-international.com\/pt-pt\/wp-json\/wp\/v2\/secteurs?post=4303653"},{"taxonomy":"service","embeddable":true,"href":"https:\/\/www.carlton-international.com\/pt-pt\/wp-json\/wp\/v2\/service?post=4303653"},{"taxonomy":"tags","embeddable":true,"href":"https:\/\/www.carlton-international.com\/pt-pt\/wp-json\/wp\/v2\/tags?post=4303653"},{"taxonomy":"type_de_bien","embeddable":true,"href":"https:\/\/www.carlton-international.com\/pt-pt\/wp-json\/wp\/v2\/type_de_bien?post=4303653"},{"taxonomy":"type_annonce","embeddable":true,"href":"https:\/\/www.carlton-international.com\/pt-pt\/wp-json\/wp\/v2\/type_annonce?post=4303653"}],"curies":[{"name":"wp","href":"https:\/\/api.w.org\/{rel}","templated":true}]}}