{"id":4259028,"date":"2025-11-20T08:46:18","date_gmt":"2025-11-20T07:46:18","guid":{"rendered":"https:\/\/www.carlton-international.com\/?page_id=4259028"},"modified":"2025-11-21T05:06:13","modified_gmt":"2025-11-21T04:06:13","slug":"frente-al-mar","status":"publish","type":"page","link":"https:\/\/www.carlton-international.com\/es\/alquiler\/frente-al-mar\/","title":{"rendered":"Frente al mar"},"content":{"rendered":"\t\t<div data-elementor-type=\"wp-page\" data-elementor-id=\"4259028\" class=\"elementor elementor-4259028 elementor-4259024\" data-elementor-post-type=\"page\">\n\t\t\t\t<div class=\"elementor-element elementor-element-7a9634d e-flex e-con-boxed e-con e-parent\" data-id=\"7a9634d\" data-element_type=\"container\" data-settings=\"{&quot;background_background&quot;:&quot;classic&quot;,&quot;jet_parallax_layout_list&quot;:[]}\">\n\t\t\t\t\t<div class=\"e-con-inner\">\n\t\t\t\t<div class=\"elementor-element elementor-element-eb0326c elementor-widget elementor-widget-heading\" data-id=\"eb0326c\" data-element_type=\"widget\" data-widget_type=\"heading.default\">\n\t\t\t\t\t<h1 class=\"elementor-heading-title elementor-size-default\">COLECCI\u00d3N : Frente al mar<\/h1>\t\t\t\t<\/div>\n\t\t\t\t\t<\/div>\n\t\t\t\t<\/div>\n\t\t\t\t<section class=\"elementor-section elementor-top-section elementor-element elementor-element-792e6aa7 elementor-section-boxed elementor-section-height-default elementor-section-height-default\" data-id=\"792e6aa7\" data-element_type=\"section\" data-settings=\"{&quot;jet_parallax_layout_list&quot;:[]}\">\n\t\t\t\t\t\t<div class=\"elementor-container elementor-column-gap-default\">\n\t\t\t\t\t<div class=\"elementor-column elementor-col-100 elementor-top-column elementor-element elementor-element-4ab2cffd\" data-id=\"4ab2cffd\" data-element_type=\"column\">\n\t\t\t<div class=\"elementor-widget-wrap elementor-element-populated\">\n\t\t\t\t\t\t<div class=\"elementor-element elementor-element-3f80d67 elementor-widget elementor-widget-shortcode\" data-id=\"3f80d67\" data-element_type=\"widget\" data-widget_type=\"shortcode.default\">\n\t\t\t\t\t\t\t<div class=\"elementor-shortcode\">    <div class=\"ci-dis-ads_wrapper\" data-id-page=\"4259028\" id=\"ci-ads-results\">\n                <!-- TOTAL RESULTS -->\n        <div class=\"ci-dis-ads_total_results aa\">\n            <div class=\"ci-dis-description_contact_results a2345 4259028\">\n            \n                <p>\n                <a href=\"https:\/\/www.carlton-international.com\/es\/alquiler\/\">alquiler<\/a> &gt; <a href=\"https:\/\/www.carlton-international.com\/es\/alquiler\/frente-al-mar\/\">frente al mar<\/a> &gt; <span data-id=\"4259028\">6 r\u00e9sultats<\/span>                <\/p>\n                            <\/div>\n        <\/div>\n                    <!-- HEADER -->\n            <div class=\"ci-dis-ads_header\">\n                <!-- PAGINATION -->\n                <div class=\"ci-dis-ads_pagination\">\n                                    <\/div>\n                <!-- SORT -->\n\n                                    <div class=\"ci-dis-ads_sort\">\n                                                    <select class=\"ci-dis-ads_price-filter\" name=\"ci-dis-ads_price-filter\" id=\"ci-dis-ads_price-filter\">\n                                <option value=\"\">Ordenar por precio<\/option>\n                                <option value=\"low_to_hight\"> &#8593 Precio ascendente<\/option>\n                                <option value=\"hight_to_low\"> &#8595 Precio descendente<\/option>\n                            <\/select>\n                                            <\/div>\n                    <!-- DISPLAY -->\n                    <div class=\"ci-dis-ads_disp\">\n                                                    <button class=\"ci-dis-ads_btn-filter \" data-display=\"list\">Lista<\/button>\n                            <button class=\"ci-dis-ads_btn-filter ci-dis-ads_btn-active\" data-display=\"grid\">Mosaico<\/button>\n                                            <\/div>\n                            <\/div>\n                <!-- CONTENT -->\n        <div class=\"ci-dis-ads_content ci-disp-grid\">\n            <div class=\"ci-sdia_ad-item \" data-title=\"SAINT RAPHAEL &#8211; Sublime propiedad frente al mar con acceso privado a la playa\" data-ref=\"995\">\n    <div class=\"cifi-item cifi-item_compact cifi-empty\"\n    id=\"cifi-item-84114619\"\n    data-id=\"84114619\"\n    data-title=\"SAINT RAPHAEL - Sublime propri\u00e9t\u00e9 pieds dans l&#039;eau avec acc\u00e8s priv\u00e9 \u00e0 la plage\"\n    data-titleen=\"SAINT RAPHAEL - Magnificent water front property with a private access to the beach\"\n    data-titlept=\"SAINT RAPHAEL - Magnificent water front property with a private access to the beach\"\n    data-titlede=\"SAINT RAPHAEL - Magnificent water front property with a private access to the beach\"\n    data-titlees=\"SAINT RAPHAEL - Sublime propiedad frente al mar con acceso privado a la playa\"\n    data-url=\"https:\/\/www.carlton-international.com\/annonce\/saint-raphael-sublime-propriete-pieds-dans-leau-avec-acces-prive-a-la-plage\/\"\n    data-urlen=\"https:\/\/www.carlton-international.com\/en\/annonce\/saint-raphael-magnificent-water-front-property-with-a-private-access-to-the-beach\/\"\n    data-urlpt=\"https:\/\/www.carlton-international.com\/pt-pt\/annonce\/saint-raphael-magnificent-water-front-property-with-a-private-access-to-the-beach\/\"\n    data-urlde=\"https:\/\/www.carlton-international.com\/de\/annonce\/saint-raphael-magnificent-water-front-property-with-a-private-access-to-the-beach\/\"\n    data-urles=\"https:\/\/www.carlton-international.com\/es\/annonce\/saint-raphael-sublime-propiedad-frente-al-mar-con-acceso-privado-a-la-playa\/\"\n    data-thumb=\"https:\/\/media.apimo.pro\/cache\/35c34dafcfb4b98db8ea23f32588ba84_0f5b8f0559_1920-original.jpg\"\n    data-city=\"Saint-Rapha\u00ebl\"\n    data-surface=\"450 m\u00b2\"\n    data-stats=\"Terrain: 3000 m\u00b2 | 11 pi\u00e8ces | 6 chambres\"\n    data-statsen=\"Land: 3000 m\u00b2 | 11 rooms | 6 bedrooms\"\n    data-statspt=\"Terreno: 3000 m\u00b2 | 11 divis\u00f5es | 6 quartos\"\n    data-statsde=\"Grundst\u00fcck: 3000 m\u00b2 | 11 Zimmer | 6 Schlafzimmer\"\n    data-statses=\"Terreno: 3000 m\u00b2 | 11 habitaciones | 6 dormitorios\"\n    data-price=\"de 25.000 \u00e0 37.500 \u20ac \/ Semaine\"\n    data-priceen=\"from \u20ac25.000 to \u20ac37.500 \/ Week\"\n    data-pricept=\"de \u20ac25.000 a \u20ac37.500 \/ Semana\"\n    data-pricede=\"von \u20ac25.000 bis \u20ac37.500 \/ Woche\"\n    data-pricees=\"de \u20ac25.000 a \u20ac37.500 \/ Semana\">\n    <a href=\"javascript:void(0);\" class=\"cifi_btn\">\n        <span class=\"cifi_btn-icon\"><\/span>\n        <span class=\"cifi_btn-text\">Add to favorite<\/span>\n    <\/a>\n<\/div>\n    <div class=\"ci-sdia_ad-item_img ab\">\n        \n        \n                                    <div class=\"slick-inner-sdia_ad-item\">\n                                                <div class=\"slide-sdia_ad-item\">\n                                <a href=\"https:\/\/www.carlton-international.com\/es\/annonce\/saint-raphael-sublime-propiedad-frente-al-mar-con-acceso-privado-a-la-playa\/\">\n                                    <img decoding=\"async\" \n                                        loading=\"lazy\"\n                                        src=\"https:\/\/media.apimo.pro\/cache\/35c34dafcfb4b98db8ea23f32588ba84_0f5b8f0559_1920-original.jpg\" \n                                        alt=\"\"\n                                    \/>\n                                    <p class=\"title-slide-sdia_ad-item \">Descubrir la propiedad<\/p>\n                                <\/a>\n                            <\/div>\n                                                    <div class=\"slide-sdia_ad-item\">\n                                <a href=\"https:\/\/www.carlton-international.com\/es\/annonce\/saint-raphael-sublime-propiedad-frente-al-mar-con-acceso-privado-a-la-playa\/\">\n                                    <img decoding=\"async\" \n                                        loading=\"lazy\"\n                                        src=\"https:\/\/media.apimo.pro\/cache\/b2fa8430c73b4bdc2f69830657b1dc1f_081c4e92aa_1920-original.jpg\" \n                                        alt=\"\"\n                                    \/>\n                                    <p class=\"title-slide-sdia_ad-item \">Descubrir la propiedad<\/p>\n                                <\/a>\n                            <\/div>\n                                                    <div class=\"slide-sdia_ad-item\">\n                                <a href=\"https:\/\/www.carlton-international.com\/es\/annonce\/saint-raphael-sublime-propiedad-frente-al-mar-con-acceso-privado-a-la-playa\/\">\n                                    <img decoding=\"async\" \n                                        loading=\"lazy\"\n                                        src=\"https:\/\/media.apimo.pro\/cache\/e75f630764706eff0042a7dc187d88fd_322363647a_1920-original.jpg\" \n                                        alt=\"\"\n                                    \/>\n                                    <p class=\"title-slide-sdia_ad-item \">Descubrir la propiedad<\/p>\n                                <\/a>\n                            <\/div>\n                                        <\/div>\n                        <\/div>\n    <div class=\"ci-sdia_ad-item_datas\">\n        <div class=\"ci-sdia_ad-item_metas\">\n                            <a class=\"ci-sdia_ad-item_title\" href=\"https:\/\/www.carlton-international.com\/es\/annonce\/saint-raphael-sublime-propiedad-frente-al-mar-con-acceso-privado-a-la-playa\/\">Saint-Rapha\u00ebl <\/a>\n                        <div class=\"ci-sdia_ad-item_metas-wrap\">\n                <div class=\"ci-sdia_ad-item_metas-loc\"><div>Francia<\/div><\/div>                                    <div class=\"ci-sdia_ad-item_metas-map\">\n                        <a target=\"_blank\" class=\"ci-sdia_ad-item_btn-icon ci-sdia_ad-item_btn-icon_map\"><span class=\"ci-sdia_hide\">Map<\/span><\/a>\n                    <\/div>\n                            <\/div>\n        <\/div>\n        <div class=\"ci-sdia_ad-item_stats \">6 dormitorios | <span class=\"ci-surface\">450 m\u00b2<\/span> | 11 habitaciones<\/div>\n        <div class=\"ci-sdia_ad-item_comp\">\n            <div class=\"ci-sdia_ad-item_footer-ref\">\n                <span><strong>Ref.<\/strong> 995<\/span>\n            <\/div>\n            <div class=\"wrap-item-price\">\n                                                                                        <div class=\"ci-sdia_ad-item_price ci-price\" data-4 data-pricemin=\"25000\" data-pricemax=\"37500\">de \u20ac25.000 a \u20ac37.500<\/div>\n                                                                            <span class=\"prix-period\" data=\"D\u00edaSemanaMesA\u00f1o\"> \/ Semana<\/span>            <\/div>\n\n        <\/div>\n\n                                                        <div class=\"popup_contact_bien_div\"><\/div>\n                                    \n        <div class=\"ci-sdia_ad-item_footer-wrap\">\n            <p class=\"ci-sdia_ad-item_footer\"><a href=\"https:\/\/www.carlton-international.com\/es\/annonce\/saint-raphael-sublime-propiedad-frente-al-mar-con-acceso-privado-a-la-playa\/\">Ver detalles<\/a><\/p>\n            <div class=\"ci-sdia_ad-item_footer-btns\">\n                <a href=\"tel:\" class=\"ci-sdia_ad-item_footer-btn ci-sdia_ad-item_btn-icon ci-sdia_ad-item_btn-icon_phone\"><span class=\"ci-sdia_hide\">Phone<\/span><\/a>\n                <a href=\"javascript:;\" data-unique-id=\"84114619\" data-properties-id=\"3708293\" data-email=\"\" class=\"ci-sdia_ad-item_footer-btn ci-sdia_ad-item_btn-icon ci-sdia_ad-item_btn-icon_mail popup_contact_bien\"><span class=\"ci-sdia_hide\">Email<\/span><\/a>\n            <\/div>\n        <\/div>\n    <\/div>\n<\/div>\n<div class=\"ci-sdia_ad-item \" data-title=\"\u00abLes Parcs\u00bb &#8211; waterfront property\" data-ref=\"ST1601\">\n    <div class=\"cifi-item cifi-item_compact cifi-empty\"\n    id=\"cifi-item-883288\"\n    data-id=\"883288\"\n    data-title=\"Les Parcs - Pied dans l&#039;eau\"\n    data-titleen=\"&quot;Les Parcs&quot; - waterfront property\"\n    data-titlept=\"&quot;Les Parcs&quot; - waterfront property\"\n    data-titlede=\"&quot;Les Parcs&quot; - waterfront property\"\n    data-titlees=\"&quot;Les Parcs&quot; - waterfront property\"\n    data-url=\"https:\/\/www.carlton-international.com\/annonce\/les-parcs-pied-dans-leau\/\"\n    data-urlen=\"https:\/\/www.carlton-international.com\/en\/annonce\/les-parcs-waterfront-property\/\"\n    data-urlpt=\"https:\/\/www.carlton-international.com\/pt-pt\/annonce\/les-parcs-waterfront-property\/\"\n    data-urlde=\"https:\/\/www.carlton-international.com\/de\/annonce\/les-parcs-waterfront-property\/\"\n    data-urles=\"https:\/\/www.carlton-international.com\/es\/annonce\/les-parcs-waterfront-property\/\"\n    data-thumb=\"https:\/\/media.apimo.pro\/cache\/f8fba9e4fd3f1d0c4b7429f55f3392d9_9874aee836_1920-original.jpg\"\n    data-city=\"Saint-Tropez\"\n    data-surface=\"400 m\u00b2\"\n    data-stats=\"Terrain: 5154 m\u00b2 | 10 pi\u00e8ces | 6 chambres\"\n    data-statsen=\"Land: 5154 m\u00b2 | 10 rooms | 6 bedrooms\"\n    data-statspt=\"Terreno: 5154 m\u00b2 | 10 divis\u00f5es | 6 quartos\"\n    data-statsde=\"Grundst\u00fcck: 5154 m\u00b2 | 10 Zimmer | 6 Schlafzimmer\"\n    data-statses=\"Terreno: 5154 m\u00b2 | 10 habitaciones | 6 dormitorios\"\n    data-price=\"de 110.000 \u00e0 165.000 \u20ac \/ Semaine\"\n    data-priceen=\"from \u20ac110.000 to \u20ac165.000 \/ Week\"\n    data-pricept=\"de \u20ac110.000 a \u20ac165.000 \/ Semana\"\n    data-pricede=\"von \u20ac110.000 bis \u20ac165.000 \/ Woche\"\n    data-pricees=\"de \u20ac110.000 a \u20ac165.000 \/ Semana\">\n    <a href=\"javascript:void(0);\" class=\"cifi_btn\">\n        <span class=\"cifi_btn-icon\"><\/span>\n        <span class=\"cifi_btn-text\">Add to favorite<\/span>\n    <\/a>\n<\/div>\n    <div class=\"ci-sdia_ad-item_img ab\">\n        \n        \n                                    <div class=\"slick-inner-sdia_ad-item\">\n                                                <div class=\"slide-sdia_ad-item\">\n                                <a href=\"https:\/\/www.carlton-international.com\/es\/annonce\/les-parcs-waterfront-property\/\">\n                                    <img decoding=\"async\" \n                                        loading=\"lazy\"\n                                        src=\"https:\/\/media.apimo.pro\/cache\/f8fba9e4fd3f1d0c4b7429f55f3392d9_9874aee836_1920-original.jpg\" \n                                        alt=\"\"\n                                    \/>\n                                    <p class=\"title-slide-sdia_ad-item \">Descubrir la propiedad<\/p>\n                                <\/a>\n                            <\/div>\n                                                    <div class=\"slide-sdia_ad-item\">\n                                <a href=\"https:\/\/www.carlton-international.com\/es\/annonce\/les-parcs-waterfront-property\/\">\n                                    <img decoding=\"async\" \n                                        loading=\"lazy\"\n                                        src=\"https:\/\/media.apimo.pro\/cache\/c40087f6a600ff1ee2e0e0a037d74b27_aa749bbfb7_1920-original.jpg\" \n                                        alt=\"\"\n                                    \/>\n                                    <p class=\"title-slide-sdia_ad-item \">Descubrir la propiedad<\/p>\n                                <\/a>\n                            <\/div>\n                                                    <div class=\"slide-sdia_ad-item\">\n                                <a href=\"https:\/\/www.carlton-international.com\/es\/annonce\/les-parcs-waterfront-property\/\">\n                                    <img decoding=\"async\" \n                                        loading=\"lazy\"\n                                        src=\"https:\/\/media.apimo.pro\/cache\/9ac0124be1e2431f10bd5203b83cebd6_0c90c97513_1920-original.jpg\" \n                                        alt=\"\"\n                                    \/>\n                                    <p class=\"title-slide-sdia_ad-item \">Descubrir la propiedad<\/p>\n                                <\/a>\n                            <\/div>\n                                        <\/div>\n                        <\/div>\n    <div class=\"ci-sdia_ad-item_datas\">\n        <div class=\"ci-sdia_ad-item_metas\">\n                            <a class=\"ci-sdia_ad-item_title\" href=\"https:\/\/www.carlton-international.com\/es\/annonce\/les-parcs-waterfront-property\/\">Saint-Tropez <\/a>\n                        <div class=\"ci-sdia_ad-item_metas-wrap\">\n                <div class=\"ci-sdia_ad-item_metas-loc\"><div>Francia<\/div><\/div>                                    <div class=\"ci-sdia_ad-item_metas-map\">\n                        <a target=\"_blank\" class=\"ci-sdia_ad-item_btn-icon ci-sdia_ad-item_btn-icon_map\"><span class=\"ci-sdia_hide\">Map<\/span><\/a>\n                    <\/div>\n                            <\/div>\n        <\/div>\n        <div class=\"ci-sdia_ad-item_stats \">6 dormitorios | <span class=\"ci-surface\">400 m\u00b2<\/span> | 10 habitaciones<\/div>\n        <div class=\"ci-sdia_ad-item_comp\">\n            <div class=\"ci-sdia_ad-item_footer-ref\">\n                <span><strong>Ref.<\/strong> ST1601<\/span>\n            <\/div>\n            <div class=\"wrap-item-price\">\n                                                                                        <div class=\"ci-sdia_ad-item_price ci-price\" data-4 data-pricemin=\"110000\" data-pricemax=\"165000\">de \u20ac110.000 a \u20ac165.000<\/div>\n                                                                            <span class=\"prix-period\" data=\"D\u00edaSemanaMesA\u00f1o\"> \/ Semana<\/span>            <\/div>\n\n        <\/div>\n\n                                                        <div class=\"popup_contact_bien_div\"><\/div>\n                                    \n        <div class=\"ci-sdia_ad-item_footer-wrap\">\n            <p class=\"ci-sdia_ad-item_footer\"><a href=\"https:\/\/www.carlton-international.com\/es\/annonce\/les-parcs-waterfront-property\/\">Ver detalles<\/a><\/p>\n            <div class=\"ci-sdia_ad-item_footer-btns\">\n                <a href=\"tel:+33(0)493951111\" class=\"ci-sdia_ad-item_footer-btn ci-sdia_ad-item_btn-icon ci-sdia_ad-item_btn-icon_phone\"><span class=\"ci-sdia_hide\">Phone<\/span><\/a>\n                <a href=\"javascript:;\" data-unique-id=\"883288\" data-properties-id=\"2164926\" data-email=\"rental-team@carlton-group.com\" class=\"ci-sdia_ad-item_footer-btn ci-sdia_ad-item_btn-icon ci-sdia_ad-item_btn-icon_mail popup_contact_bien\"><span class=\"ci-sdia_hide\">Email<\/span><\/a>\n            <\/div>\n        <\/div>\n    <\/div>\n<\/div>\n<div class=\"ci-sdia_ad-item \" data-title=\"Cap d&#8217;Antibes &#8211; Villa frente al mar con impresionantes vistas y acceso privado al mar\" data-ref=\"519\">\n    <div class=\"cifi-item cifi-item_compact cifi-empty\"\n    id=\"cifi-item-706525\"\n    data-id=\"706525\"\n    data-title=\"Cap d\u2019Antibes \u2013 Villa pieds dans l\u2019eau avec vue imprenable et acc\u00e8s priv\u00e9 \u00e0 la mer\"\n    data-titleen=\"Cap d&#039;Antibes - Waterfront villa with breathtaking views and private sea access\"\n    data-titlept=\"Cap d&#039;Antibes - Moradia \u00e0 beira-mar com vistas deslumbrantes e acesso privado ao mar\"\n    data-titlede=\"Cap d&#039;Antibes - Villa direkt am Wasser mit atemberaubender Aussicht und privatem Zugang zum Meer\"\n    data-titlees=\"Cap d&#039;Antibes - Villa frente al mar con impresionantes vistas y acceso privado al mar\"\n    data-url=\"https:\/\/www.carlton-international.com\/annonce\/cap-dantibes-villa-pieds-dans-leau-avec-vue-imprenable-et-acces-prive-a-la-mer\/\"\n    data-urlen=\"https:\/\/www.carlton-international.com\/en\/annonce\/cap-dantibes-waterfront-villa-with-breathtaking-views-and-private-sea-access\/\"\n    data-urlpt=\"https:\/\/www.carlton-international.com\/pt-pt\/annonce\/cap-dantibes-moradia-a-beira-mar-com-vistas-deslumbrantes-e-acesso-privado-ao-mar\/\"\n    data-urlde=\"https:\/\/www.carlton-international.com\/de\/annonce\/cap-dantibes-villa-direkt-am-wasser-mit-atemberaubender-aussicht-und-privatem-zugang-zum-meer\/\"\n    data-urles=\"https:\/\/www.carlton-international.com\/es\/annonce\/cap-dantibes-villa-frente-al-mar-con-impresionantes-vistas-y-acceso-privado-al-mar\/\"\n    data-thumb=\"https:\/\/media.apimo.pro\/cache\/60aa56bcb9844e347e3298e1474e168f_38853e25e1_1920-original.jpg\"\n    data-city=\"Antibes\"\n    data-surface=\"470 m\u00b2\"\n    data-stats=\"Terrain: 1650 m\u00b2 | 14 pi\u00e8ces | 6 chambres\"\n    data-statsen=\"Land: 1650 m\u00b2 | 14 rooms | 6 bedrooms\"\n    data-statspt=\"Terreno: 1650 m\u00b2 | 14 divis\u00f5es | 6 quartos\"\n    data-statsde=\"Grundst\u00fcck: 1650 m\u00b2 | 14 Zimmer | 6 Schlafzimmer\"\n    data-statses=\"Terreno: 1650 m\u00b2 | 14 habitaciones | 6 dormitorios\"\n    data-price=\"de 17.500 \u00e0 60.000 \u20ac \/ Semaine\"\n    data-priceen=\"from \u20ac17.500 to \u20ac60.000 \/ Week\"\n    data-pricept=\"de \u20ac17.500 a \u20ac60.000 \/ Semana\"\n    data-pricede=\"von \u20ac17.500 bis \u20ac60.000 \/ Woche\"\n    data-pricees=\"de \u20ac17.500 a \u20ac60.000 \/ Semana\">\n    <a href=\"javascript:void(0);\" class=\"cifi_btn\">\n        <span class=\"cifi_btn-icon\"><\/span>\n        <span class=\"cifi_btn-text\">Add to favorite<\/span>\n    <\/a>\n<\/div>\n    <div class=\"ci-sdia_ad-item_img ab\">\n        \n        \n                                    <div class=\"slick-inner-sdia_ad-item\">\n                                                <div class=\"slide-sdia_ad-item\">\n                                <a href=\"https:\/\/www.carlton-international.com\/es\/annonce\/cap-dantibes-villa-frente-al-mar-con-impresionantes-vistas-y-acceso-privado-al-mar\/\">\n                                    <img decoding=\"async\" \n                                        loading=\"lazy\"\n                                        src=\"https:\/\/media.apimo.pro\/cache\/60aa56bcb9844e347e3298e1474e168f_38853e25e1_1920-original.jpg\" \n                                        alt=\"\"\n                                    \/>\n                                    <p class=\"title-slide-sdia_ad-item \">Descubrir la propiedad<\/p>\n                                <\/a>\n                            <\/div>\n                                                    <div class=\"slide-sdia_ad-item\">\n                                <a href=\"https:\/\/www.carlton-international.com\/es\/annonce\/cap-dantibes-villa-frente-al-mar-con-impresionantes-vistas-y-acceso-privado-al-mar\/\">\n                                    <img decoding=\"async\" \n                                        loading=\"lazy\"\n                                        src=\"https:\/\/media.apimo.pro\/cache\/483dccceab3204d1f8a6da8017e4bd94_ad4108016d_1920-original.jpg\" \n                                        alt=\"\"\n                                    \/>\n                                    <p class=\"title-slide-sdia_ad-item \">Descubrir la propiedad<\/p>\n                                <\/a>\n                            <\/div>\n                                                    <div class=\"slide-sdia_ad-item\">\n                                <a href=\"https:\/\/www.carlton-international.com\/es\/annonce\/cap-dantibes-villa-frente-al-mar-con-impresionantes-vistas-y-acceso-privado-al-mar\/\">\n                                    <img decoding=\"async\" \n                                        loading=\"lazy\"\n                                        src=\"https:\/\/media.apimo.pro\/cache\/9dd7f9bef862fa1f52d15e4a7c3366e7_74ead2fe92_1920-original.jpg\" \n                                        alt=\"\"\n                                    \/>\n                                    <p class=\"title-slide-sdia_ad-item \">Descubrir la propiedad<\/p>\n                                <\/a>\n                            <\/div>\n                                        <\/div>\n                        <\/div>\n    <div class=\"ci-sdia_ad-item_datas\">\n        <div class=\"ci-sdia_ad-item_metas\">\n                            <a class=\"ci-sdia_ad-item_title\" href=\"https:\/\/www.carlton-international.com\/es\/annonce\/cap-dantibes-villa-frente-al-mar-con-impresionantes-vistas-y-acceso-privado-al-mar\/\">Antibes <\/a>\n                        <div class=\"ci-sdia_ad-item_metas-wrap\">\n                <div class=\"ci-sdia_ad-item_metas-loc\"><div>Francia<\/div><\/div>                                    <div class=\"ci-sdia_ad-item_metas-map\">\n                        <a target=\"_blank\" class=\"ci-sdia_ad-item_btn-icon ci-sdia_ad-item_btn-icon_map\"><span class=\"ci-sdia_hide\">Map<\/span><\/a>\n                    <\/div>\n                            <\/div>\n        <\/div>\n        <div class=\"ci-sdia_ad-item_stats \">6 dormitorios | <span class=\"ci-surface\">470 m\u00b2<\/span> | 14 habitaciones<\/div>\n        <div class=\"ci-sdia_ad-item_comp\">\n            <div class=\"ci-sdia_ad-item_footer-ref\">\n                <span><strong>Ref.<\/strong> 519<\/span>\n            <\/div>\n            <div class=\"wrap-item-price\">\n                                                                                        <div class=\"ci-sdia_ad-item_price ci-price\" data-4 data-pricemin=\"17500\" data-pricemax=\"60000\">de \u20ac17.500 a \u20ac60.000<\/div>\n                                                                            <span class=\"prix-period\" data=\"D\u00edaSemanaMesA\u00f1o\"> \/ Semana<\/span>            <\/div>\n\n        <\/div>\n\n                                                        <div class=\"popup_contact_bien_div\"><\/div>\n                                    \n        <div class=\"ci-sdia_ad-item_footer-wrap\">\n            <p class=\"ci-sdia_ad-item_footer\"><a href=\"https:\/\/www.carlton-international.com\/es\/annonce\/cap-dantibes-villa-frente-al-mar-con-impresionantes-vistas-y-acceso-privado-al-mar\/\">Ver detalles<\/a><\/p>\n            <div class=\"ci-sdia_ad-item_footer-btns\">\n                <a href=\"tel:+33(0)493951111\" class=\"ci-sdia_ad-item_footer-btn ci-sdia_ad-item_btn-icon ci-sdia_ad-item_btn-icon_phone\"><span class=\"ci-sdia_hide\">Phone<\/span><\/a>\n                <a href=\"javascript:;\" data-unique-id=\"706525\" data-properties-id=\"3904876\" data-email=\"rental-team@carlton-group.com\" class=\"ci-sdia_ad-item_footer-btn ci-sdia_ad-item_btn-icon ci-sdia_ad-item_btn-icon_mail popup_contact_bien\"><span class=\"ci-sdia_hide\">Email<\/span><\/a>\n            <\/div>\n        <\/div>\n    <\/div>\n<\/div>\n<div class=\"ci-sdia_ad-item \" data-title=\"Exquisite villa with direct access to the beach in the Bay of Saint Tropez\" data-ref=\"ST1308\">\n    <div class=\"cifi-item cifi-item_compact cifi-empty\"\n    id=\"cifi-item-420323\"\n    data-id=\"420323\"\n    data-title=\"Superbe villa avec acc\u00e8s plage dans le Golfe de Saint Tropez\"\n    data-titleen=\"Exquisite villa with direct access to the beach in the Bay of Saint Tropez\"\n    data-titlept=\"Exquisite villa with direct access to the beach in the Bay of Saint Tropez\"\n    data-titlede=\"Exquisite villa with direct access to the beach in the Bay of Saint Tropez\"\n    data-titlees=\"Exquisite villa with direct access to the beach in the Bay of Saint Tropez\"\n    data-url=\"https:\/\/www.carlton-international.com\/annonce\/superbe-villa-avec-acces-plage-dans-le-golfe-de-saint-tropez\/\"\n    data-urlen=\"https:\/\/www.carlton-international.com\/en\/annonce\/exquisite-villa-with-direct-access-to-the-beach-in-the-bay-of-saint-tropez\/\"\n    data-urlpt=\"https:\/\/www.carlton-international.com\/pt-pt\/annonce\/exquisite-villa-with-direct-access-to-the-beach-in-the-bay-of-saint-tropez\/\"\n    data-urlde=\"https:\/\/www.carlton-international.com\/de\/annonce\/exquisite-villa-with-direct-access-to-the-beach-in-the-bay-of-saint-tropez\/\"\n    data-urles=\"https:\/\/www.carlton-international.com\/es\/annonce\/exquisite-villa-with-direct-access-to-the-beach-in-the-bay-of-saint-tropez\/\"\n    data-thumb=\"https:\/\/media.apimo.pro\/cache\/668df805ee8958b4d241c5e7012c0866_08562f076c_1920-original.jpg\"\n    data-city=\"Sainte-Maxime\"\n    data-surface=\"900 m\u00b2\"\n    data-stats=\"Terrain: 10000 m\u00b2 | 11 chambres\"\n    data-statsen=\"Land: 10000 m\u00b2 | 11 bedrooms\"\n    data-statspt=\"Terreno: 10000 m\u00b2 | 11 quartos\"\n    data-statsde=\"Grundst\u00fcck: 10000 m\u00b2 | 11 Schlafzimmer\"\n    data-statses=\"Terreno: 10000 m\u00b2 | 11 dormitorios\"\n    data-price=\"de 43.750 \u00e0 120.000 \u20ac \/ Semaine\"\n    data-priceen=\"from \u20ac43.750 to \u20ac120.000 \/ Week\"\n    data-pricept=\"de \u20ac43.750 a \u20ac120.000 \/ Semana\"\n    data-pricede=\"von \u20ac43.750 bis \u20ac120.000 \/ Woche\"\n    data-pricees=\"de \u20ac43.750 a \u20ac120.000 \/ Semana\">\n    <a href=\"javascript:void(0);\" class=\"cifi_btn\">\n        <span class=\"cifi_btn-icon\"><\/span>\n        <span class=\"cifi_btn-text\">Add to favorite<\/span>\n    <\/a>\n<\/div>\n    <div class=\"ci-sdia_ad-item_img ab\">\n        \n        \n                                    <div class=\"slick-inner-sdia_ad-item\">\n                                                <div class=\"slide-sdia_ad-item\">\n                                <a href=\"https:\/\/www.carlton-international.com\/es\/annonce\/exquisite-villa-with-direct-access-to-the-beach-in-the-bay-of-saint-tropez\/\">\n                                    <img decoding=\"async\" \n                                        loading=\"lazy\"\n                                        src=\"https:\/\/media.apimo.pro\/cache\/668df805ee8958b4d241c5e7012c0866_08562f076c_1920-original.jpg\" \n                                        alt=\"\"\n                                    \/>\n                                    <p class=\"title-slide-sdia_ad-item \">Descubrir la propiedad<\/p>\n                                <\/a>\n                            <\/div>\n                                                    <div class=\"slide-sdia_ad-item\">\n                                <a href=\"https:\/\/www.carlton-international.com\/es\/annonce\/exquisite-villa-with-direct-access-to-the-beach-in-the-bay-of-saint-tropez\/\">\n                                    <img decoding=\"async\" \n                                        loading=\"lazy\"\n                                        src=\"https:\/\/media.apimo.pro\/cache\/1300761618c704d82fc3ea4973086755_f03a0f9386_1920-original.jpg\" \n                                        alt=\"\"\n                                    \/>\n                                    <p class=\"title-slide-sdia_ad-item \">Descubrir la propiedad<\/p>\n                                <\/a>\n                            <\/div>\n                                                    <div class=\"slide-sdia_ad-item\">\n                                <a href=\"https:\/\/www.carlton-international.com\/es\/annonce\/exquisite-villa-with-direct-access-to-the-beach-in-the-bay-of-saint-tropez\/\">\n                                    <img decoding=\"async\" \n                                        loading=\"lazy\"\n                                        src=\"https:\/\/media.apimo.pro\/cache\/203e4f3bcda392d423505bc7c4fe47ff_aafbc51d6b_1920-original.jpg\" \n                                        alt=\"\"\n                                    \/>\n                                    <p class=\"title-slide-sdia_ad-item \">Descubrir la propiedad<\/p>\n                                <\/a>\n                            <\/div>\n                                        <\/div>\n                        <\/div>\n    <div class=\"ci-sdia_ad-item_datas\">\n        <div class=\"ci-sdia_ad-item_metas\">\n                            <a class=\"ci-sdia_ad-item_title\" href=\"https:\/\/www.carlton-international.com\/es\/annonce\/exquisite-villa-with-direct-access-to-the-beach-in-the-bay-of-saint-tropez\/\">Sainte-Maxime <\/a>\n                        <div class=\"ci-sdia_ad-item_metas-wrap\">\n                <div class=\"ci-sdia_ad-item_metas-loc\"><div>Francia<\/div><\/div>                                    <div class=\"ci-sdia_ad-item_metas-map\">\n                        <a target=\"_blank\" class=\"ci-sdia_ad-item_btn-icon ci-sdia_ad-item_btn-icon_map\"><span class=\"ci-sdia_hide\">Map<\/span><\/a>\n                    <\/div>\n                            <\/div>\n        <\/div>\n        <div class=\"ci-sdia_ad-item_stats \">11 dormitorios | <span class=\"ci-surface\">900 m\u00b2<\/span><\/div>\n        <div class=\"ci-sdia_ad-item_comp\">\n            <div class=\"ci-sdia_ad-item_footer-ref\">\n                <span><strong>Ref.<\/strong> ST1308<\/span>\n            <\/div>\n            <div class=\"wrap-item-price\">\n                                                                                        <div class=\"ci-sdia_ad-item_price ci-price\" data-4 data-pricemin=\"43750\" data-pricemax=\"120000\">de \u20ac43.750 a \u20ac120.000<\/div>\n                                                                            <span class=\"prix-period\" data=\"D\u00edaSemanaMesA\u00f1o\"> \/ Semana<\/span>            <\/div>\n\n        <\/div>\n\n                                                        <div class=\"popup_contact_bien_div\"><\/div>\n                                    \n        <div class=\"ci-sdia_ad-item_footer-wrap\">\n            <p class=\"ci-sdia_ad-item_footer\"><a href=\"https:\/\/www.carlton-international.com\/es\/annonce\/exquisite-villa-with-direct-access-to-the-beach-in-the-bay-of-saint-tropez\/\">Ver detalles<\/a><\/p>\n            <div class=\"ci-sdia_ad-item_footer-btns\">\n                <a href=\"tel:+33(0)493951111\" class=\"ci-sdia_ad-item_footer-btn ci-sdia_ad-item_btn-icon ci-sdia_ad-item_btn-icon_phone\"><span class=\"ci-sdia_hide\">Phone<\/span><\/a>\n                <a href=\"javascript:;\" data-unique-id=\"420323\" data-properties-id=\"2165262\" data-email=\"rental-team@carlton-group.com\" class=\"ci-sdia_ad-item_footer-btn ci-sdia_ad-item_btn-icon ci-sdia_ad-item_btn-icon_mail popup_contact_bien\"><span class=\"ci-sdia_hide\">Email<\/span><\/a>\n            <\/div>\n        <\/div>\n    <\/div>\n<\/div>\n<div class=\"ci-sdia_ad-item \" data-title=\"Cap d&#8217;Antibes &#8211; 8 habitaciones &#8211; 16 plazas.\" data-ref=\"430\">\n    <div class=\"cifi-item cifi-item_compact cifi-empty\"\n    id=\"cifi-item-160243\"\n    data-id=\"160243\"\n    data-title=\"Cap d&#039;Antibes - 8 chambres \u2013 16 Couchages.\"\n    data-titleen=\"Cap d&#039;Antibes - 8 rooms - Sleeps 16.\"\n    data-titlept=\"Cap d&#039;Antibes - 8 quartos - 16 pessoas.\"\n    data-titlede=\"Cap d&#039;Antibes - 8 Schlafzimmer - 16 Schlafpl\u00e4tze.\"\n    data-titlees=\"Cap d&#039;Antibes - 8 habitaciones - 16 plazas.\"\n    data-url=\"https:\/\/www.carlton-international.com\/annonce\/cap-dantibes-8-chambres-16-couchages\/\"\n    data-urlen=\"https:\/\/www.carlton-international.com\/en\/annonce\/cap-dantibes-8-rooms-sleeps-16\/\"\n    data-urlpt=\"https:\/\/www.carlton-international.com\/pt-pt\/annonce\/cap-dantibes-8-quartos-16-pessoas\/\"\n    data-urlde=\"https:\/\/www.carlton-international.com\/de\/annonce\/cap-dantibes-8-schlafzimmer-16-schlafplaetze\/\"\n    data-urles=\"https:\/\/www.carlton-international.com\/es\/annonce\/cap-dantibes-8-habitaciones-16-plazas\/\"\n    data-thumb=\"https:\/\/media.apimo.pro\/cache\/01eb87bec490636c7c2a6d3788989bf2_31e0d1f640_1024-original.jpg\"\n    data-city=\"Antibes\"\n    data-surface=\"770 m\u00b2\"\n    data-stats=\"Terrain: 100000 m\u00b2 | 11 pi\u00e8ces | 8 chambres\"\n    data-statsen=\"Land: 100000 m\u00b2 | 11 rooms | 8 bedrooms\"\n    data-statspt=\"Terreno: 100000 m\u00b2 | 11 divis\u00f5es | 8 quartos\"\n    data-statsde=\"Grundst\u00fcck: 100000 m\u00b2 | 11 Zimmer | 8 Schlafzimmer\"\n    data-statses=\"Terreno: 100000 m\u00b2 | 11 habitaciones | 8 dormitorios\"\n    data-price=\"de 62.500 \u00e0 65.000 \u20ac \/ Semaine\"\n    data-priceen=\"from \u20ac62.500 to \u20ac65.000 \/ Week\"\n    data-pricept=\"de \u20ac62.500 a \u20ac65.000 \/ Semana\"\n    data-pricede=\"von \u20ac62.500 bis \u20ac65.000 \/ Woche\"\n    data-pricees=\"de \u20ac62.500 a \u20ac65.000 \/ Semana\">\n    <a href=\"javascript:void(0);\" class=\"cifi_btn\">\n        <span class=\"cifi_btn-icon\"><\/span>\n        <span class=\"cifi_btn-text\">Add to favorite<\/span>\n    <\/a>\n<\/div>\n    <div class=\"ci-sdia_ad-item_img ab\">\n        \n        \n                                    <div class=\"slick-inner-sdia_ad-item\">\n                                                <div class=\"slide-sdia_ad-item\">\n                                <a href=\"https:\/\/www.carlton-international.com\/es\/annonce\/cap-dantibes-8-habitaciones-16-plazas\/\">\n                                    <img decoding=\"async\" \n                                        loading=\"lazy\"\n                                        src=\"https:\/\/media.apimo.pro\/cache\/01eb87bec490636c7c2a6d3788989bf2_31e0d1f640_1024-original.jpg\" \n                                        alt=\"\"\n                                    \/>\n                                    <p class=\"title-slide-sdia_ad-item \">Descubrir la propiedad<\/p>\n                                <\/a>\n                            <\/div>\n                                                    <div class=\"slide-sdia_ad-item\">\n                                <a href=\"https:\/\/www.carlton-international.com\/es\/annonce\/cap-dantibes-8-habitaciones-16-plazas\/\">\n                                    <img decoding=\"async\" \n                                        loading=\"lazy\"\n                                        src=\"https:\/\/media.apimo.pro\/cache\/307160c2a6920c367237f3fd4d8ebbc2_86fae14e6b_1024-original.jpg\" \n                                        alt=\"\"\n                                    \/>\n                                    <p class=\"title-slide-sdia_ad-item \">Descubrir la propiedad<\/p>\n                                <\/a>\n                            <\/div>\n                                                    <div class=\"slide-sdia_ad-item\">\n                                <a href=\"https:\/\/www.carlton-international.com\/es\/annonce\/cap-dantibes-8-habitaciones-16-plazas\/\">\n                                    <img decoding=\"async\" \n                                        loading=\"lazy\"\n                                        src=\"https:\/\/media.apimo.pro\/cache\/0f74b4d19cf88205a145c765f42d85af_7d94162300_1024-original.jpg\" \n                                        alt=\"\"\n                                    \/>\n                                    <p class=\"title-slide-sdia_ad-item \">Descubrir la propiedad<\/p>\n                                <\/a>\n                            <\/div>\n                                        <\/div>\n                        <\/div>\n    <div class=\"ci-sdia_ad-item_datas\">\n        <div class=\"ci-sdia_ad-item_metas\">\n                            <a class=\"ci-sdia_ad-item_title\" href=\"https:\/\/www.carlton-international.com\/es\/annonce\/cap-dantibes-8-habitaciones-16-plazas\/\">Antibes <\/a>\n                        <div class=\"ci-sdia_ad-item_metas-wrap\">\n                <div class=\"ci-sdia_ad-item_metas-loc\"><div>Francia<\/div><\/div>                                    <div class=\"ci-sdia_ad-item_metas-map\">\n                        <a target=\"_blank\" class=\"ci-sdia_ad-item_btn-icon ci-sdia_ad-item_btn-icon_map\"><span class=\"ci-sdia_hide\">Map<\/span><\/a>\n                    <\/div>\n                            <\/div>\n        <\/div>\n        <div class=\"ci-sdia_ad-item_stats \">8 dormitorios | <span class=\"ci-surface\">770 m\u00b2<\/span> | 11 habitaciones<\/div>\n        <div class=\"ci-sdia_ad-item_comp\">\n            <div class=\"ci-sdia_ad-item_footer-ref\">\n                <span><strong>Ref.<\/strong> 430<\/span>\n            <\/div>\n            <div class=\"wrap-item-price\">\n                                                                                        <div class=\"ci-sdia_ad-item_price ci-price\" data-4 data-pricemin=\"62500\" data-pricemax=\"65000\">de \u20ac62.500 a \u20ac65.000<\/div>\n                                                                            <span class=\"prix-period\" data=\"D\u00edaSemanaMesA\u00f1o\"> \/ Semana<\/span>            <\/div>\n\n        <\/div>\n\n                                                        <div class=\"popup_contact_bien_div\"><\/div>\n                                    \n        <div class=\"ci-sdia_ad-item_footer-wrap\">\n            <p class=\"ci-sdia_ad-item_footer\"><a href=\"https:\/\/www.carlton-international.com\/es\/annonce\/cap-dantibes-8-habitaciones-16-plazas\/\">Ver detalles<\/a><\/p>\n            <div class=\"ci-sdia_ad-item_footer-btns\">\n                <a href=\"tel:\" class=\"ci-sdia_ad-item_footer-btn ci-sdia_ad-item_btn-icon ci-sdia_ad-item_btn-icon_phone\"><span class=\"ci-sdia_hide\">Phone<\/span><\/a>\n                <a href=\"javascript:;\" data-unique-id=\"160243\" data-properties-id=\"3903517\" data-email=\"\" class=\"ci-sdia_ad-item_footer-btn ci-sdia_ad-item_btn-icon ci-sdia_ad-item_btn-icon_mail popup_contact_bien\"><span class=\"ci-sdia_hide\">Email<\/span><\/a>\n            <\/div>\n        <\/div>\n    <\/div>\n<\/div>\n<div class=\"ci-sdia_ad-item \" data-title=\"Waterfront &#8211; Private access to the beach\" data-ref=\"ST901\">\n    <div class=\"cifi-item cifi-item_compact cifi-empty\"\n    id=\"cifi-item-97525\"\n    data-id=\"97525\"\n    data-title=\"Pied dans l&#039;eau - acc\u00e8s priv\u00e9 plage\"\n    data-titleen=\"Waterfront - Private access to the beach\"\n    data-titlept=\"Waterfront - Private access to the beach\"\n    data-titlede=\"Var, Gassin\"\n    data-titlees=\"Waterfront - Private access to the beach\"\n    data-url=\"https:\/\/www.carlton-international.com\/annonce\/pied-dans-leau-acces-prive-plage\/\"\n    data-urlen=\"https:\/\/www.carlton-international.com\/en\/annonce\/waterfront-private-access-to-the-beach\/\"\n    data-urlpt=\"https:\/\/www.carlton-international.com\/pt-pt\/annonce\/waterfront-private-access-to-the-beach\/\"\n    data-urlde=\"https:\/\/www.carlton-international.com\/de\/annonce\/var-gassin\/\"\n    data-urles=\"https:\/\/www.carlton-international.com\/es\/annonce\/waterfront-private-access-to-the-beach\/\"\n    data-thumb=\"https:\/\/media.apimo.pro\/cache\/e8513092dd501564246d02002ab6af01_1785224b08_1920-original.jpg\"\n    data-city=\"Gassin\"\n    data-surface=\"380 m\u00b2\"\n    data-stats=\"Terrain: 4000 m\u00b2 | 10 pi\u00e8ces | 7 chambres\"\n    data-statsen=\"Land: 4000 m\u00b2 | 10 rooms | 7 bedrooms\"\n    data-statspt=\"Terreno: 4000 m\u00b2 | 10 divis\u00f5es | 7 quartos\"\n    data-statsde=\"Grundst\u00fcck: 4000 m\u00b2 | 10 Zimmer | 7 Schlafzimmer\"\n    data-statses=\"Terreno: 4000 m\u00b2 | 10 habitaciones | 7 dormitorios\"\n    data-price=\"Prix sur demande\"\n    data-priceen=\"Price on request\"\n    data-pricept=\"Pre\u00e7o sob consulta\"\n    data-pricede=\"Preis auf Anfrage\"\n    data-pricees=\"Precio a consultar\">\n    <a href=\"javascript:void(0);\" class=\"cifi_btn\">\n        <span class=\"cifi_btn-icon\"><\/span>\n        <span class=\"cifi_btn-text\">Add to favorite<\/span>\n    <\/a>\n<\/div>\n    <div class=\"ci-sdia_ad-item_img ab\">\n        \n        \n                                    <div class=\"slick-inner-sdia_ad-item\">\n                                                <div class=\"slide-sdia_ad-item\">\n                                <a href=\"https:\/\/www.carlton-international.com\/es\/annonce\/waterfront-private-access-to-the-beach\/\">\n                                    <img decoding=\"async\" \n                                        loading=\"lazy\"\n                                        src=\"https:\/\/media.apimo.pro\/cache\/e8513092dd501564246d02002ab6af01_1785224b08_1920-original.jpg\" \n                                        alt=\"\"\n                                    \/>\n                                    <p class=\"title-slide-sdia_ad-item \">Descubrir la propiedad<\/p>\n                                <\/a>\n                            <\/div>\n                                                    <div class=\"slide-sdia_ad-item\">\n                                <a href=\"https:\/\/www.carlton-international.com\/es\/annonce\/waterfront-private-access-to-the-beach\/\">\n                                    <img decoding=\"async\" \n                                        loading=\"lazy\"\n                                        src=\"https:\/\/media.apimo.pro\/cache\/b07beae7810247393d7b6224bcbfd2f6_cb4d08a4ee_1920-original.jpg\" \n                                        alt=\"\"\n                                    \/>\n                                    <p class=\"title-slide-sdia_ad-item \">Descubrir la propiedad<\/p>\n                                <\/a>\n                            <\/div>\n                                                    <div class=\"slide-sdia_ad-item\">\n                                <a href=\"https:\/\/www.carlton-international.com\/es\/annonce\/waterfront-private-access-to-the-beach\/\">\n                                    <img decoding=\"async\" \n                                        loading=\"lazy\"\n                                        src=\"https:\/\/media.apimo.pro\/cache\/95283e1bc4e15efeafa6e76fae69e5e4_eae1704604_1920-original.jpg\" \n                                        alt=\"\"\n                                    \/>\n                                    <p class=\"title-slide-sdia_ad-item \">Descubrir la propiedad<\/p>\n                                <\/a>\n                            <\/div>\n                                        <\/div>\n                        <\/div>\n    <div class=\"ci-sdia_ad-item_datas\">\n        <div class=\"ci-sdia_ad-item_metas\">\n                            <a class=\"ci-sdia_ad-item_title\" href=\"https:\/\/www.carlton-international.com\/es\/annonce\/waterfront-private-access-to-the-beach\/\">Gassin <\/a>\n                        <div class=\"ci-sdia_ad-item_metas-wrap\">\n                <div class=\"ci-sdia_ad-item_metas-loc\"><div>Francia<\/div><\/div>                                    <div class=\"ci-sdia_ad-item_metas-map\">\n                        <a target=\"_blank\" class=\"ci-sdia_ad-item_btn-icon ci-sdia_ad-item_btn-icon_map\"><span class=\"ci-sdia_hide\">Map<\/span><\/a>\n                    <\/div>\n                            <\/div>\n        <\/div>\n        <div class=\"ci-sdia_ad-item_stats \">7 dormitorios | <span class=\"ci-surface\">380 m\u00b2<\/span> | 10 habitaciones<\/div>\n        <div class=\"ci-sdia_ad-item_comp\">\n            <div class=\"ci-sdia_ad-item_footer-ref\">\n                <span><strong>Ref.<\/strong> ST901<\/span>\n            <\/div>\n            <div class=\"wrap-item-price\">\n                                                            <div class=\"ci-sdia_ad-item_price ci-price\">Precio a solicitud<\/div>\n                                                                <\/div>\n\n        <\/div>\n\n                                    <a href=\"javascript:;\" data-email=\"rental-team@carlton-group.com\" class=\"ci-sdia_ad-item_btn popup_contact_bien\">Consult us<\/a>\n                    \n        <div class=\"ci-sdia_ad-item_footer-wrap\">\n            <p class=\"ci-sdia_ad-item_footer\"><a href=\"https:\/\/www.carlton-international.com\/es\/annonce\/waterfront-private-access-to-the-beach\/\">Ver detalles<\/a><\/p>\n            <div class=\"ci-sdia_ad-item_footer-btns\">\n                <a href=\"tel:+33(0)493951111\" class=\"ci-sdia_ad-item_footer-btn ci-sdia_ad-item_btn-icon ci-sdia_ad-item_btn-icon_phone\"><span class=\"ci-sdia_hide\">Phone<\/span><\/a>\n                <a href=\"javascript:;\" data-unique-id=\"97525\" data-properties-id=\"4310922\" data-email=\"rental-team@carlton-group.com\" class=\"ci-sdia_ad-item_footer-btn ci-sdia_ad-item_btn-icon ci-sdia_ad-item_btn-icon_mail popup_contact_bien\"><span class=\"ci-sdia_hide\">Email<\/span><\/a>\n            <\/div>\n        <\/div>\n    <\/div>\n<\/div>\n        <\/div>\n        <!-- FOOTER -->\n        <div class=\"ci-dis-ads_footer\">\n            <!-- PAGINATION -->\n            <div class=\"ci-dis-ads_pagination\">\n                            <\/div>\n        <\/div>\n                 <\/div>\n<\/div>\n\t\t\t\t\t\t<\/div>\n\t\t\t\t<div class=\"elementor-element elementor-element-00aea4e description elementor-widget elementor-widget-text-editor\" data-id=\"00aea4e\" data-element_type=\"widget\" data-widget_type=\"text-editor.default\">\n\t\t\t\t\t\t\t\t\t<h2 style=\"text-align: center\" data-start=\"70\" data-end=\"178\"><strong data-start=\"70\" data-end=\"178\">Descubra la Colecci\u00f3n de Carlton International de Casas \u00danicas Frente al Mar y en Primera L\u00ednea de Playa<\/strong><\/h2>\n<p style=\"text-align: center\" data-start=\"180\" data-end=\"705\">Viva un estilo de vida de distinci\u00f3n extraordinaria con la exclusiva colecci\u00f3n de casas de lujo frente al mar y en primera l\u00ednea de playa de Carlton International, donde el atractivo del mar est\u00e1 a solo unos pasos. Estas propiedades excepcionales ofrecen acceso directo a las aguas azul turquesa del Mediterr\u00e1neo, creando una sensaci\u00f3n inigualable de exclusividad y conexi\u00f3n con la belleza natural de la Riviera Francesa. Descubra la rareza y magnificencia de estas casas, donde la vida costera alcanza su m\u00e1ximo esplendor.<\/p>\n<h2 style=\"text-align: center\" data-start=\"707\" data-end=\"786\"><strong data-start=\"707\" data-end=\"784\">Cumpla sus Sue\u00f1os Comprando una Casa Frente al Mar en la Riviera Francesa<\/strong><\/h2>\n<p style=\"text-align: center\" data-start=\"788\" data-end=\"1242\">Ser propietario de una propiedad frente al mar o en primera l\u00ednea de playa a lo largo de la Riviera Francesa es un sue\u00f1o compartido por muchos, pero realizado por unos pocos afortunados. Estas casas son m\u00e1s que residencias; son puertas de acceso a un estilo de vida que personifica lujo, tranquilidad y belleza impresionante. Imagine despertar con el suave vaiv\u00e9n de las olas y la caricia de la brisa marina, todo desde la comodidad de su propio hogar.<\/p>\n<h2 style=\"text-align: center\" data-start=\"1244\" data-end=\"1295\"><strong data-start=\"1244\" data-end=\"1293\">Villas con Acceso Directo al Mar Mediterr\u00e1neo<\/strong><\/h2>\n<p style=\"text-align: center\" data-start=\"1297\" data-end=\"1667\">El valor del acceso directo al mar no puede ser subestimado. La colecci\u00f3n de casas frente al mar y en primera l\u00ednea de playa de Carlton International le concede el privilegio de tener el Mediterr\u00e1neo como su patio personal. Disfrute de un ba\u00f1o matutino en aguas cristalinas, embarque en una aventura de paddleboard, o simplemente rel\u00e1jese en su tramo privado de arena.<\/p>\n<h2 style=\"text-align: center\" data-start=\"1669\" data-end=\"1745\"><strong data-start=\"1669\" data-end=\"1743\">Propiedades \u00danicas en Primera L\u00ednea de Playa con Acceso Privado al Mar<\/strong><\/h2>\n<p style=\"text-align: center\" data-start=\"1747\" data-end=\"2142\">Estas casas est\u00e1n entre las propiedades m\u00e1s codiciadas del mundo. Su rareza no solo reside en sus impresionantes ubicaciones, sino tambi\u00e9n en la sensaci\u00f3n de aislamiento y exclusividad que ofrecen. Al poseer una casa frente al mar o en primera l\u00ednea de playa en la Riviera Francesa, se convierte en parte de un grupo \u00e9lite que disfruta del privilegio de la vida costera en su m\u00e1xima expresi\u00f3n.<\/p>\n<p style=\"text-align: center\" data-start=\"2144\" data-end=\"2494\">Las propiedades frente al mar y en primera l\u00ednea de playa de Carlton International no solo son notables por su proximidad al mar, sino tambi\u00e9n por su grandeza arquitect\u00f3nica. Cada residencia es una obra maestra de dise\u00f1o, integrando a la perfecci\u00f3n los espacios interiores y exteriores para maximizar las impresionantes vistas y el entorno natural.<\/p>\n<h2 style=\"text-align: center\" data-start=\"2496\" data-end=\"2579\"><strong data-start=\"2496\" data-end=\"2577\">Una Casa a Orillas del Agua Ofrece Atardeceres Inolvidables Para Toda la Vida<\/strong><\/h2>\n<p style=\"text-align: center\" data-start=\"2581\" data-end=\"3246\">La Riviera Francesa es famosa por sus cautivadores atardeceres, y ser propietario de una casa frente al mar le permite disfrutar de estos momentos cada noche. Observe c\u00f3mo el sol se sumerge en el horizonte, proyectando un resplandor dorado sobre el mar, desde la comodidad de su propia terraza. Estas casas ofrecen serenidad y paz que solo se encuentran junto al agua. En Carlton International, entendemos que las propiedades frente al mar y en primera l\u00ednea de playa son m\u00e1s que bienes ra\u00edces; son un reflejo de sus aspiraciones y deseos. Nuestra exclusiva colecci\u00f3n de estas extraordinarias casas representa la c\u00faspide de la vida costera en la Riviera Francesa.<\/p>\n<p style=\"text-align: center\" data-start=\"3248\" data-end=\"3672\">Eleve su estilo de vida y experimente el raro y excepcional privilegio de ser propietario de una casa frente al mar o en primera l\u00ednea de playa con Carlton International. Cont\u00e1ctenos hoy para explorar nuestra incomparable colecci\u00f3n de para\u00edsos costeros que redefinen el lujo. Su sue\u00f1o de una vida donde el mar es su patio trasero le espera, y Carlton International est\u00e1 aqu\u00ed para hacerlo realidad. Su futuro comienza aqu\u00ed.<\/p>\n\t\t\t\t\t\t\t\t<\/div>\n\t\t\t\t\t<\/div>\n\t\t<\/div>\n\t\t\t\t\t<\/div>\n\t\t<\/section>\n\t\t\t\t<\/div>\n\t\t","protected":false},"excerpt":{"rendered":"<p>COLECCI\u00d3N : Frente al mar<\/p>\n","protected":false},"author":9,"featured_media":2457427,"parent":2457383,"menu_order":0,"comment_status":"closed","ping_status":"closed","template":"","meta":{"_acf_changed":false,"footnotes":"","_wp_rev_ctl_limit":""},"class_list":["post-4259028","page","type-page","status-publish","has-post-thumbnail","hentry"],"acf":[],"yoast_head":"<!-- This site is optimized with the Yoast SEO Premium plugin v20.11 (Yoast SEO v26.5) - https:\/\/yoast.com\/wordpress\/plugins\/seo\/ -->\n<title>Frente al mar - Carlton International<\/title>\n<meta name=\"description\" content=\"A Sublime Collection of Waterfront Properties Right by the Sea by from Carlton International, in France and Worldwide.\" \/>\n<meta name=\"robots\" content=\"index, follow, max-snippet:-1, max-image-preview:large, max-video-preview:-1\" \/>\n<link rel=\"canonical\" href=\"https:\/\/www.carlton-international.com\/es\/alquiler\/frente-al-mar\/\" \/>\n<meta property=\"og:locale\" content=\"es_ES\" \/>\n<meta property=\"og:type\" content=\"article\" \/>\n<meta property=\"og:title\" content=\"Frente al mar\" \/>\n<meta property=\"og:description\" content=\"A Sublime Collection of Waterfront Properties Right by the Sea by from Carlton International, in France and Worldwide.\" \/>\n<meta property=\"og:url\" content=\"https:\/\/www.carlton-international.com\/es\/alquiler\/frente-al-mar\/\" \/>\n<meta property=\"og:site_name\" content=\"Carlton International\" \/>\n<meta property=\"article:publisher\" content=\"https:\/\/www.facebook.com\/CarltonInternationalRealEstate\/\" \/>\n<meta property=\"article:modified_time\" content=\"2025-11-21T04:06:13+00:00\" \/>\n<meta property=\"og:image\" content=\"https:\/\/www.carlton-international.com\/wp-content\/uploads\/2023\/06\/Picture-7651137-4.jpg\" \/>\n\t<meta property=\"og:image:width\" content=\"1920\" \/>\n\t<meta property=\"og:image:height\" content=\"1277\" \/>\n\t<meta property=\"og:image:type\" content=\"image\/jpeg\" \/>\n<meta name=\"twitter:card\" content=\"summary_large_image\" \/>\n<meta name=\"twitter:site\" content=\"@CarltonInter\" \/>\n<meta name=\"twitter:label1\" content=\"Tiempo de lectura\" \/>\n\t<meta name=\"twitter:data1\" content=\"5 minutos\" \/>\n<script type=\"application\/ld+json\" class=\"yoast-schema-graph\">{\"@context\":\"https:\/\/schema.org\",\"@graph\":[{\"@type\":\"WebPage\",\"@id\":\"https:\/\/www.carlton-international.com\/es\/alquiler\/frente-al-mar\/\",\"url\":\"https:\/\/www.carlton-international.com\/es\/alquiler\/frente-al-mar\/\",\"name\":\"Frente al mar - Carlton International\",\"isPartOf\":{\"@id\":\"https:\/\/www.carlton-international.com\/es\/#website\"},\"primaryImageOfPage\":{\"@id\":\"https:\/\/www.carlton-international.com\/es\/alquiler\/frente-al-mar\/#primaryimage\"},\"image\":{\"@id\":\"https:\/\/www.carlton-international.com\/es\/alquiler\/frente-al-mar\/#primaryimage\"},\"thumbnailUrl\":\"https:\/\/www.carlton-international.com\/wp-content\/uploads\/2023\/06\/Picture-7651137-4.jpg\",\"datePublished\":\"2025-11-20T07:46:18+00:00\",\"dateModified\":\"2025-11-21T04:06:13+00:00\",\"description\":\"A Sublime Collection of Waterfront Properties Right by the Sea by from Carlton International, in France and Worldwide.\",\"breadcrumb\":{\"@id\":\"https:\/\/www.carlton-international.com\/es\/alquiler\/frente-al-mar\/#breadcrumb\"},\"inLanguage\":\"es\",\"potentialAction\":[{\"@type\":\"ReadAction\",\"target\":[\"https:\/\/www.carlton-international.com\/es\/alquiler\/frente-al-mar\/\"]}]},{\"@type\":\"ImageObject\",\"inLanguage\":\"es\",\"@id\":\"https:\/\/www.carlton-international.com\/es\/alquiler\/frente-al-mar\/#primaryimage\",\"url\":\"https:\/\/www.carlton-international.com\/wp-content\/uploads\/2023\/06\/Picture-7651137-4.jpg\",\"contentUrl\":\"https:\/\/www.carlton-international.com\/wp-content\/uploads\/2023\/06\/Picture-7651137-4.jpg\",\"width\":1920,\"height\":1277},{\"@type\":\"BreadcrumbList\",\"@id\":\"https:\/\/www.carlton-international.com\/es\/alquiler\/frente-al-mar\/#breadcrumb\",\"itemListElement\":[{\"@type\":\"ListItem\",\"position\":1,\"name\":\"Accueil\",\"item\":\"https:\/\/www.carlton-international.com\/es\/\"},{\"@type\":\"ListItem\",\"position\":2,\"name\":\"Alquiler\",\"item\":\"https:\/\/www.carlton-international.com\/es\/alquiler\/\"},{\"@type\":\"ListItem\",\"position\":3,\"name\":\"Frente al mar\"}]},{\"@type\":\"WebSite\",\"@id\":\"https:\/\/www.carlton-international.com\/es\/#website\",\"url\":\"https:\/\/www.carlton-international.com\/es\/\",\"name\":\"Carlton International\",\"description\":\"Luxury Real Estate in France and Internationally\",\"publisher\":{\"@id\":\"https:\/\/www.carlton-international.com\/es\/#organization\"},\"alternateName\":\"Carlton\",\"potentialAction\":[{\"@type\":\"SearchAction\",\"target\":{\"@type\":\"EntryPoint\",\"urlTemplate\":\"https:\/\/www.carlton-international.com\/es\/?s={search_term_string}\"},\"query-input\":{\"@type\":\"PropertyValueSpecification\",\"valueRequired\":true,\"valueName\":\"search_term_string\"}}],\"inLanguage\":\"es\"},{\"@type\":\"Organization\",\"@id\":\"https:\/\/www.carlton-international.com\/es\/#organization\",\"name\":\"Carlton International\",\"alternateName\":\"Carlton\",\"url\":\"https:\/\/www.carlton-international.com\/es\/\",\"logo\":{\"@type\":\"ImageObject\",\"inLanguage\":\"es\",\"@id\":\"https:\/\/www.carlton-international.com\/es\/#\/schema\/logo\/image\/\",\"url\":\"https:\/\/www.carlton-international.com\/wp-content\/uploads\/2024\/10\/logo-square-1.jpg\",\"contentUrl\":\"https:\/\/www.carlton-international.com\/wp-content\/uploads\/2024\/10\/logo-square-1.jpg\",\"width\":240,\"height\":240,\"caption\":\"Carlton International\"},\"image\":{\"@id\":\"https:\/\/www.carlton-international.com\/es\/#\/schema\/logo\/image\/\"},\"sameAs\":[\"https:\/\/www.facebook.com\/CarltonInternationalRealEstate\/\",\"https:\/\/x.com\/CarltonInter\",\"https:\/\/www.instagram.com\/carlton.international\/\",\"https:\/\/www.linkedin.com\/company\/carlton-international\/mycompany\/\",\"https:\/\/www.youtube.com\/channel\/UC45DFaSawRRikZFLqr2C_XQ\"]}]}<\/script>\n<!-- \/ Yoast SEO Premium plugin. -->","yoast_head_json":{"title":"Frente al mar - Carlton International","description":"A Sublime Collection of Waterfront Properties Right by the Sea by from Carlton International, in France and Worldwide.","robots":{"index":"index","follow":"follow","max-snippet":"max-snippet:-1","max-image-preview":"max-image-preview:large","max-video-preview":"max-video-preview:-1"},"canonical":"https:\/\/www.carlton-international.com\/es\/alquiler\/frente-al-mar\/","og_locale":"es_ES","og_type":"article","og_title":"Frente al mar","og_description":"A Sublime Collection of Waterfront Properties Right by the Sea by from Carlton International, in France and Worldwide.","og_url":"https:\/\/www.carlton-international.com\/es\/alquiler\/frente-al-mar\/","og_site_name":"Carlton International","article_publisher":"https:\/\/www.facebook.com\/CarltonInternationalRealEstate\/","article_modified_time":"2025-11-21T04:06:13+00:00","og_image":[{"width":1920,"height":1277,"url":"https:\/\/www.carlton-international.com\/wp-content\/uploads\/2023\/06\/Picture-7651137-4.jpg","type":"image\/jpeg"}],"twitter_card":"summary_large_image","twitter_site":"@CarltonInter","twitter_misc":{"Tiempo de lectura":"5 minutos"},"schema":{"@context":"https:\/\/schema.org","@graph":[{"@type":"WebPage","@id":"https:\/\/www.carlton-international.com\/es\/alquiler\/frente-al-mar\/","url":"https:\/\/www.carlton-international.com\/es\/alquiler\/frente-al-mar\/","name":"Frente al mar - Carlton International","isPartOf":{"@id":"https:\/\/www.carlton-international.com\/es\/#website"},"primaryImageOfPage":{"@id":"https:\/\/www.carlton-international.com\/es\/alquiler\/frente-al-mar\/#primaryimage"},"image":{"@id":"https:\/\/www.carlton-international.com\/es\/alquiler\/frente-al-mar\/#primaryimage"},"thumbnailUrl":"https:\/\/www.carlton-international.com\/wp-content\/uploads\/2023\/06\/Picture-7651137-4.jpg","datePublished":"2025-11-20T07:46:18+00:00","dateModified":"2025-11-21T04:06:13+00:00","description":"A Sublime Collection of Waterfront Properties Right by the Sea by from Carlton International, in France and Worldwide.","breadcrumb":{"@id":"https:\/\/www.carlton-international.com\/es\/alquiler\/frente-al-mar\/#breadcrumb"},"inLanguage":"es","potentialAction":[{"@type":"ReadAction","target":["https:\/\/www.carlton-international.com\/es\/alquiler\/frente-al-mar\/"]}]},{"@type":"ImageObject","inLanguage":"es","@id":"https:\/\/www.carlton-international.com\/es\/alquiler\/frente-al-mar\/#primaryimage","url":"https:\/\/www.carlton-international.com\/wp-content\/uploads\/2023\/06\/Picture-7651137-4.jpg","contentUrl":"https:\/\/www.carlton-international.com\/wp-content\/uploads\/2023\/06\/Picture-7651137-4.jpg","width":1920,"height":1277},{"@type":"BreadcrumbList","@id":"https:\/\/www.carlton-international.com\/es\/alquiler\/frente-al-mar\/#breadcrumb","itemListElement":[{"@type":"ListItem","position":1,"name":"Accueil","item":"https:\/\/www.carlton-international.com\/es\/"},{"@type":"ListItem","position":2,"name":"Alquiler","item":"https:\/\/www.carlton-international.com\/es\/alquiler\/"},{"@type":"ListItem","position":3,"name":"Frente al mar"}]},{"@type":"WebSite","@id":"https:\/\/www.carlton-international.com\/es\/#website","url":"https:\/\/www.carlton-international.com\/es\/","name":"Carlton International","description":"Luxury Real Estate in France and Internationally","publisher":{"@id":"https:\/\/www.carlton-international.com\/es\/#organization"},"alternateName":"Carlton","potentialAction":[{"@type":"SearchAction","target":{"@type":"EntryPoint","urlTemplate":"https:\/\/www.carlton-international.com\/es\/?s={search_term_string}"},"query-input":{"@type":"PropertyValueSpecification","valueRequired":true,"valueName":"search_term_string"}}],"inLanguage":"es"},{"@type":"Organization","@id":"https:\/\/www.carlton-international.com\/es\/#organization","name":"Carlton International","alternateName":"Carlton","url":"https:\/\/www.carlton-international.com\/es\/","logo":{"@type":"ImageObject","inLanguage":"es","@id":"https:\/\/www.carlton-international.com\/es\/#\/schema\/logo\/image\/","url":"https:\/\/www.carlton-international.com\/wp-content\/uploads\/2024\/10\/logo-square-1.jpg","contentUrl":"https:\/\/www.carlton-international.com\/wp-content\/uploads\/2024\/10\/logo-square-1.jpg","width":240,"height":240,"caption":"Carlton International"},"image":{"@id":"https:\/\/www.carlton-international.com\/es\/#\/schema\/logo\/image\/"},"sameAs":["https:\/\/www.facebook.com\/CarltonInternationalRealEstate\/","https:\/\/x.com\/CarltonInter","https:\/\/www.instagram.com\/carlton.international\/","https:\/\/www.linkedin.com\/company\/carlton-international\/mycompany\/","https:\/\/www.youtube.com\/channel\/UC45DFaSawRRikZFLqr2C_XQ"]}]}},"jetpack_sharing_enabled":true,"_links":{"self":[{"href":"https:\/\/www.carlton-international.com\/es\/wp-json\/wp\/v2\/pages\/4259028","targetHints":{"allow":["GET"]}}],"collection":[{"href":"https:\/\/www.carlton-international.com\/es\/wp-json\/wp\/v2\/pages"}],"about":[{"href":"https:\/\/www.carlton-international.com\/es\/wp-json\/wp\/v2\/types\/page"}],"author":[{"embeddable":true,"href":"https:\/\/www.carlton-international.com\/es\/wp-json\/wp\/v2\/users\/9"}],"replies":[{"embeddable":true,"href":"https:\/\/www.carlton-international.com\/es\/wp-json\/wp\/v2\/comments?post=4259028"}],"version-history":[{"count":0,"href":"https:\/\/www.carlton-international.com\/es\/wp-json\/wp\/v2\/pages\/4259028\/revisions"}],"up":[{"embeddable":true,"href":"https:\/\/www.carlton-international.com\/es\/wp-json\/wp\/v2\/pages\/2457383"}],"wp:featuredmedia":[{"embeddable":true,"href":"https:\/\/www.carlton-international.com\/es\/wp-json\/wp\/v2\/media\/2457427"}],"wp:attachment":[{"href":"https:\/\/www.carlton-international.com\/es\/wp-json\/wp\/v2\/media?parent=4259028"}],"curies":[{"name":"wp","href":"https:\/\/api.w.org\/{rel}","templated":true}]}}