{"id":3493234,"date":"2024-05-24T14:50:22","date_gmt":"2024-05-24T12:50:22","guid":{"rendered":"https:\/\/www.carlton-international.com\/collaborateur\/thomas-meunier\/"},"modified":"2025-06-19T09:11:05","modified_gmt":"2025-06-19T07:11:05","slug":"thomas-meunier","status":"publish","type":"collaborateur","link":"https:\/\/www.carlton-international.com\/es\/collaborateur\/thomas-meunier\/","title":{"rendered":"Thomas MEUNIER"},"content":{"rendered":"<p><em><strong>\u00abA su lado para ayudarle a hacer realidad sus proyectos en la Costa Azul.\u00bb<\/strong><\/em><\/p>\n<p>Thomas creci\u00f3 en la regi\u00f3n de Toulouse hasta los 20 a\u00f1os. Dej\u00f3 su suroeste natal para ir a Par\u00eds, donde trabaj\u00f3 como periodista durante casi 10 a\u00f1os, perfeccionando su arte de la comunicaci\u00f3n y su mirada aguda sobre el mundo. Descubri\u00f3 la Costa Azul por casualidad, pero se enamor\u00f3 r\u00e1pidamente de la regi\u00f3n, cautivado por su belleza y dinamismo. Decidi\u00f3 instalarse all\u00ed y lanzarse al sector inmobiliario de excepci\u00f3n, aportando su experiencia \u00fanica al servicio de sus clientes procedentes de los cuatro rincones del mundo. Emprendedor, din\u00e1mico y serio, se uni\u00f3 a Carlton International y se encarga del sector de Mougins.<\/p>\n","protected":false},"featured_media":3493236,"menu_order":3,"template":"","class_list":["post-3493234","collaborateur","type-collaborateur","status-publish","has-post-thumbnail","hentry"],"acf":[],"yoast_head":"<!-- This site is optimized with the Yoast SEO Premium plugin v20.11 (Yoast SEO v26.5) - https:\/\/yoast.com\/wordpress\/plugins\/seo\/ -->\n<title>Thomas MEUNIER - Carlton International<\/title>\n<meta name=\"description\" content=\"Thomas a grandi dans la r\u00e9gion toulousaine jusqu&#039;\u00e0 ses 20 ans. Il quitte son sud-ouest natal pour Paris, o\u00f9 il devient journaliste\" \/>\n<meta name=\"robots\" content=\"index, follow, max-snippet:-1, max-image-preview:large, max-video-preview:-1\" \/>\n<link rel=\"canonical\" href=\"https:\/\/www.carlton-international.com\/es\/collaborateur\/thomas-meunier\/\" \/>\n<meta property=\"og:locale\" content=\"es_ES\" \/>\n<meta property=\"og:type\" content=\"article\" \/>\n<meta property=\"og:title\" content=\"Thomas MEUNIER\" \/>\n<meta property=\"og:url\" content=\"https:\/\/www.carlton-international.com\/es\/collaborateur\/thomas-meunier\/\" \/>\n<meta property=\"og:site_name\" content=\"Carlton International\" \/>\n<meta property=\"article:publisher\" content=\"https:\/\/www.facebook.com\/CarltonInternationalRealEstate\/\" \/>\n<meta property=\"article:modified_time\" content=\"2025-06-19T07:11:05+00:00\" \/>\n<meta property=\"og:image\" content=\"https:\/\/www.carlton-international.com\/wp-content\/uploads\/2024\/05\/Design-sans-titre.png\" \/>\n\t<meta property=\"og:image:width\" content=\"1080\" \/>\n\t<meta property=\"og:image:height\" content=\"1080\" \/>\n\t<meta property=\"og:image:type\" content=\"image\/png\" \/>\n<meta name=\"twitter:card\" content=\"summary_large_image\" \/>\n<meta name=\"twitter:site\" content=\"@CarltonInter\" \/>\n<meta name=\"twitter:label1\" content=\"Tiempo de lectura\" \/>\n\t<meta name=\"twitter:data1\" content=\"1 minuto\" \/>\n<script type=\"application\/ld+json\" class=\"yoast-schema-graph\">{\"@context\":\"https:\/\/schema.org\",\"@graph\":[{\"@type\":\"WebPage\",\"@id\":\"https:\/\/www.carlton-international.com\/es\/collaborateur\/thomas-meunier\/\",\"url\":\"https:\/\/www.carlton-international.com\/es\/collaborateur\/thomas-meunier\/\",\"name\":\"Thomas MEUNIER - Carlton International\",\"isPartOf\":{\"@id\":\"https:\/\/www.carlton-international.com\/es\/#website\"},\"primaryImageOfPage\":{\"@id\":\"https:\/\/www.carlton-international.com\/es\/collaborateur\/thomas-meunier\/#primaryimage\"},\"image\":{\"@id\":\"https:\/\/www.carlton-international.com\/es\/collaborateur\/thomas-meunier\/#primaryimage\"},\"thumbnailUrl\":\"https:\/\/www.carlton-international.com\/wp-content\/uploads\/2024\/05\/Design-sans-titre.png\",\"datePublished\":\"2024-05-24T12:50:22+00:00\",\"dateModified\":\"2025-06-19T07:11:05+00:00\",\"description\":\"Thomas a grandi dans la r\u00e9gion toulousaine jusqu'\u00e0 ses 20 ans. Il quitte son sud-ouest natal pour Paris, o\u00f9 il devient journaliste\",\"breadcrumb\":{\"@id\":\"https:\/\/www.carlton-international.com\/es\/collaborateur\/thomas-meunier\/#breadcrumb\"},\"inLanguage\":\"es\",\"potentialAction\":[{\"@type\":\"ReadAction\",\"target\":[\"https:\/\/www.carlton-international.com\/es\/collaborateur\/thomas-meunier\/\"]}]},{\"@type\":\"ImageObject\",\"inLanguage\":\"es\",\"@id\":\"https:\/\/www.carlton-international.com\/es\/collaborateur\/thomas-meunier\/#primaryimage\",\"url\":\"https:\/\/www.carlton-international.com\/wp-content\/uploads\/2024\/05\/Design-sans-titre.png\",\"contentUrl\":\"https:\/\/www.carlton-international.com\/wp-content\/uploads\/2024\/05\/Design-sans-titre.png\",\"width\":1080,\"height\":1080},{\"@type\":\"BreadcrumbList\",\"@id\":\"https:\/\/www.carlton-international.com\/es\/collaborateur\/thomas-meunier\/#breadcrumb\",\"itemListElement\":[{\"@type\":\"ListItem\",\"position\":1,\"name\":\"Accueil\",\"item\":\"https:\/\/www.carlton-international.com\/es\/\"},{\"@type\":\"ListItem\",\"position\":2,\"name\":\"Thomas MEUNIER\"}]},{\"@type\":\"WebSite\",\"@id\":\"https:\/\/www.carlton-international.com\/es\/#website\",\"url\":\"https:\/\/www.carlton-international.com\/es\/\",\"name\":\"Carlton International\",\"description\":\"Luxury Real Estate in France and Internationally\",\"publisher\":{\"@id\":\"https:\/\/www.carlton-international.com\/es\/#organization\"},\"alternateName\":\"Carlton\",\"potentialAction\":[{\"@type\":\"SearchAction\",\"target\":{\"@type\":\"EntryPoint\",\"urlTemplate\":\"https:\/\/www.carlton-international.com\/es\/?s={search_term_string}\"},\"query-input\":{\"@type\":\"PropertyValueSpecification\",\"valueRequired\":true,\"valueName\":\"search_term_string\"}}],\"inLanguage\":\"es\"},{\"@type\":\"Organization\",\"@id\":\"https:\/\/www.carlton-international.com\/es\/#organization\",\"name\":\"Carlton International\",\"alternateName\":\"Carlton\",\"url\":\"https:\/\/www.carlton-international.com\/es\/\",\"logo\":{\"@type\":\"ImageObject\",\"inLanguage\":\"es\",\"@id\":\"https:\/\/www.carlton-international.com\/es\/#\/schema\/logo\/image\/\",\"url\":\"https:\/\/www.carlton-international.com\/wp-content\/uploads\/2024\/10\/logo-square-1.jpg\",\"contentUrl\":\"https:\/\/www.carlton-international.com\/wp-content\/uploads\/2024\/10\/logo-square-1.jpg\",\"width\":240,\"height\":240,\"caption\":\"Carlton International\"},\"image\":{\"@id\":\"https:\/\/www.carlton-international.com\/es\/#\/schema\/logo\/image\/\"},\"sameAs\":[\"https:\/\/www.facebook.com\/CarltonInternationalRealEstate\/\",\"https:\/\/x.com\/CarltonInter\",\"https:\/\/www.instagram.com\/carlton.international\/\",\"https:\/\/www.linkedin.com\/company\/carlton-international\/mycompany\/\",\"https:\/\/www.youtube.com\/channel\/UC45DFaSawRRikZFLqr2C_XQ\"]}]}<\/script>\n<!-- \/ Yoast SEO Premium plugin. -->","yoast_head_json":{"title":"Thomas MEUNIER - Carlton International","description":"Thomas a grandi dans la r\u00e9gion toulousaine jusqu'\u00e0 ses 20 ans. Il quitte son sud-ouest natal pour Paris, o\u00f9 il devient journaliste","robots":{"index":"index","follow":"follow","max-snippet":"max-snippet:-1","max-image-preview":"max-image-preview:large","max-video-preview":"max-video-preview:-1"},"canonical":"https:\/\/www.carlton-international.com\/es\/collaborateur\/thomas-meunier\/","og_locale":"es_ES","og_type":"article","og_title":"Thomas MEUNIER","og_url":"https:\/\/www.carlton-international.com\/es\/collaborateur\/thomas-meunier\/","og_site_name":"Carlton International","article_publisher":"https:\/\/www.facebook.com\/CarltonInternationalRealEstate\/","article_modified_time":"2025-06-19T07:11:05+00:00","og_image":[{"width":1080,"height":1080,"url":"https:\/\/www.carlton-international.com\/wp-content\/uploads\/2024\/05\/Design-sans-titre.png","type":"image\/png"}],"twitter_card":"summary_large_image","twitter_site":"@CarltonInter","twitter_misc":{"Tiempo de lectura":"1 minuto"},"schema":{"@context":"https:\/\/schema.org","@graph":[{"@type":"WebPage","@id":"https:\/\/www.carlton-international.com\/es\/collaborateur\/thomas-meunier\/","url":"https:\/\/www.carlton-international.com\/es\/collaborateur\/thomas-meunier\/","name":"Thomas MEUNIER - Carlton International","isPartOf":{"@id":"https:\/\/www.carlton-international.com\/es\/#website"},"primaryImageOfPage":{"@id":"https:\/\/www.carlton-international.com\/es\/collaborateur\/thomas-meunier\/#primaryimage"},"image":{"@id":"https:\/\/www.carlton-international.com\/es\/collaborateur\/thomas-meunier\/#primaryimage"},"thumbnailUrl":"https:\/\/www.carlton-international.com\/wp-content\/uploads\/2024\/05\/Design-sans-titre.png","datePublished":"2024-05-24T12:50:22+00:00","dateModified":"2025-06-19T07:11:05+00:00","description":"Thomas a grandi dans la r\u00e9gion toulousaine jusqu'\u00e0 ses 20 ans. Il quitte son sud-ouest natal pour Paris, o\u00f9 il devient journaliste","breadcrumb":{"@id":"https:\/\/www.carlton-international.com\/es\/collaborateur\/thomas-meunier\/#breadcrumb"},"inLanguage":"es","potentialAction":[{"@type":"ReadAction","target":["https:\/\/www.carlton-international.com\/es\/collaborateur\/thomas-meunier\/"]}]},{"@type":"ImageObject","inLanguage":"es","@id":"https:\/\/www.carlton-international.com\/es\/collaborateur\/thomas-meunier\/#primaryimage","url":"https:\/\/www.carlton-international.com\/wp-content\/uploads\/2024\/05\/Design-sans-titre.png","contentUrl":"https:\/\/www.carlton-international.com\/wp-content\/uploads\/2024\/05\/Design-sans-titre.png","width":1080,"height":1080},{"@type":"BreadcrumbList","@id":"https:\/\/www.carlton-international.com\/es\/collaborateur\/thomas-meunier\/#breadcrumb","itemListElement":[{"@type":"ListItem","position":1,"name":"Accueil","item":"https:\/\/www.carlton-international.com\/es\/"},{"@type":"ListItem","position":2,"name":"Thomas MEUNIER"}]},{"@type":"WebSite","@id":"https:\/\/www.carlton-international.com\/es\/#website","url":"https:\/\/www.carlton-international.com\/es\/","name":"Carlton International","description":"Luxury Real Estate in France and Internationally","publisher":{"@id":"https:\/\/www.carlton-international.com\/es\/#organization"},"alternateName":"Carlton","potentialAction":[{"@type":"SearchAction","target":{"@type":"EntryPoint","urlTemplate":"https:\/\/www.carlton-international.com\/es\/?s={search_term_string}"},"query-input":{"@type":"PropertyValueSpecification","valueRequired":true,"valueName":"search_term_string"}}],"inLanguage":"es"},{"@type":"Organization","@id":"https:\/\/www.carlton-international.com\/es\/#organization","name":"Carlton International","alternateName":"Carlton","url":"https:\/\/www.carlton-international.com\/es\/","logo":{"@type":"ImageObject","inLanguage":"es","@id":"https:\/\/www.carlton-international.com\/es\/#\/schema\/logo\/image\/","url":"https:\/\/www.carlton-international.com\/wp-content\/uploads\/2024\/10\/logo-square-1.jpg","contentUrl":"https:\/\/www.carlton-international.com\/wp-content\/uploads\/2024\/10\/logo-square-1.jpg","width":240,"height":240,"caption":"Carlton International"},"image":{"@id":"https:\/\/www.carlton-international.com\/es\/#\/schema\/logo\/image\/"},"sameAs":["https:\/\/www.facebook.com\/CarltonInternationalRealEstate\/","https:\/\/x.com\/CarltonInter","https:\/\/www.instagram.com\/carlton.international\/","https:\/\/www.linkedin.com\/company\/carlton-international\/mycompany\/","https:\/\/www.youtube.com\/channel\/UC45DFaSawRRikZFLqr2C_XQ"]}]}},"jetpack_sharing_enabled":true,"_links":{"self":[{"href":"https:\/\/www.carlton-international.com\/es\/wp-json\/wp\/v2\/collaborateur\/3493234","targetHints":{"allow":["GET"]}}],"collection":[{"href":"https:\/\/www.carlton-international.com\/es\/wp-json\/wp\/v2\/collaborateur"}],"about":[{"href":"https:\/\/www.carlton-international.com\/es\/wp-json\/wp\/v2\/types\/collaborateur"}],"wp:featuredmedia":[{"embeddable":true,"href":"https:\/\/www.carlton-international.com\/es\/wp-json\/wp\/v2\/media\/3493236"}],"wp:attachment":[{"href":"https:\/\/www.carlton-international.com\/es\/wp-json\/wp\/v2\/media?parent=3493234"}],"curies":[{"name":"wp","href":"https:\/\/api.w.org\/{rel}","templated":true}]}}