{"id":3906351,"date":"2021-12-16T11:14:08","date_gmt":"2021-12-16T10:14:08","guid":{"rendered":"https:\/\/www.carlton-international.com\/annonce\/cannes-propiedad-excepcional-en-las-alturas-de-cannes-vista-panoramica-al-mar\/"},"modified":"2026-03-20T12:32:51","modified_gmt":"2026-03-20T11:32:51","slug":"cannes-propiedad-excepcional-en-las-alturas-de-cannes-vista-panoramica-al-mar","status":"publish","type":"annonce","link":"https:\/\/www.carlton-international.com\/es\/annonce\/cannes-propiedad-excepcional-en-las-alturas-de-cannes-vista-panoramica-al-mar\/","title":{"rendered":"CANNES &#8211; Propiedad excepcional en las alturas de Cannes, vista panor\u00e1mica al mar"},"content":{"rendered":"<p>Una propiedad sublime de unos 1.100 m\u00b2 situada en un hermoso jard\u00edn de unos 4.500 m\u00b2, en las colinas de Cannes, con magn\u00edficas vistas del Mediterr\u00e1neo.<br \/>\nCon capacidad para 20 personas, esta residencia excepcional consta de una villa principal con 8 habitaciones, una casa de invitados con 2 habitaciones y 2 apartamentos independientes con 2 habitaciones adicionales para el personal, lo que da un total de 10 habitaciones para invitados y 4 habitaciones adicionales para el personal (7 personas).<br \/>\nEsta hermosa villa ultra-contempor\u00e1nea ha sido decorada con lujo y buen gusto, y ofrece instalaciones de alta calidad, incluyendo una zona de bienestar, un gimnasio y una sala de cine con un acuario.<br \/>\nLa planta baja de la casa principal consta de un hall de entrada que da a un amplio sal\u00f3n de TV con chimenea, y un hermoso comedor que da a una gran terraza con sal\u00f3n de verano. Este espacio exterior ofrece vistas panor\u00e1micas al mar y la posibilidad de relajarse y disfrutar del calor del brasero en las frescas noches de verano. Una cocina totalmente equipada completa tambi\u00e9n este nivel.  <\/p>\n<p>&#8212;<\/p>\n<p>La primera planta dispone de 3 dormitorios, un sal\u00f3n de TV con chimenea y varias terrazas con incre\u00edbles vistas a la Grande Bleue.<br \/>\nLa planta superior alberga la suite principal y ofrece acceso privado a la terraza.<br \/>\nLa tercera planta es una zona arbolada atemporal donde podr\u00e1 disfrutar de sus pasatiempos favoritos con total tranquilidad.<br \/>\nLa casa principal tambi\u00e9n cuenta con un nivel de jard\u00edn con 4 dormitorios, una sala de cine y un acuario de 40 m\u00b3, lo que la convierte en un lugar relajante y de entretenimiento. En este nivel, hay una sala de billar y un acceso independiente a la zona de bienestar que comprende un gimnasio, un hammam, un jacuzzi y una sauna.<br \/>\nEl s\u00f3tano est\u00e1 reservado principalmente al personal, con acceso a la lavander\u00eda, la cocina profesionalmente equipada y el garaje.<br \/>\nApartada de la vida nocturna de Cannes, esta propiedad es un remanso de paz para unas vacaciones en total privacidad. REF 822<\/p>\n<p>CASA PRINCIPAL :<\/p>\n<p>Planta baja:<br \/>\n&#8211; Hall de entrada<br \/>\n&#8211; Guardarropa y aseo de invitados<br \/>\n&#8211; Cocina americana totalmente equipada con acceso a la terraza<br \/>\n&#8211; Sal\u00f3n\/comedor con chimenea y acceso a la terraza con sal\u00f3n de verano y piscina<\/p>\n<p>Primera planta:<br \/>\n&#8211; Sal\u00f3n de TV con chimenea que da a la terraza.<br \/>\n&#8211; WC separado<br \/>\n&#8211; Dormitorio SUITE 2 (Tama\u00f1o de la cama 200&#215;200) con ba\u00f1o en suite<br \/>\n&#8211; Habitaci\u00f3n SUITE 3 (Tama\u00f1o de la cama 180&#215;200) &#8211; Ba\u00f1o compartido<br \/>\n&#8211; Dormitorio HABITACI\u00d3N GRIS (160&#215;200) &#8211; Ba\u00f1o compartido<\/p>\n<p>Segunda planta :<br \/>\n&#8211; Dormitorio 8\/ MASTER : Master Suite cama doble 200cm, vestidor, ba\u00f1o doble\/ducha, aseo, sal\u00f3n, TV. Acceso a terraza privada con vista panor\u00e1mica al mar.<\/p>\n<p>Tercera planta:<br \/>\n&#8211; Azotea<\/p>\n<p>Nivel jard\u00edn :<br \/>\n&#8211; Sala de billar, bar sal\u00f3n.<br \/>\n&#8211; Aut\u00e9ntica sala de cine con consola de juegos y un acuario de 40m3 con magn\u00edficos peces tropicales.<br \/>\n&#8211; SUITE 4 (Tama\u00f1o de la cama 200&#215;200) con ba\u00f1o en suite<br \/>\n&#8211; SUITE 5 (160&#215;200) con cuarto de ba\u00f1o.<br \/>\n&#8211; HABITACI\u00d3N BLANCA (Tama\u00f1o de la cama 160&#215;200) &#8211; Ba\u00f1o compartido<br \/>\n&#8211; HABITACI\u00d3N NARANJA (Tama\u00f1o de la cama 160&#215;200) &#8211; Ba\u00f1o compartido<\/p>\n<p>&#8211; Zona de bienestar: ducha\/aseo, sala de masajes, gimnasio, jacuzzi, hammam y sauna con salida a una terraza. Acceso independiente.<\/p>\n<p>S\u00f3tano :<br \/>\n&#8211; Lavander\u00eda: 3 lavadoras y 3 secadoras.<br \/>\n&#8211; Cocina profesional<br \/>\n&#8211; Garaje para 2 coches<\/p>\n<p>Todas las plantas est\u00e1n comunicadas por un ascensor acristalado.<\/p>\n<p>FLAG :<br \/>\nPlanta baja (2 dormitorios independientes &#8211; para 4 personas):<br \/>\n&#8211; Habitaci\u00f3n PAVILLON 1 (cama 180&#215;200) con cuarto de ba\u00f1o<br \/>\n&#8211; Habitaci\u00f3n PAVILLON 2 (cama 180&#215;200) con cuarto de ba\u00f1o<\/p>\n<p>Primera planta compuesta de 2 pisos; cada piso tiene dos dormitorios, acceso independiente, con cuarto de ba\u00f1o, cocina y sal\u00f3n.<br \/>\n (4 dormitorios &#8211; capacidad para 7 personas)<\/p>\n<p>Capacidad :<br \/>\n10 habitaciones de hu\u00e9spedes &#8211; 20 plazas<br \/>\n4 habitaciones para el personal &#8211; 7 personas<\/p>\n<p>Aparcamiento interior: 4 coches<br \/>\nGaraje: 2 coches<\/p>\n<p>Piscina climatizada 11x18m<\/p>\n<p>Servicios adicionales: cuna, acuario, ascensor, zona de petanca, barbacoa, aire acondicionado, chimeneas, brasero, habitaci\u00f3n segura, sistema de sonido, Internet de fibra dedicada, Apple TV, Netflix, Spotify, iPad, Playstation, alarma, vigilancia remota<\/p>\n","protected":false},"featured_media":0,"menu_order":0,"template":"","secteurs":[5867,5867,9298,1629,5960,3368,5866],"service":[90,92,102,70,103,82,71,93,83,84,94],"tags":[7905,7895,1324,99,138,4719,4084,81,141,3897,140,89,1358,2239,4545,1303,78,4546,2242,1344],"type_de_bien":[5860,5860],"type_annonce":[5878,5878],"class_list":{"0":"post-3906351","1":"annonce","2":"type-annonce","3":"status-publish","4":"hentry","5":"secteurs-alpes-maritimes-es","7":"secteurs-alpes-maritimes-en-13","8":"secteurs-cannes-en","9":"secteurs-cannes-es","10":"secteurs-france-en","11":"secteurs-france-es","12":"service-air-conditionne","13":"service-alarme","14":"service-ascenseur","15":"service-domotique","16":"service-fibre-optique","17":"service-jacuzzi","18":"service-piscine","19":"service-portail-electrique","20":"service-sauna","21":"service-spa","22":"service-video-surveillance","23":"tags-appartement-ou-maison-dinvites","24":"tags-site-carlton-international","25":"tags-ascenseur-prive","26":"tags-cadre-silencieux","27":"tags-chambre-staff","28":"tags-congres-et-festivals","29":"tags-contemporaine","30":"tags-espace-bien-etre","31":"tags-espace-fitness","32":"tags-hammam","33":"tags-home-cinema","34":"tags-mer","35":"tags-ouvert-aux-evenements","36":"tags-piscine-chauffee","37":"tags-plateformes","38":"tags-propriete-dexception","39":"tags-quartier-residentiel","40":"tags-reseaux-sociaux","41":"tags-sauna","42":"tags-service-femme-de-menage","43":"type_de_bien-hogar","45":"type_annonce-alquiler-por-temporada"},"acf":[],"yoast_head":"<!-- This site is optimized with the Yoast SEO Premium plugin v20.11 (Yoast SEO v26.5) - https:\/\/yoast.com\/wordpress\/plugins\/seo\/ -->\n<title>CANNES - Propiedad excepcional en las alturas de Cannes, vista panor\u00e1mica al mar - Carlton International<\/title>\n<meta name=\"robots\" content=\"index, follow, max-snippet:-1, max-image-preview:large, max-video-preview:-1\" \/>\n<link rel=\"canonical\" href=\"https:\/\/www.carlton-international.com\/es\/annonce\/cannes-propiedad-excepcional-en-las-alturas-de-cannes-vista-panoramica-al-mar\/\" \/>\n<meta property=\"og:locale\" content=\"es_ES\" \/>\n<meta property=\"og:type\" content=\"article\" \/>\n<meta property=\"og:title\" content=\"CANNES - Propiedad excepcional en las alturas de Cannes, vista panor\u00e1mica al mar\" \/>\n<meta property=\"og:url\" content=\"https:\/\/www.carlton-international.com\/es\/annonce\/cannes-propiedad-excepcional-en-las-alturas-de-cannes-vista-panoramica-al-mar\/\" \/>\n<meta property=\"og:site_name\" content=\"Carlton International\" \/>\n<meta property=\"article:publisher\" content=\"https:\/\/www.facebook.com\/CarltonInternationalRealEstate\/\" \/>\n<meta property=\"article:modified_time\" content=\"2026-03-20T11:32:51+00:00\" \/>\n<meta name=\"twitter:card\" content=\"summary_large_image\" \/>\n<meta name=\"twitter:site\" content=\"@CarltonInter\" \/>\n<meta name=\"twitter:label1\" content=\"Tiempo de lectura\" \/>\n\t<meta name=\"twitter:data1\" content=\"4 minutos\" \/>\n<script type=\"application\/ld+json\" class=\"yoast-schema-graph\">{\"@context\":\"https:\/\/schema.org\",\"@graph\":[{\"@type\":\"WebPage\",\"@id\":\"https:\/\/www.carlton-international.com\/es\/annonce\/cannes-propiedad-excepcional-en-las-alturas-de-cannes-vista-panoramica-al-mar\/\",\"url\":\"https:\/\/www.carlton-international.com\/es\/annonce\/cannes-propiedad-excepcional-en-las-alturas-de-cannes-vista-panoramica-al-mar\/\",\"name\":\"CANNES - Propiedad excepcional en las alturas de Cannes, vista panor\u00e1mica al mar - Carlton International\",\"isPartOf\":{\"@id\":\"https:\/\/www.carlton-international.com\/es\/#website\"},\"datePublished\":\"2021-12-16T10:14:08+00:00\",\"dateModified\":\"2026-03-20T11:32:51+00:00\",\"breadcrumb\":{\"@id\":\"https:\/\/www.carlton-international.com\/es\/annonce\/cannes-propiedad-excepcional-en-las-alturas-de-cannes-vista-panoramica-al-mar\/#breadcrumb\"},\"inLanguage\":\"es\",\"potentialAction\":[{\"@type\":\"ReadAction\",\"target\":[\"https:\/\/www.carlton-international.com\/es\/annonce\/cannes-propiedad-excepcional-en-las-alturas-de-cannes-vista-panoramica-al-mar\/\"]}]},{\"@type\":\"BreadcrumbList\",\"@id\":\"https:\/\/www.carlton-international.com\/es\/annonce\/cannes-propiedad-excepcional-en-las-alturas-de-cannes-vista-panoramica-al-mar\/#breadcrumb\",\"itemListElement\":[{\"@type\":\"ListItem\",\"position\":1,\"name\":\"Accueil\",\"item\":\"https:\/\/www.carlton-international.com\/es\/\"},{\"@type\":\"ListItem\",\"position\":2,\"name\":\"CANNES &#8211; Propiedad excepcional en las alturas de Cannes, vista panor\u00e1mica al mar\"}]},{\"@type\":\"WebSite\",\"@id\":\"https:\/\/www.carlton-international.com\/es\/#website\",\"url\":\"https:\/\/www.carlton-international.com\/es\/\",\"name\":\"Carlton International\",\"description\":\"Luxury Real Estate in France and Internationally\",\"publisher\":{\"@id\":\"https:\/\/www.carlton-international.com\/es\/#organization\"},\"alternateName\":\"Carlton\",\"potentialAction\":[{\"@type\":\"SearchAction\",\"target\":{\"@type\":\"EntryPoint\",\"urlTemplate\":\"https:\/\/www.carlton-international.com\/es\/?s={search_term_string}\"},\"query-input\":{\"@type\":\"PropertyValueSpecification\",\"valueRequired\":true,\"valueName\":\"search_term_string\"}}],\"inLanguage\":\"es\"},{\"@type\":\"Organization\",\"@id\":\"https:\/\/www.carlton-international.com\/es\/#organization\",\"name\":\"Carlton International\",\"alternateName\":\"Carlton\",\"url\":\"https:\/\/www.carlton-international.com\/es\/\",\"logo\":{\"@type\":\"ImageObject\",\"inLanguage\":\"es\",\"@id\":\"https:\/\/www.carlton-international.com\/es\/#\/schema\/logo\/image\/\",\"url\":\"https:\/\/www.carlton-international.com\/wp-content\/uploads\/2024\/10\/logo-square-1.jpg\",\"contentUrl\":\"https:\/\/www.carlton-international.com\/wp-content\/uploads\/2024\/10\/logo-square-1.jpg\",\"width\":240,\"height\":240,\"caption\":\"Carlton International\"},\"image\":{\"@id\":\"https:\/\/www.carlton-international.com\/es\/#\/schema\/logo\/image\/\"},\"sameAs\":[\"https:\/\/www.facebook.com\/CarltonInternationalRealEstate\/\",\"https:\/\/x.com\/CarltonInter\",\"https:\/\/www.instagram.com\/carlton.international\/\",\"https:\/\/www.linkedin.com\/company\/carlton-international\/mycompany\/\",\"https:\/\/www.youtube.com\/channel\/UC45DFaSawRRikZFLqr2C_XQ\"]}]}<\/script>\n<!-- \/ Yoast SEO Premium plugin. -->","yoast_head_json":{"title":"CANNES - Propiedad excepcional en las alturas de Cannes, vista panor\u00e1mica al mar - Carlton International","robots":{"index":"index","follow":"follow","max-snippet":"max-snippet:-1","max-image-preview":"max-image-preview:large","max-video-preview":"max-video-preview:-1"},"canonical":"https:\/\/www.carlton-international.com\/es\/annonce\/cannes-propiedad-excepcional-en-las-alturas-de-cannes-vista-panoramica-al-mar\/","og_locale":"es_ES","og_type":"article","og_title":"CANNES - Propiedad excepcional en las alturas de Cannes, vista panor\u00e1mica al mar","og_url":"https:\/\/www.carlton-international.com\/es\/annonce\/cannes-propiedad-excepcional-en-las-alturas-de-cannes-vista-panoramica-al-mar\/","og_site_name":"Carlton International","article_publisher":"https:\/\/www.facebook.com\/CarltonInternationalRealEstate\/","article_modified_time":"2026-03-20T11:32:51+00:00","twitter_card":"summary_large_image","twitter_site":"@CarltonInter","twitter_misc":{"Tiempo de lectura":"4 minutos"},"schema":{"@context":"https:\/\/schema.org","@graph":[{"@type":"WebPage","@id":"https:\/\/www.carlton-international.com\/es\/annonce\/cannes-propiedad-excepcional-en-las-alturas-de-cannes-vista-panoramica-al-mar\/","url":"https:\/\/www.carlton-international.com\/es\/annonce\/cannes-propiedad-excepcional-en-las-alturas-de-cannes-vista-panoramica-al-mar\/","name":"CANNES - Propiedad excepcional en las alturas de Cannes, vista panor\u00e1mica al mar - Carlton International","isPartOf":{"@id":"https:\/\/www.carlton-international.com\/es\/#website"},"datePublished":"2021-12-16T10:14:08+00:00","dateModified":"2026-03-20T11:32:51+00:00","breadcrumb":{"@id":"https:\/\/www.carlton-international.com\/es\/annonce\/cannes-propiedad-excepcional-en-las-alturas-de-cannes-vista-panoramica-al-mar\/#breadcrumb"},"inLanguage":"es","potentialAction":[{"@type":"ReadAction","target":["https:\/\/www.carlton-international.com\/es\/annonce\/cannes-propiedad-excepcional-en-las-alturas-de-cannes-vista-panoramica-al-mar\/"]}]},{"@type":"BreadcrumbList","@id":"https:\/\/www.carlton-international.com\/es\/annonce\/cannes-propiedad-excepcional-en-las-alturas-de-cannes-vista-panoramica-al-mar\/#breadcrumb","itemListElement":[{"@type":"ListItem","position":1,"name":"Accueil","item":"https:\/\/www.carlton-international.com\/es\/"},{"@type":"ListItem","position":2,"name":"CANNES &#8211; Propiedad excepcional en las alturas de Cannes, vista panor\u00e1mica al mar"}]},{"@type":"WebSite","@id":"https:\/\/www.carlton-international.com\/es\/#website","url":"https:\/\/www.carlton-international.com\/es\/","name":"Carlton International","description":"Luxury Real Estate in France and Internationally","publisher":{"@id":"https:\/\/www.carlton-international.com\/es\/#organization"},"alternateName":"Carlton","potentialAction":[{"@type":"SearchAction","target":{"@type":"EntryPoint","urlTemplate":"https:\/\/www.carlton-international.com\/es\/?s={search_term_string}"},"query-input":{"@type":"PropertyValueSpecification","valueRequired":true,"valueName":"search_term_string"}}],"inLanguage":"es"},{"@type":"Organization","@id":"https:\/\/www.carlton-international.com\/es\/#organization","name":"Carlton International","alternateName":"Carlton","url":"https:\/\/www.carlton-international.com\/es\/","logo":{"@type":"ImageObject","inLanguage":"es","@id":"https:\/\/www.carlton-international.com\/es\/#\/schema\/logo\/image\/","url":"https:\/\/www.carlton-international.com\/wp-content\/uploads\/2024\/10\/logo-square-1.jpg","contentUrl":"https:\/\/www.carlton-international.com\/wp-content\/uploads\/2024\/10\/logo-square-1.jpg","width":240,"height":240,"caption":"Carlton International"},"image":{"@id":"https:\/\/www.carlton-international.com\/es\/#\/schema\/logo\/image\/"},"sameAs":["https:\/\/www.facebook.com\/CarltonInternationalRealEstate\/","https:\/\/x.com\/CarltonInter","https:\/\/www.instagram.com\/carlton.international\/","https:\/\/www.linkedin.com\/company\/carlton-international\/mycompany\/","https:\/\/www.youtube.com\/channel\/UC45DFaSawRRikZFLqr2C_XQ"]}]}},"jetpack_sharing_enabled":true,"_links":{"self":[{"href":"https:\/\/www.carlton-international.com\/es\/wp-json\/wp\/v2\/annonce\/3906351","targetHints":{"allow":["GET"]}}],"collection":[{"href":"https:\/\/www.carlton-international.com\/es\/wp-json\/wp\/v2\/annonce"}],"about":[{"href":"https:\/\/www.carlton-international.com\/es\/wp-json\/wp\/v2\/types\/annonce"}],"wp:attachment":[{"href":"https:\/\/www.carlton-international.com\/es\/wp-json\/wp\/v2\/media?parent=3906351"}],"wp:term":[{"taxonomy":"secteurs","embeddable":true,"href":"https:\/\/www.carlton-international.com\/es\/wp-json\/wp\/v2\/secteurs?post=3906351"},{"taxonomy":"service","embeddable":true,"href":"https:\/\/www.carlton-international.com\/es\/wp-json\/wp\/v2\/service?post=3906351"},{"taxonomy":"tags","embeddable":true,"href":"https:\/\/www.carlton-international.com\/es\/wp-json\/wp\/v2\/tags?post=3906351"},{"taxonomy":"type_de_bien","embeddable":true,"href":"https:\/\/www.carlton-international.com\/es\/wp-json\/wp\/v2\/type_de_bien?post=3906351"},{"taxonomy":"type_annonce","embeddable":true,"href":"https:\/\/www.carlton-international.com\/es\/wp-json\/wp\/v2\/type_annonce?post=3906351"}],"curies":[{"name":"wp","href":"https:\/\/api.w.org\/{rel}","templated":true}]}}