{"id":3710007,"date":"2023-07-09T07:56:59","date_gmt":"2023-07-09T05:56:59","guid":{"rendered":"https:\/\/www.carlton-international.com\/annonce\/el-patrimonio-resplandece-y-el-tiempo-cristaliza-en-este-dominio-privado\/"},"modified":"2026-03-20T12:34:34","modified_gmt":"2026-03-20T11:34:34","slug":"el-patrimonio-resplandece-y-el-tiempo-cristaliza-en-este-dominio-privado","status":"publish","type":"annonce","link":"https:\/\/www.carlton-international.com\/es\/annonce\/el-patrimonio-resplandece-y-el-tiempo-cristaliza-en-este-dominio-privado\/","title":{"rendered":"El patrimonio resplandece y el tiempo cristaliza en este dominio privado"},"content":{"rendered":"<p>En el coraz\u00f3n de la Costa Azul, a s\u00f3lo 10 minutos de Cannes, se encuentra esta finca \u00fanica, donde el esplendor del pasado se mezcla armoniosamente con el presente. Ubicada en 45.000 m\u00b2 de resplandeciente terreno, la Villa se erige orgullosa y elegante, ofreciendo 565 m\u00b2 de espacio habitable y 6 refinadas habitaciones que pueden alojar c\u00f3modamente hasta 12 privilegiados hu\u00e9spedes. Cada elemento es un recuerdo de su historia \u00fanica. Construida a partir de los restos de un antiguo monasterio, emana una atm\u00f3sfera relajante y atemporal, donde el tiempo parece haberse detenido.<\/p>\n<p>El tono se establece desde el primer paso. La planta baja revela sus encantos, con un c\u00e1lido hall de entrada transformado en sal\u00f3n adornado con una chimenea ancestral. Las habitaciones est\u00e1n ba\u00f1adas por la luz natural que se filtra a trav\u00e9s de los magn\u00edficos techos acristalados adornados con hierro forjado. El estudio conduce al majestuoso dormitorio principal en suite con su impresionante chimenea.<\/p>\n<p>En el nivel del jard\u00edn, la belleza contin\u00faa despleg\u00e1ndose. El comedor se abre al magn\u00edfico sal\u00f3n, un espacio ideal para relajarse. La sala de estar, equipada con modernos electrodom\u00e9sticos, y la cocina provenzal invitan a la convivencia y a compartir.<br \/>\nEste nivel tambi\u00e9n ofrece dos hermosos dormitorios, incluyendo un mini-maestro, ambos en suite.<br \/>\nSuba por la escalera de caracol a la primera planta, donde los dormitorios destilan tranquilidad, serenidad e intimidad.<\/p>\n<p>Cada elemento de esta villa, cada rinc\u00f3n de este exuberante jard\u00edn, es un recordatorio de su historia \u00fanica. El jard\u00edn, en todo su esplendor natural, es una invitaci\u00f3n a la contemplaci\u00f3n y al descubrimiento.<br \/>\nMant\u00e9ngase en forma con las numerosas instalaciones deportivas y rel\u00e1jese en la piscina y la sauna.REF 898<\/p>\n<p>&#8212;<\/p>\n<p>Planta baja:<br \/>\n-Hall de entrada convertido en sal\u00f3n con chimenea y biblioteca.<br \/>\n-Dormitorio 1: En suite (cama 160cm) con ducha\/aseo y vestidor-vista al jard\u00edn<br \/>\n-Estudio con vistas al jard\u00edn<br \/>\nDormitorio 2: principal en suite (cama de 220cm) con magn\u00edfica chimenea, cuarto de ducha\/ba\u00f1era exenta, aseo separado y vestidor-vista al jard\u00edn<br \/>\n-Lavadero<\/p>\n<p>Nivel jard\u00edn: accesible por 2 escaleras<br \/>\n-Comedor con salida a una terraza convertida en comedor de verano -vista al jard\u00edn<br \/>\n-Sal\u00f3n con TV y sistema de sonido, zona de bar que da a una terraza convertida en sal\u00f3n de verano con vistas al jard\u00edn<br \/>\nCocina totalmente equipada con bodega que da a una terraza en el patio trasero<br \/>\n-Dormitorio 3: En suite (cama 180cm) ba\u00f1o, armario y aseo &#8211; vista al jard\u00edn<br \/>\n-Dormitorio 4: Mini master en suite (cama 180cm) con magn\u00edfica chimenea, vestidor, cuarto de ducha\/aseo y acceso a una terraza con vistas al jard\u00edn.<\/p>\n<p>1\u00aa planta: accesible por escalera de caracol<br \/>\n-Dormitorio 5: En suite (cama 180cm) con chimenea, cuarto de ba\u00f1o\/aseo, vestidor-vista al jard\u00edn<br \/>\n-Dormitorio 6: En suite (cama 180cm), ba\u00f1o\/aseo y armario &#8211; vista al mar<\/p>\n<p>Servicios adicionales: Dom\u00f3tica, alarma interior\/exterior, persianas el\u00e9ctricas, videovigilancia, chimeneas, aire acondicionado reversible, calefacci\u00f3n por suelo radiante, internet por fibra, piscina climatizada\/refrigerada, sauna, petanca.<\/p>\n","protected":false},"featured_media":0,"menu_order":0,"template":"","secteurs":[5867,3366,5866,5964],"service":[90,92,1375,1376,69,359,70,97,73,103,160,104,363,71,93,83,95,360,1378,94,88],"tags":[7906,7896,7897,7895,164,99,165,138,1709,4719,4084,4081,4087,4083,140,89,1358,2239,4545,4546,2242,1344,1332,4550],"type_de_bien":[5860,1776],"type_annonce":[5878,1347],"class_list":["post-3710007","annonce","type-annonce","status-publish","hentry","secteurs-alpes-maritimes-es","secteurs-alpes-maritimes","secteurs-france-es","secteurs-vallauris-es","service-air-conditionne","service-alarme","service-baignoire-balneo","service-borne-voiture-electrique","service-cheminee","service-coffre-fort","service-domotique","service-eclairage-exterieur","service-fenetres-coulissantes","service-fibre-optique","service-internet","service-interphone","service-jeu-de-boules","service-piscine","service-portail-electrique","service-sauna","service-stores-electriques","service-tennis","service-terrain-de-jeux","service-video-surveillance","service-videophone","tags-architecture","tags-diagnostiques-techniques","tags-passeport-id","tags-site-carlton-international","tags-aucun-vis-a-vis","tags-cadre-silencieux","tags-campagne","tags-chambre-staff","tags-chef-prive","tags-congres-et-festivals","tags-contemporaine","tags-domaine-ferme","tags-domaine-securise","tags-emplacement-exceptionnel","tags-home-cinema","tags-mer","tags-ouvert-aux-evenements","tags-piscine-chauffee","tags-plateformes","tags-reseaux-sociaux","tags-sauna","tags-service-femme-de-menage","tags-tennis-prive","tags-titre-de-propriete","type_de_bien-hogar","type_de_bien-maison","type_annonce-alquiler-por-temporada","type_annonce-location-saisonniere"],"acf":[],"yoast_head":"<!-- This site is optimized with the Yoast SEO Premium plugin v20.11 (Yoast SEO v26.5) - https:\/\/yoast.com\/wordpress\/plugins\/seo\/ -->\n<title>El patrimonio resplandece y el tiempo cristaliza en este dominio privado - Carlton International<\/title>\n<meta name=\"robots\" content=\"index, follow, max-snippet:-1, max-image-preview:large, max-video-preview:-1\" \/>\n<link rel=\"canonical\" href=\"https:\/\/www.carlton-international.com\/es\/annonce\/el-patrimonio-resplandece-y-el-tiempo-cristaliza-en-este-dominio-privado\/\" \/>\n<meta property=\"og:locale\" content=\"es_ES\" \/>\n<meta property=\"og:type\" content=\"article\" \/>\n<meta property=\"og:title\" content=\"El patrimonio resplandece y el tiempo cristaliza en este dominio privado\" \/>\n<meta property=\"og:url\" content=\"https:\/\/www.carlton-international.com\/es\/annonce\/el-patrimonio-resplandece-y-el-tiempo-cristaliza-en-este-dominio-privado\/\" \/>\n<meta property=\"og:site_name\" content=\"Carlton International\" \/>\n<meta property=\"article:publisher\" content=\"https:\/\/www.facebook.com\/CarltonInternationalRealEstate\/\" \/>\n<meta property=\"article:modified_time\" content=\"2026-03-20T11:34:34+00:00\" \/>\n<meta name=\"twitter:card\" content=\"summary_large_image\" \/>\n<meta name=\"twitter:site\" content=\"@CarltonInter\" \/>\n<meta name=\"twitter:label1\" content=\"Tiempo de lectura\" \/>\n\t<meta name=\"twitter:data1\" content=\"3 minutos\" \/>\n<script type=\"application\/ld+json\" class=\"yoast-schema-graph\">{\"@context\":\"https:\/\/schema.org\",\"@graph\":[{\"@type\":\"WebPage\",\"@id\":\"https:\/\/www.carlton-international.com\/es\/annonce\/el-patrimonio-resplandece-y-el-tiempo-cristaliza-en-este-dominio-privado\/\",\"url\":\"https:\/\/www.carlton-international.com\/es\/annonce\/el-patrimonio-resplandece-y-el-tiempo-cristaliza-en-este-dominio-privado\/\",\"name\":\"El patrimonio resplandece y el tiempo cristaliza en este dominio privado - Carlton International\",\"isPartOf\":{\"@id\":\"https:\/\/www.carlton-international.com\/es\/#website\"},\"datePublished\":\"2023-07-09T05:56:59+00:00\",\"dateModified\":\"2026-03-20T11:34:34+00:00\",\"breadcrumb\":{\"@id\":\"https:\/\/www.carlton-international.com\/es\/annonce\/el-patrimonio-resplandece-y-el-tiempo-cristaliza-en-este-dominio-privado\/#breadcrumb\"},\"inLanguage\":\"es\",\"potentialAction\":[{\"@type\":\"ReadAction\",\"target\":[\"https:\/\/www.carlton-international.com\/es\/annonce\/el-patrimonio-resplandece-y-el-tiempo-cristaliza-en-este-dominio-privado\/\"]}]},{\"@type\":\"BreadcrumbList\",\"@id\":\"https:\/\/www.carlton-international.com\/es\/annonce\/el-patrimonio-resplandece-y-el-tiempo-cristaliza-en-este-dominio-privado\/#breadcrumb\",\"itemListElement\":[{\"@type\":\"ListItem\",\"position\":1,\"name\":\"Accueil\",\"item\":\"https:\/\/www.carlton-international.com\/es\/\"},{\"@type\":\"ListItem\",\"position\":2,\"name\":\"El patrimonio resplandece y el tiempo cristaliza en este dominio privado\"}]},{\"@type\":\"WebSite\",\"@id\":\"https:\/\/www.carlton-international.com\/es\/#website\",\"url\":\"https:\/\/www.carlton-international.com\/es\/\",\"name\":\"Carlton International\",\"description\":\"Luxury Real Estate in France and Internationally\",\"publisher\":{\"@id\":\"https:\/\/www.carlton-international.com\/es\/#organization\"},\"alternateName\":\"Carlton\",\"potentialAction\":[{\"@type\":\"SearchAction\",\"target\":{\"@type\":\"EntryPoint\",\"urlTemplate\":\"https:\/\/www.carlton-international.com\/es\/?s={search_term_string}\"},\"query-input\":{\"@type\":\"PropertyValueSpecification\",\"valueRequired\":true,\"valueName\":\"search_term_string\"}}],\"inLanguage\":\"es\"},{\"@type\":\"Organization\",\"@id\":\"https:\/\/www.carlton-international.com\/es\/#organization\",\"name\":\"Carlton International\",\"alternateName\":\"Carlton\",\"url\":\"https:\/\/www.carlton-international.com\/es\/\",\"logo\":{\"@type\":\"ImageObject\",\"inLanguage\":\"es\",\"@id\":\"https:\/\/www.carlton-international.com\/es\/#\/schema\/logo\/image\/\",\"url\":\"https:\/\/www.carlton-international.com\/wp-content\/uploads\/2024\/10\/logo-square-1.jpg\",\"contentUrl\":\"https:\/\/www.carlton-international.com\/wp-content\/uploads\/2024\/10\/logo-square-1.jpg\",\"width\":240,\"height\":240,\"caption\":\"Carlton International\"},\"image\":{\"@id\":\"https:\/\/www.carlton-international.com\/es\/#\/schema\/logo\/image\/\"},\"sameAs\":[\"https:\/\/www.facebook.com\/CarltonInternationalRealEstate\/\",\"https:\/\/x.com\/CarltonInter\",\"https:\/\/www.instagram.com\/carlton.international\/\",\"https:\/\/www.linkedin.com\/company\/carlton-international\/mycompany\/\",\"https:\/\/www.youtube.com\/channel\/UC45DFaSawRRikZFLqr2C_XQ\"]}]}<\/script>\n<!-- \/ Yoast SEO Premium plugin. -->","yoast_head_json":{"title":"El patrimonio resplandece y el tiempo cristaliza en este dominio privado - Carlton International","robots":{"index":"index","follow":"follow","max-snippet":"max-snippet:-1","max-image-preview":"max-image-preview:large","max-video-preview":"max-video-preview:-1"},"canonical":"https:\/\/www.carlton-international.com\/es\/annonce\/el-patrimonio-resplandece-y-el-tiempo-cristaliza-en-este-dominio-privado\/","og_locale":"es_ES","og_type":"article","og_title":"El patrimonio resplandece y el tiempo cristaliza en este dominio privado","og_url":"https:\/\/www.carlton-international.com\/es\/annonce\/el-patrimonio-resplandece-y-el-tiempo-cristaliza-en-este-dominio-privado\/","og_site_name":"Carlton International","article_publisher":"https:\/\/www.facebook.com\/CarltonInternationalRealEstate\/","article_modified_time":"2026-03-20T11:34:34+00:00","twitter_card":"summary_large_image","twitter_site":"@CarltonInter","twitter_misc":{"Tiempo de lectura":"3 minutos"},"schema":{"@context":"https:\/\/schema.org","@graph":[{"@type":"WebPage","@id":"https:\/\/www.carlton-international.com\/es\/annonce\/el-patrimonio-resplandece-y-el-tiempo-cristaliza-en-este-dominio-privado\/","url":"https:\/\/www.carlton-international.com\/es\/annonce\/el-patrimonio-resplandece-y-el-tiempo-cristaliza-en-este-dominio-privado\/","name":"El patrimonio resplandece y el tiempo cristaliza en este dominio privado - Carlton International","isPartOf":{"@id":"https:\/\/www.carlton-international.com\/es\/#website"},"datePublished":"2023-07-09T05:56:59+00:00","dateModified":"2026-03-20T11:34:34+00:00","breadcrumb":{"@id":"https:\/\/www.carlton-international.com\/es\/annonce\/el-patrimonio-resplandece-y-el-tiempo-cristaliza-en-este-dominio-privado\/#breadcrumb"},"inLanguage":"es","potentialAction":[{"@type":"ReadAction","target":["https:\/\/www.carlton-international.com\/es\/annonce\/el-patrimonio-resplandece-y-el-tiempo-cristaliza-en-este-dominio-privado\/"]}]},{"@type":"BreadcrumbList","@id":"https:\/\/www.carlton-international.com\/es\/annonce\/el-patrimonio-resplandece-y-el-tiempo-cristaliza-en-este-dominio-privado\/#breadcrumb","itemListElement":[{"@type":"ListItem","position":1,"name":"Accueil","item":"https:\/\/www.carlton-international.com\/es\/"},{"@type":"ListItem","position":2,"name":"El patrimonio resplandece y el tiempo cristaliza en este dominio privado"}]},{"@type":"WebSite","@id":"https:\/\/www.carlton-international.com\/es\/#website","url":"https:\/\/www.carlton-international.com\/es\/","name":"Carlton International","description":"Luxury Real Estate in France and Internationally","publisher":{"@id":"https:\/\/www.carlton-international.com\/es\/#organization"},"alternateName":"Carlton","potentialAction":[{"@type":"SearchAction","target":{"@type":"EntryPoint","urlTemplate":"https:\/\/www.carlton-international.com\/es\/?s={search_term_string}"},"query-input":{"@type":"PropertyValueSpecification","valueRequired":true,"valueName":"search_term_string"}}],"inLanguage":"es"},{"@type":"Organization","@id":"https:\/\/www.carlton-international.com\/es\/#organization","name":"Carlton International","alternateName":"Carlton","url":"https:\/\/www.carlton-international.com\/es\/","logo":{"@type":"ImageObject","inLanguage":"es","@id":"https:\/\/www.carlton-international.com\/es\/#\/schema\/logo\/image\/","url":"https:\/\/www.carlton-international.com\/wp-content\/uploads\/2024\/10\/logo-square-1.jpg","contentUrl":"https:\/\/www.carlton-international.com\/wp-content\/uploads\/2024\/10\/logo-square-1.jpg","width":240,"height":240,"caption":"Carlton International"},"image":{"@id":"https:\/\/www.carlton-international.com\/es\/#\/schema\/logo\/image\/"},"sameAs":["https:\/\/www.facebook.com\/CarltonInternationalRealEstate\/","https:\/\/x.com\/CarltonInter","https:\/\/www.instagram.com\/carlton.international\/","https:\/\/www.linkedin.com\/company\/carlton-international\/mycompany\/","https:\/\/www.youtube.com\/channel\/UC45DFaSawRRikZFLqr2C_XQ"]}]}},"jetpack_sharing_enabled":true,"_links":{"self":[{"href":"https:\/\/www.carlton-international.com\/es\/wp-json\/wp\/v2\/annonce\/3710007","targetHints":{"allow":["GET"]}}],"collection":[{"href":"https:\/\/www.carlton-international.com\/es\/wp-json\/wp\/v2\/annonce"}],"about":[{"href":"https:\/\/www.carlton-international.com\/es\/wp-json\/wp\/v2\/types\/annonce"}],"wp:attachment":[{"href":"https:\/\/www.carlton-international.com\/es\/wp-json\/wp\/v2\/media?parent=3710007"}],"wp:term":[{"taxonomy":"secteurs","embeddable":true,"href":"https:\/\/www.carlton-international.com\/es\/wp-json\/wp\/v2\/secteurs?post=3710007"},{"taxonomy":"service","embeddable":true,"href":"https:\/\/www.carlton-international.com\/es\/wp-json\/wp\/v2\/service?post=3710007"},{"taxonomy":"tags","embeddable":true,"href":"https:\/\/www.carlton-international.com\/es\/wp-json\/wp\/v2\/tags?post=3710007"},{"taxonomy":"type_de_bien","embeddable":true,"href":"https:\/\/www.carlton-international.com\/es\/wp-json\/wp\/v2\/type_de_bien?post=3710007"},{"taxonomy":"type_annonce","embeddable":true,"href":"https:\/\/www.carlton-international.com\/es\/wp-json\/wp\/v2\/type_annonce?post=3710007"}],"curies":[{"name":"wp","href":"https:\/\/api.w.org\/{rel}","templated":true}]}}