{"id":3407103,"date":"2025-05-07T08:46:45","date_gmt":"2025-05-07T06:46:45","guid":{"rendered":"https:\/\/www.carlton-international.com\/?page_id=3407103"},"modified":"2025-06-05T08:56:42","modified_gmt":"2025-06-05T06:56:42","slug":"autres-regions","status":"publish","type":"page","link":"https:\/\/www.carlton-international.com\/de\/vermietung\/ferienvermietung-an-der-cote-dazur\/saison-vermietung\/autres-regions\/","title":{"rendered":"Andere Regionen"},"content":{"rendered":"\t\t<div data-elementor-type=\"wp-page\" data-elementor-id=\"3407103\" class=\"elementor elementor-3407103 elementor-3281065\" data-elementor-post-type=\"page\">\n\t\t\t\t<div class=\"elementor-element elementor-element-7a9634d contentpd30 e-flex e-con-boxed e-con e-parent\" data-id=\"7a9634d\" data-element_type=\"container\" data-settings=\"{&quot;background_background&quot;:&quot;classic&quot;,&quot;jet_parallax_layout_list&quot;:[]}\">\n\t\t\t\t\t<div class=\"e-con-inner\">\n\t\t\t\t<div data-dce-title-color=\"#BCA579\" class=\"elementor-element elementor-element-eb0326c elementor-widget elementor-widget-heading\" data-id=\"eb0326c\" data-element_type=\"widget\" data-widget_type=\"heading.default\">\n\t\t\t\t\t<h1 class=\"elementor-heading-title elementor-size-default\">Andere Regionen<\/h1>\t\t\t\t<\/div>\n\t\t\t\t\t<\/div>\n\t\t\t\t<\/div>\n\t\t<div class=\"elementor-element elementor-element-6a4808f contentpd30 hidden_live e-flex e-con-boxed e-con e-parent\" data-id=\"6a4808f\" data-element_type=\"container\" data-settings=\"{&quot;jet_parallax_layout_list&quot;:[]}\">\n\t\t\t\t\t<div class=\"e-con-inner\">\n\t\t\t\t<div class=\"elementor-element elementor-element-6174ea5 elementor-widget elementor-widget-text-editor\" data-id=\"6174ea5\" data-element_type=\"widget\" data-widget_type=\"text-editor.default\">\n\t\t\t\t\t\t\t\t\t<ul><li><a href=\"\/de\/saison-vermietung\/autres-regions\/grez-neuville\/\">Grez-Neuville<\/a><\/li><li><a href=\"\/de\/saison-vermietung\/autres-regions\/montagnac\/\">Montagnac<\/a><\/li><li><a href=\"\/de\/saison-vermietung\/autres-regions\/paris\/\">Paris<\/a><\/li><li><a href=\"\/de\/saison-vermietung\/autres-regions\/pezenas\/\">P\u00e9zenas<\/a><\/li><\/ul>\t\t\t\t\t\t\t\t<\/div>\n\t\t\t\t\t<\/div>\n\t\t\t\t<\/div>\n\t\t\t\t<section class=\"elementor-section elementor-top-section elementor-element elementor-element-792e6aa7 contentpd20 elementor-section-boxed elementor-section-height-default elementor-section-height-default\" data-id=\"792e6aa7\" data-element_type=\"section\" data-settings=\"{&quot;jet_parallax_layout_list&quot;:[]}\">\n\t\t\t\t\t\t<div class=\"elementor-container elementor-column-gap-default\">\n\t\t\t\t\t<div class=\"elementor-column elementor-col-100 elementor-top-column elementor-element elementor-element-4ab2cffd\" data-id=\"4ab2cffd\" data-element_type=\"column\">\n\t\t\t<div class=\"elementor-widget-wrap elementor-element-populated\">\n\t\t\t\t\t\t<div class=\"elementor-element elementor-element-3f80d67 elementor-widget elementor-widget-shortcode\" data-id=\"3f80d67\" data-element_type=\"widget\" data-widget_type=\"shortcode.default\">\n\t\t\t\t\t\t\t<div class=\"elementor-shortcode\">    <div class=\"ci-dis-ads_wrapper\" data-id-page=\"3407103\" id=\"ci-ads-results\">\n                <!-- TOTAL RESULTS -->\n        <div class=\"ci-dis-ads_total_results aa\">\n            <div class=\"ci-dis-description_contact_results a2345 3407103\">\n            \n                <p>\n                <a href=\"https:\/\/www.carlton-international.com\/de\/vermietung\/\">vermietung<\/a> &gt; <a href=\"https:\/\/www.carlton-international.com\/de\/vermietung\/ferienvermietung-an-der-cote-dazur\/\">ferienvermietung an der c\u00f4te d\u2019azur<\/a> &gt; <a href=\"https:\/\/www.carlton-international.com\/de\/vermietung\/ferienvermietung-an-der-cote-dazur\/saison-vermietung\/\">saison vermietung<\/a> &gt; <a href=\"https:\/\/www.carlton-international.com\/de\/vermietung\/ferienvermietung-an-der-cote-dazur\/saison-vermietung\/autres-regions\/\">andere regionen<\/a> &gt; <span data-id=\"3407103\">0 r\u00e9sultat<\/span>                <\/p>\n                            <\/div>\n        <\/div>\n                    <!-- HEADER -->\n            <div class=\"ci-dis-ads_header\">\n                <!-- PAGINATION -->\n                <div class=\"ci-dis-ads_pagination\">\n                                    <\/div>\n                <!-- SORT -->\n\n                                    <div class=\"ci-dis-ads_sort\">\n                                            <\/div>\n                    <!-- DISPLAY -->\n                    <div class=\"ci-dis-ads_disp\">\n                                            <\/div>\n                            <\/div>\n                <!-- CONTENT -->\n        <div class=\"ci-dis-ads_content ci-disp-grid\">\n                                                                    <div class=\"ci-dis-ads_content-empty s1\" style=\"display: flex;\">\n                                        <p class=\"ci-dis-ads_content-empty_text\"><\/p>\n                                        <div><div>\n<div>Viele Immobilien, die Ihrer Suche entsprechen, werden <strong>streng vertraulich im Off-Market-Bereich direkt durch unsere Teams vermarktet.<\/strong><\/div>\n<div>Wir laden Sie ein, <strong>die Carlton International Agentur zu kontaktieren, die der gesuchten Adresse entsprich<\/strong>t, um Zugang zu diesen exklusiven M\u00f6glichkeiten zu erhalten : <a href=\"https:\/\/www.carlton-international.com\/de\/kontaktieren-sie-uns\/\">https:\/\/www.carlton-international.com\/de\/kontaktieren-sie-uns\/<\/a><\/div>\n<\/div>\n<\/div>\n                                    <\/div>\n                                                            \n                                                <\/div>\n        <!-- FOOTER -->\n        <div class=\"ci-dis-ads_footer\">\n            <!-- PAGINATION -->\n            <div class=\"ci-dis-ads_pagination\">\n                            <\/div>\n        <\/div>\n                 <\/div>\n<\/div>\n\t\t\t\t\t\t<\/div>\n\t\t\t\t\t<\/div>\n\t\t<\/div>\n\t\t\t\t\t<\/div>\n\t\t<\/section>\n\t\t<div class=\"elementor-element elementor-element-61d0c5f contentpd30 e-flex e-con-boxed e-con e-parent\" data-id=\"61d0c5f\" data-element_type=\"container\" data-settings=\"{&quot;jet_parallax_layout_list&quot;:[]}\">\n\t\t\t\t\t<div class=\"e-con-inner\">\n\t\t\t\t<div class=\"elementor-element elementor-element-be58e31 elementor-widget elementor-widget-text-editor\" data-id=\"be58e31\" data-element_type=\"widget\" data-widget_type=\"text-editor.default\">\n\t\t\t\t\t\t\t\t\t<p><strong>Immobilienjuwelen an den exklusivsten Orten der Welt<\/strong><\/p><p>Stellen Sie sich vor, Sie wohnen in einer Traumvilla, eingebettet in ikonische Orte rund um den Globus. Von der C\u00f4te d\u2019Azur bis in die Karibik, von den pr\u00e4chtigen griechischen Inseln bis hin zu exotischen Reisezielen \u2013 unsere Villen verk\u00f6rpern den Inbegriff von Raffinesse. Mit atemberaubenden Ausblicken, eleganten Wohnr\u00e4umen und erstklassigem Service sind sie daf\u00fcr geschaffen, Ihnen ein unvergessliches Aufenthaltserlebnis zu bieten.<\/p><p><strong>W\u00e4hlen Sie die Dauer, die zu Ihrem Traumurlaub passt<\/strong><\/p><p>Ob Sie Ihren Urlaub planen oder sich f\u00fcr einen l\u00e4ngeren Zeitraum niederlassen m\u00f6chten \u2013 unsere Villen sind sowohl f\u00fcr <strong>kurzfristige<\/strong> als auch <strong>langfristige Vermietung<\/strong> verf\u00fcgbar, um all Ihren W\u00fcnschen gerecht zu werden. Kurzzeitmieten erm\u00f6glichen unvergessliche Auszeiten, w\u00e4hrend Langzeitaufenthalte Ihnen ein beispielloses Luxusleben an den <strong>renommiertesten Reisezielen<\/strong> der Welt er\u00f6ffnen.<\/p><p><strong>Ihr Tor zur Freiheit und luxuri\u00f6sen Auszeit<\/strong><\/p><p>Unsere internationalen Mietvillen sind Ihr Tor zu einer <strong>Luxusauszeit<\/strong>. Ob Sie Ruhe inmitten der Natur suchen oder in das pulsierende Stadtleben eintauchen m\u00f6chten \u2013 unsere exklusive Villa-Kollektion ist auf die W\u00fcnsche anspruchsvollster Reisender zugeschnitten.<\/p><p><strong>Kontaktieren Sie uns noch heute<\/strong><\/p><p>Verpassen Sie nicht die Gelegenheit, eine <strong>internationale Luxusvilla-Mieterfahrung<\/strong> zu erleben. Kontaktieren Sie uns noch heute, um unsere prestigetr\u00e4chtigen Reiseziele und au\u00dfergew\u00f6hnlichen Immobilien zu entdecken \u2013 und beginnen Sie Ihre Reise in eine unvergessliche Auszeit.<\/p>\t\t\t\t\t\t\t\t<\/div>\n\t\t\t\t\t<\/div>\n\t\t\t\t<\/div>\n\t\t\t\t<\/div>\n\t\t","protected":false},"excerpt":{"rendered":"<p>Grez-Neuville Montagnac Paris P\u00e9zenas Immobilienjuwelen an den exklusivsten Orten der Welt Stellen Sie sich vor, Sie wohnen in einer Traumvilla, eingebettet in ikonische Orte rund um den Globus. Von der C\u00f4te d\u2019Azur bis in die Karibik, von den pr\u00e4chtigen griechischen Inseln bis hin zu exotischen Reisezielen \u2013 unsere Villen verk\u00f6rpern den Inbegriff von Raffinesse. Mit [&hellip;]<\/p>\n","protected":false},"author":9,"featured_media":0,"parent":2457482,"menu_order":0,"comment_status":"closed","ping_status":"closed","template":"","meta":{"_acf_changed":false,"footnotes":"","_wp_rev_ctl_limit":""},"class_list":["post-3407103","page","type-page","status-publish","hentry"],"acf":[],"yoast_head":"<!-- This site is optimized with the Yoast SEO Premium plugin v20.11 (Yoast SEO v26.5) - https:\/\/yoast.com\/wordpress\/plugins\/seo\/ -->\n<title>Andere Regionen - Carlton International<\/title>\n<meta name=\"robots\" content=\"index, follow, max-snippet:-1, max-image-preview:large, max-video-preview:-1\" \/>\n<link rel=\"canonical\" href=\"https:\/\/www.carlton-international.com\/de\/vermietung\/ferienvermietung-an-der-cote-dazur\/saison-vermietung\/autres-regions\/\" \/>\n<meta property=\"og:locale\" content=\"de_DE\" \/>\n<meta property=\"og:type\" content=\"article\" \/>\n<meta property=\"og:title\" content=\"Andere Regionen\" \/>\n<meta property=\"og:url\" content=\"https:\/\/www.carlton-international.com\/de\/vermietung\/ferienvermietung-an-der-cote-dazur\/saison-vermietung\/autres-regions\/\" \/>\n<meta property=\"og:site_name\" content=\"Carlton International\" \/>\n<meta property=\"article:publisher\" content=\"https:\/\/www.facebook.com\/CarltonInternationalRealEstate\/\" \/>\n<meta property=\"article:modified_time\" content=\"2025-06-05T06:56:42+00:00\" \/>\n<meta name=\"twitter:card\" content=\"summary_large_image\" \/>\n<meta name=\"twitter:site\" content=\"@CarltonInter\" \/>\n<meta name=\"twitter:label1\" content=\"Gesch\u00e4tzte Lesezeit\" \/>\n\t<meta name=\"twitter:data1\" content=\"4\u00a0Minuten\" \/>\n<script type=\"application\/ld+json\" class=\"yoast-schema-graph\">{\"@context\":\"https:\/\/schema.org\",\"@graph\":[{\"@type\":\"WebPage\",\"@id\":\"https:\/\/www.carlton-international.com\/de\/vermietung\/ferienvermietung-an-der-cote-dazur\/saison-vermietung\/autres-regions\/\",\"url\":\"https:\/\/www.carlton-international.com\/de\/vermietung\/ferienvermietung-an-der-cote-dazur\/saison-vermietung\/autres-regions\/\",\"name\":\"Andere Regionen - Carlton International\",\"isPartOf\":{\"@id\":\"https:\/\/www.carlton-international.com\/de\/#website\"},\"datePublished\":\"2025-05-07T06:46:45+00:00\",\"dateModified\":\"2025-06-05T06:56:42+00:00\",\"breadcrumb\":{\"@id\":\"https:\/\/www.carlton-international.com\/de\/vermietung\/ferienvermietung-an-der-cote-dazur\/saison-vermietung\/autres-regions\/#breadcrumb\"},\"inLanguage\":\"de\",\"potentialAction\":[{\"@type\":\"ReadAction\",\"target\":[\"https:\/\/www.carlton-international.com\/de\/vermietung\/ferienvermietung-an-der-cote-dazur\/saison-vermietung\/autres-regions\/\"]}]},{\"@type\":\"BreadcrumbList\",\"@id\":\"https:\/\/www.carlton-international.com\/de\/vermietung\/ferienvermietung-an-der-cote-dazur\/saison-vermietung\/autres-regions\/#breadcrumb\",\"itemListElement\":[{\"@type\":\"ListItem\",\"position\":1,\"name\":\"Accueil\",\"item\":\"https:\/\/www.carlton-international.com\/de\/\"},{\"@type\":\"ListItem\",\"position\":2,\"name\":\"Vermietung\",\"item\":\"https:\/\/www.carlton-international.com\/de\/vermietung\/\"},{\"@type\":\"ListItem\",\"position\":3,\"name\":\"Ferienvermietung an der C\u00f4te d\u2019Azur\",\"item\":\"https:\/\/www.carlton-international.com\/de\/vermietung\/ferienvermietung-an-der-cote-dazur\/\"},{\"@type\":\"ListItem\",\"position\":4,\"name\":\"Saison vermietung\",\"item\":\"https:\/\/www.carlton-international.com\/de\/vermietung\/ferienvermietung-an-der-cote-dazur\/saison-vermietung\/\"},{\"@type\":\"ListItem\",\"position\":5,\"name\":\"Andere Regionen\"}]},{\"@type\":\"WebSite\",\"@id\":\"https:\/\/www.carlton-international.com\/de\/#website\",\"url\":\"https:\/\/www.carlton-international.com\/de\/\",\"name\":\"Carlton International\",\"description\":\"Luxury Real Estate in France and Internationally\",\"publisher\":{\"@id\":\"https:\/\/www.carlton-international.com\/de\/#organization\"},\"alternateName\":\"Carlton\",\"potentialAction\":[{\"@type\":\"SearchAction\",\"target\":{\"@type\":\"EntryPoint\",\"urlTemplate\":\"https:\/\/www.carlton-international.com\/de\/?s={search_term_string}\"},\"query-input\":{\"@type\":\"PropertyValueSpecification\",\"valueRequired\":true,\"valueName\":\"search_term_string\"}}],\"inLanguage\":\"de\"},{\"@type\":\"Organization\",\"@id\":\"https:\/\/www.carlton-international.com\/de\/#organization\",\"name\":\"Carlton International\",\"alternateName\":\"Carlton\",\"url\":\"https:\/\/www.carlton-international.com\/de\/\",\"logo\":{\"@type\":\"ImageObject\",\"inLanguage\":\"de\",\"@id\":\"https:\/\/www.carlton-international.com\/de\/#\/schema\/logo\/image\/\",\"url\":\"https:\/\/www.carlton-international.com\/wp-content\/uploads\/2024\/10\/logo-square-1.jpg\",\"contentUrl\":\"https:\/\/www.carlton-international.com\/wp-content\/uploads\/2024\/10\/logo-square-1.jpg\",\"width\":240,\"height\":240,\"caption\":\"Carlton International\"},\"image\":{\"@id\":\"https:\/\/www.carlton-international.com\/de\/#\/schema\/logo\/image\/\"},\"sameAs\":[\"https:\/\/www.facebook.com\/CarltonInternationalRealEstate\/\",\"https:\/\/x.com\/CarltonInter\",\"https:\/\/www.instagram.com\/carlton.international\/\",\"https:\/\/www.linkedin.com\/company\/carlton-international\/mycompany\/\",\"https:\/\/www.youtube.com\/channel\/UC45DFaSawRRikZFLqr2C_XQ\"]}]}<\/script>\n<!-- \/ Yoast SEO Premium plugin. -->","yoast_head_json":{"title":"Andere Regionen - Carlton International","robots":{"index":"index","follow":"follow","max-snippet":"max-snippet:-1","max-image-preview":"max-image-preview:large","max-video-preview":"max-video-preview:-1"},"canonical":"https:\/\/www.carlton-international.com\/de\/vermietung\/ferienvermietung-an-der-cote-dazur\/saison-vermietung\/autres-regions\/","og_locale":"de_DE","og_type":"article","og_title":"Andere Regionen","og_url":"https:\/\/www.carlton-international.com\/de\/vermietung\/ferienvermietung-an-der-cote-dazur\/saison-vermietung\/autres-regions\/","og_site_name":"Carlton International","article_publisher":"https:\/\/www.facebook.com\/CarltonInternationalRealEstate\/","article_modified_time":"2025-06-05T06:56:42+00:00","twitter_card":"summary_large_image","twitter_site":"@CarltonInter","twitter_misc":{"Gesch\u00e4tzte Lesezeit":"4\u00a0Minuten"},"schema":{"@context":"https:\/\/schema.org","@graph":[{"@type":"WebPage","@id":"https:\/\/www.carlton-international.com\/de\/vermietung\/ferienvermietung-an-der-cote-dazur\/saison-vermietung\/autres-regions\/","url":"https:\/\/www.carlton-international.com\/de\/vermietung\/ferienvermietung-an-der-cote-dazur\/saison-vermietung\/autres-regions\/","name":"Andere Regionen - Carlton International","isPartOf":{"@id":"https:\/\/www.carlton-international.com\/de\/#website"},"datePublished":"2025-05-07T06:46:45+00:00","dateModified":"2025-06-05T06:56:42+00:00","breadcrumb":{"@id":"https:\/\/www.carlton-international.com\/de\/vermietung\/ferienvermietung-an-der-cote-dazur\/saison-vermietung\/autres-regions\/#breadcrumb"},"inLanguage":"de","potentialAction":[{"@type":"ReadAction","target":["https:\/\/www.carlton-international.com\/de\/vermietung\/ferienvermietung-an-der-cote-dazur\/saison-vermietung\/autres-regions\/"]}]},{"@type":"BreadcrumbList","@id":"https:\/\/www.carlton-international.com\/de\/vermietung\/ferienvermietung-an-der-cote-dazur\/saison-vermietung\/autres-regions\/#breadcrumb","itemListElement":[{"@type":"ListItem","position":1,"name":"Accueil","item":"https:\/\/www.carlton-international.com\/de\/"},{"@type":"ListItem","position":2,"name":"Vermietung","item":"https:\/\/www.carlton-international.com\/de\/vermietung\/"},{"@type":"ListItem","position":3,"name":"Ferienvermietung an der C\u00f4te d\u2019Azur","item":"https:\/\/www.carlton-international.com\/de\/vermietung\/ferienvermietung-an-der-cote-dazur\/"},{"@type":"ListItem","position":4,"name":"Saison vermietung","item":"https:\/\/www.carlton-international.com\/de\/vermietung\/ferienvermietung-an-der-cote-dazur\/saison-vermietung\/"},{"@type":"ListItem","position":5,"name":"Andere Regionen"}]},{"@type":"WebSite","@id":"https:\/\/www.carlton-international.com\/de\/#website","url":"https:\/\/www.carlton-international.com\/de\/","name":"Carlton International","description":"Luxury Real Estate in France and Internationally","publisher":{"@id":"https:\/\/www.carlton-international.com\/de\/#organization"},"alternateName":"Carlton","potentialAction":[{"@type":"SearchAction","target":{"@type":"EntryPoint","urlTemplate":"https:\/\/www.carlton-international.com\/de\/?s={search_term_string}"},"query-input":{"@type":"PropertyValueSpecification","valueRequired":true,"valueName":"search_term_string"}}],"inLanguage":"de"},{"@type":"Organization","@id":"https:\/\/www.carlton-international.com\/de\/#organization","name":"Carlton International","alternateName":"Carlton","url":"https:\/\/www.carlton-international.com\/de\/","logo":{"@type":"ImageObject","inLanguage":"de","@id":"https:\/\/www.carlton-international.com\/de\/#\/schema\/logo\/image\/","url":"https:\/\/www.carlton-international.com\/wp-content\/uploads\/2024\/10\/logo-square-1.jpg","contentUrl":"https:\/\/www.carlton-international.com\/wp-content\/uploads\/2024\/10\/logo-square-1.jpg","width":240,"height":240,"caption":"Carlton International"},"image":{"@id":"https:\/\/www.carlton-international.com\/de\/#\/schema\/logo\/image\/"},"sameAs":["https:\/\/www.facebook.com\/CarltonInternationalRealEstate\/","https:\/\/x.com\/CarltonInter","https:\/\/www.instagram.com\/carlton.international\/","https:\/\/www.linkedin.com\/company\/carlton-international\/mycompany\/","https:\/\/www.youtube.com\/channel\/UC45DFaSawRRikZFLqr2C_XQ"]}]}},"jetpack_sharing_enabled":true,"_links":{"self":[{"href":"https:\/\/www.carlton-international.com\/de\/wp-json\/wp\/v2\/pages\/3407103","targetHints":{"allow":["GET"]}}],"collection":[{"href":"https:\/\/www.carlton-international.com\/de\/wp-json\/wp\/v2\/pages"}],"about":[{"href":"https:\/\/www.carlton-international.com\/de\/wp-json\/wp\/v2\/types\/page"}],"author":[{"embeddable":true,"href":"https:\/\/www.carlton-international.com\/de\/wp-json\/wp\/v2\/users\/9"}],"replies":[{"embeddable":true,"href":"https:\/\/www.carlton-international.com\/de\/wp-json\/wp\/v2\/comments?post=3407103"}],"version-history":[{"count":0,"href":"https:\/\/www.carlton-international.com\/de\/wp-json\/wp\/v2\/pages\/3407103\/revisions"}],"up":[{"embeddable":true,"href":"https:\/\/www.carlton-international.com\/de\/wp-json\/wp\/v2\/pages\/2457482"}],"wp:attachment":[{"href":"https:\/\/www.carlton-international.com\/de\/wp-json\/wp\/v2\/media?parent=3407103"}],"curies":[{"name":"wp","href":"https:\/\/api.w.org\/{rel}","templated":true}]}}